{"id":1343,"date":"2013-12-15T22:30:18","date_gmt":"2013-12-15T22:30:18","guid":{"rendered":"https:\/\/asfema.org\/blog\/?page_id=1343"},"modified":"2020-01-15T09:48:13","modified_gmt":"2020-01-15T09:48:13","slug":"estatutos-de-asfema-asociacion-de-fenilcetonuricos-y-otm-de-madrid","status":"publish","type":"page","link":"https:\/\/asfema.org\/blog\/index.php\/estatutos-de-asfema-asociacion-de-fenilcetonuricos-y-otm-de-madrid\/","title":{"rendered":"Estatutos de ASFEMA &#8211; Asociaci\u00f3n de Familias con Enfermedades Metab\u00f3licas de Madrid"},"content":{"rendered":"<h2 style=\"text-align: center;\">ASFEMA &#8211; Asociaci\u00f3n de Familias con Enfermedades Metab\u00f3licas de Madrid<\/h2>\n<hr \/>\n<p>La <a title=\"Estatutos de ASFEMA en PDF\" href=\"https:\/\/asfema.org\/blog\/wp-content\/uploads\/2013\/12\/ESTATUTOS-ASFEMA-DICIEMBRE-2013.pdf\" target=\"_blank\" rel=\"noopener noreferrer\">versi\u00f3n en PDF de los Estatutos de ASFEMA est\u00e1 accesible aqu\u00ed<\/a>.<\/p>\n<p><strong style=\"font-size: 20pt;\">Contenido<\/strong><\/p>\n<p><a href=\"#_Toc383251328\"><span style=\"background-color: lightgrey;\">CAPITULO I. DENOMINACI\u00d3N, FINES, DOMICILIO Y \u00c1MBITO TERRITORIAL DE ACCI\u00d3N.<\/span>\u00a0\u00a0\u00a0\u00a03<br \/>\n<\/a><\/p>\n<p style=\"margin-left: 11pt;\"><a href=\"#_Toc383251329\">ARTICULO 1. Denominaci\u00f3n.\u00a0\u00a0\u00a0\u00a03<\/a><\/p>\n<p style=\"margin-left: 11pt;\"><a href=\"#_Toc383251330\">ARTICULO 2. Fines.\u00a0\u00a0\u00a0\u00a03<\/a><\/p>\n<p style=\"margin-left: 11pt;\"><a href=\"#_Toc383251331\">ARTICULO 3. Actividades.\u00a0\u00a0\u00a0\u00a03<\/a><\/p>\n<p style=\"margin-left: 11pt;\"><a href=\"#_Toc383251332\">ART\u00cdCULO 4. Sede.\u00a0\u00a0\u00a0\u00a03<\/a><\/p>\n<p style=\"margin-left: 11pt;\"><a href=\"#_Toc383251333\">ART\u00cdCULO 5. \u00c1mbito de actuaci\u00f3n.\u00a0\u00a0\u00a0\u00a03<\/a><\/p>\n<p style=\"margin-left: 11pt;\"><a href=\"#_Toc383251334\">ART\u00cdCULO 6. Fusiones.\u00a0\u00a0\u00a0\u00a04<\/a><\/p>\n<p><a href=\"#_Toc383251335\"><span style=\"background-color: lightgrey;\">CAP\u00cdTULO II. \u00d3RGANOS DIRECTIVOS Y FORMA DE ADMINISTRACI\u00d3N<\/span>\u00a0\u00a0\u00a0\u00a05<\/a><\/p>\n<p style=\"margin-left: 11pt;\"><a href=\"#_Toc383251336\">ART\u00cdCULO 7. Asamblea\u00a0\u00a0\u00a0\u00a05<\/a><\/p>\n<p style=\"margin-left: 11pt;\"><a href=\"#_Toc383251337\">ART\u00cdCULO 8. Asamblea general ordinaria\u00a0\u00a0\u00a0\u00a05<\/a><\/p>\n<p style=\"margin-left: 11pt;\"><a href=\"#_Toc383251338\">ART\u00cdCULO 9. Asablea general extraordinaria\u00a0\u00a0\u00a0\u00a05<\/a><\/p>\n<p style=\"margin-left: 11pt;\"><a href=\"#_Toc383251339\">ART\u00cdCULO 10. Convocatorias\u00a0\u00a0\u00a0\u00a05<\/a><\/p>\n<p style=\"margin-left: 11pt;\"><a href=\"#_Toc383251340\">ART\u00cdCULO 11. Quorum\u00a0\u00a0\u00a0\u00a05<\/a><\/p>\n<p style=\"margin-left: 11pt;\"><a href=\"#_Toc383251341\">ART\u00cdCULO 12. Competencias asamblea ordinaria\u00a0\u00a0\u00a0\u00a05<\/a><\/p>\n<p style=\"margin-left: 11pt;\"><a href=\"#_Toc383251342\">ART\u00cdCULO 13. Competencias asamblea extraordinaria\u00a0\u00a0\u00a0\u00a06<\/a><\/p>\n<p style=\"margin-left: 11pt;\"><a href=\"#_Toc383251343\">ART\u00cdCULO 14. Junta directiva\u00a0\u00a0\u00a0\u00a06<\/a><\/p>\n<p style=\"margin-left: 11pt;\"><a href=\"#_Toc383251344\">ART\u00cdCULO 15. Plazos\u00a0\u00a0\u00a0\u00a06<\/a><\/p>\n<p style=\"margin-left: 11pt;\"><a href=\"#_Toc383251345\">ART\u00cdCULO 16. Funciones de la junta directiva\u00a0\u00a0\u00a0\u00a06<\/a><\/p>\n<p style=\"margin-left: 11pt;\"><a href=\"#_Toc383251346\">ART\u00cdCULO 17. EL PRESIDENTE\u00a0\u00a0\u00a0\u00a07<\/a><\/p>\n<p style=\"margin-left: 11pt;\"><a href=\"#_Toc383251347\">ART\u00cdCULO 18. VICEPRESIDENTE\u00a0\u00a0\u00a0\u00a07<\/a><\/p>\n<p style=\"margin-left: 11pt;\"><a href=\"#_Toc383251348\">ART\u00cdCULO 19. El SECRETARIO\u00a0\u00a0\u00a0\u00a07<\/a><\/p>\n<p style=\"margin-left: 11pt;\"><a href=\"#_Toc383251349\">ART\u00cdCULO 20. EL TESORERO\u00a0\u00a0\u00a0\u00a08<\/a><\/p>\n<p style=\"margin-left: 11pt;\"><a href=\"#_Toc383251350\">ART\u00cdCULO 21. LOS VOCALES\u00a0\u00a0\u00a0\u00a08<\/a><\/p>\n<p style=\"margin-left: 11pt;\"><a href=\"#_Toc383251351\">ART\u00cdCULO 22. Vacantes\u00a0\u00a0\u00a0\u00a08<\/a><\/p>\n<p style=\"margin-left: 11pt;\"><a href=\"#_Toc383251352\">ART\u00cdCULO 23. OBLIGACIONES DOCUMENTALES Y CONTABLES\u00a0\u00a0\u00a0\u00a08<\/a><\/p>\n<p><a href=\"#_Toc383251353\"><span style=\"background-color: lightgrey;\">CAPITULO III. PROCEDIMIENTO DE ADMISI\u00d3N Y P\u00c9RDIDA DE LA CUALIDAD DE SOCIO. DERECHOS Y DEBERES DE LOS MISMOS.<\/span>\u00a0\u00a0\u00a0\u00a09<\/a><\/p>\n<p style=\"margin-left: 11pt;\"><a href=\"#_Toc383251354\">ART\u00cdCULO 24. Pertenencia a la asociaci\u00f3n\u00a0\u00a0\u00a0\u00a09<\/a><\/p>\n<p style=\"margin-left: 11pt;\"><a href=\"#_Toc383251355\">ART\u00cdCULO 25. P\u00e9rdida de condici\u00f3n de socio\u00a0\u00a0\u00a0\u00a09<\/a><\/p>\n<p style=\"margin-left: 11pt;\"><a href=\"#_Toc383251356\">ART\u00cdCULO 26. Tipos de socio\u00a0\u00a0\u00a0\u00a09<\/a><\/p>\n<p style=\"margin-left: 11pt;\"><a href=\"#_Toc383251357\">ART\u00cdCULO 27. Derechos de los socios\u00a0\u00a0\u00a0\u00a09<\/a><\/p>\n<p style=\"margin-left: 11pt;\"><a href=\"#_Toc383251358\">ART\u00cdCULO 28. Deberes de los socios\u00a0\u00a0\u00a0\u00a010<\/a><\/p>\n<p style=\"margin-left: 11pt;\"><a href=\"#_Toc383251359\">ART\u00cdCULO 29. Derechos y deberes de los socios de honor\u00a0\u00a0\u00a0\u00a010<\/a><\/p>\n<p><a href=\"#_Toc383251360\"><span style=\"background-color: lightgrey;\">CAP\u00cdTULO IV. PATRIMONIO FUNDACIONAL, RECURSOS ECON\u00d3MICOS Y L\u00cdMITE DE PRESUPUESTO ANUAL<\/span>\u00a0\u00a0\u00a0\u00a011<\/a><\/p>\n<p style=\"margin-left: 11pt;\"><a href=\"#_Toc383251361\">ART\u00cdCULO 30. Patrimonio\u00a0\u00a0\u00a0\u00a011<\/a><\/p>\n<p style=\"margin-left: 11pt;\"><a href=\"#_Toc383251362\">ART\u00cdCULO 31. L\u00edmite presupuestario\u00a0\u00a0\u00a0\u00a011<\/a><\/p>\n<p style=\"margin-left: 11pt;\"><a href=\"#_Toc383251363\">ART\u00cdCULO 32. Recursos econ\u00f3micos\u00a0\u00a0\u00a0\u00a011<\/a><\/p>\n<p><a href=\"#_Toc383251364\"><span style=\"background-color: lightgrey;\">CAP\u00cdTULO V. DISOLUCI\u00d3N Y APLICACI\u00d3N DEL CAPITAL SOCIAL EN SU CASO<\/span>\u00a0\u00a0\u00a0\u00a012<\/a><\/p>\n<p style=\"margin-left: 11pt;\"><a href=\"#_Toc383251365\">ART\u00cdCULO 33. Causas de disoluci\u00f3n\u00a0\u00a0\u00a0\u00a012<\/a><\/p>\n<p style=\"margin-left: 11pt;\"><a href=\"#_Toc383251366\">ART\u00cdCULO 34. M\u00e9todo de disoluci\u00f3n\u00a0\u00a0\u00a0\u00a012<\/a><\/p>\n<p style=\"margin-left: 11pt;\"><a href=\"#_Toc383251367\">ART\u00cdCULO 35. Donaci\u00f3n de la liquidaci\u00f3n\u00a0\u00a0\u00a0\u00a012<\/a><\/p>\n<p><a href=\"#_Toc383251368\"><span style=\"background-color: lightgrey;\">DISPOSICI\u00d3N ADICIONAL<\/span>\u00a0\u00a0\u00a0\u00a012<\/a><\/p>\n<h1><span style=\"background-color: lightgrey;\">CAPITULO I. DENOMINACI\u00d3N, FINES, DOMICILIO Y \u00c1MBITO TERRITORIAL DE ACCI\u00d3N.<\/span><\/h1>\n<h2>ARTICULO 1. Denominaci\u00f3n.<\/h2>\n<p style=\"text-align: justify;\"><span style=\"font-family: Verdana;\">Al amparo de lo previsto en el art\u00edculo 22 de la Constituci\u00f3n Espa\u00f1ola, los establecidos en la Ley 191\/1964, de 24 de diciembre, Decreto 1440\/1965 y dem\u00e1s disposiciones vigentes se constituy\u00f3 en Madrid, provincia de Madrid, la entidad denominada Asociaci\u00f3n de Fenilceton\u00faricos y Otros Trastornos del Metabolismo de Madrid (ASFEMA), habi\u00e9ndose adaptado a la Ley 1\/2002, de 22 de marzo, seg\u00fan determina la Disposici\u00f3n Transitoria Primera de dicha Ley Org\u00e1nica. El r\u00e9gimen de la Asociaci\u00f3n se determinar\u00e1 por lo dispuesto en los presentes estatutos.<br \/>\n<\/span><\/p>\n<h2>ARTICULO 2. Fines.<\/h2>\n<p style=\"text-align: justify;\"><span style=\"font-family: Verdana;\">La Asociaci\u00f3n no tiene \u00e1nimo de lucro y sus fines ser\u00e1n los siguientes:<br \/>\n<\/span><\/p>\n<ul>\n<li>\n<div style=\"text-align: justify;\"><span style=\"font-family: Verdana;\">Profundizar en el conocimiento y en el estudio de los efectos que las metabolopat\u00edas ocasiona, tanto en el aspecto psicol\u00f3gico como en el social.<br \/>\n<\/span><\/div>\n<\/li>\n<li>\n<div style=\"text-align: justify;\"><span style=\"font-family: Verdana;\">Proteger los derechos e intereses de los afectados y sus familias.<br \/>\n<\/span><\/div>\n<\/li>\n<li>\n<div style=\"text-align: justify;\"><span style=\"font-family: Verdana;\">Encauzar y coordinar los esfuerzos de los familiares, m\u00e9dicos, instituciones y entidades p\u00fablicas y privadas, para la prevenci\u00f3n de la enfermedad y la mitigaci\u00f3n de los problemas de toda \u00edndole, producidos por la misma.<br \/>\n<\/span><\/div>\n<\/li>\n<li>\n<div style=\"text-align: justify;\"><span style=\"font-family: Verdana;\">Solicitar, tramitar y gestionar la colaboraci\u00f3n y cooperaci\u00f3n de los organismos y entidades, tanto p\u00fablicas como privadas, nacionales e internacionales, con el objeto de cumplir los fines de la Asociaci\u00f3n.<br \/>\n<\/span><\/div>\n<\/li>\n<\/ul>\n<h2>ARTICULO 3. Actividades.<\/h2>\n<p style=\"text-align: justify;\"><span style=\"font-family: Verdana;\">Para el cumplimiento de los fines establecidos, la Asociaci\u00f3n organizar\u00e1 las siguientes actividades:<br \/>\n<\/span><\/p>\n<ul>\n<li>\n<div style=\"text-align: justify;\"><span style=\"font-family: Verdana;\">Confecci\u00f3n del censo de enfermos metab\u00f3licos.<br \/>\n<\/span><\/div>\n<\/li>\n<li>\n<div style=\"text-align: justify;\"><span style=\"font-family: Verdana;\">Impulsar programas de investigaci\u00f3n, rehabilitaci\u00f3n y sensibilizaci\u00f3n sobre la enfermedad.<br \/>\n<\/span><\/div>\n<\/li>\n<li>\n<div style=\"text-align: justify;\"><span style=\"font-family: Verdana;\">Promover reuniones, congresos y cursos de formaci\u00f3n, asesoramiento y convivencia.<br \/>\n<\/span><\/div>\n<\/li>\n<\/ul>\n<h2>ART\u00cdCULO 4. Sede.<\/h2>\n<p style=\"text-align: justify;\"><span style=\"font-family: Verdana;\">El domicilio de la Asociaci\u00f3n se establece en la Calle Luis Ruiz, 75 &#8211; Local 30 &#8211; CP:28017 de Madrid, provincia de Madrid.<br \/>\n<\/span><\/p>\n<h2>ART\u00cdCULO 5. \u00c1mbito de actuaci\u00f3n.<\/h2>\n<p><span style=\"font-family: Verdana;\">El \u00e1mbito de actuaci\u00f3n se extiende a la Comunidad de Madrid.<span style=\"text-decoration: underline;\"><strong><br \/>\n<\/strong><\/span><\/span><\/p>\n<h2>ART\u00cdCULO 6. Fusiones.<span style=\"font-family: Verdana;\"><br \/>\n<\/span><\/h2>\n<p style=\"text-align: justify;\"><span style=\"font-family: Verdana;\">La Asociaci\u00f3n mediante acuerdo de la Asamblea General de Socios, podr\u00e1 fusionarse, federarse o asociarse de forma temporal o permanente con otra u otras entidades de fines similares, conservando no obstante personalidad jur\u00eddica propia.<br \/>\n<\/span><\/p>\n<h1><span style=\"background-color: lightgrey;\">CAP\u00cdTULO II. \u00d3RGANOS DIRECTIVOS Y FORMA DE ADMINISTRACI\u00d3N<\/span><\/h1>\n<h2>ART\u00cdCULO 7. Asamblea<\/h2>\n<p style=\"text-align: justify;\"><span style=\"font-family: Verdana;\">El \u00f3rgano supremo ser\u00e1 la Asamblea de Socios o Asamblea General, que podr\u00e1 ser Ordinaria o Extraordinaria. \u00c9stas estar\u00e1n integradas por todos los socios que se hallen en pleno uso de sus derechos sociales.<br \/>\n<\/span><\/p>\n<h2>ART\u00cdCULO 8. Asamblea general ordinaria<\/h2>\n<p style=\"text-align: justify;\"><span style=\"font-family: Verdana;\">La Asamblea General Ordinaria se reunir\u00e1 al menos una vez al a\u00f1o.<br \/>\n<\/span><\/p>\n<h2>ART\u00cdCULO 9. Asablea general extraordinaria<\/h2>\n<p style=\"text-align: justify;\"><span style=\"font-family: Verdana;\">La Asamblea General Extraordinaria se reunir\u00e1 tantas veces como sea necesario, previo acuerdo de la Junta Directiva o por petici\u00f3n de un n\u00famero de socios que asciende a un 10%. En la convocatoria se expresar\u00e1 de forma concreta los asuntos a tratar.<br \/>\n<\/span><\/p>\n<h2>ART\u00cdCULO 10. Convocatorias<\/h2>\n<p style=\"text-align: justify;\"><span style=\"font-family: Verdana;\">Las convocatorias de las Asambleas Generales, tanto ordinaria como extraordinarias, ser\u00e1n comunicadas por escrito, expresando el lugar, fecha y hora de la reuni\u00f3n, as\u00ed como el orden del d\u00eda. Entre la convocatoria y el d\u00eda se\u00f1alado habr\u00e1n de mediar al menos 15 d\u00edas, pudiendo as\u00ed mismo hacer constar si procediera, la fecha en que se reunir\u00e1 la Asamblea en segunda convocatoria, sin que entre una y otra pueda mediar un plazo inferior a media hora.<br \/>\n<\/span><\/p>\n<h2>ART\u00cdCULO 11. Quorum<\/h2>\n<p style=\"text-align: justify;\"><span style=\"font-family: Verdana;\">La Asambleas Generales, tanto las ordinarias como las extraordinarias, quedar\u00e1n v\u00e1lidamente constituida en primera convocatoria cuando concurran a ella la mayor\u00eda de los socios en pleno uso de sus derechos sociales, y en segunda convocatoria cualquiera que sea el n\u00famero de asociados en pleno uso de sus derechos sociales.<br \/>\n<\/span><\/p>\n<p style=\"text-align: justify;\"><span style=\"font-family: Verdana;\">Los acuerdos se tomar\u00e1n siempre por mayor\u00eda simple de los asistentes, tanto en asamblea ordinaria, como cuando se trate de asamblea extraordinaria.<br \/>\n<\/span><\/p>\n<h2>ART\u00cdCULO 12. Competencias asamblea ordinaria<\/h2>\n<p style=\"text-align: justify;\"><span style=\"font-family: Verdana;\">Ser\u00e1n competencias de la Asamblea General Ordinaria lo siguiente:<br \/>\n<\/span><\/p>\n<ul>\n<li>\n<div style=\"text-align: justify;\"><span style=\"font-family: Verdana;\">Aprobar en su caso, la gesti\u00f3n de la Junta Directiva.<br \/>\n<\/span><\/div>\n<\/li>\n<li>\n<div style=\"text-align: justify;\"><span style=\"font-family: Verdana;\">Examinar y aprobar el estado de cuentas.<br \/>\n<\/span><\/div>\n<\/li>\n<li>\n<div style=\"text-align: justify;\"><span style=\"font-family: Verdana;\">Aprobar o rechazar las propuestas de la Junta Directiva en orden a las actividades de la Asociaci\u00f3n.<br \/>\n<\/span><\/div>\n<\/li>\n<li>\n<div style=\"text-align: justify;\"><span style=\"font-family: Verdana;\">Fijar las cuotas de entrada, ordinarias o extraordinarias.<br \/>\n<\/span><\/div>\n<\/li>\n<li>\n<div style=\"text-align: justify;\"><span style=\"font-family: Verdana;\">Cualquier otra que no sea competencia exclusiva de la Asamblea Extraordinaria.<br \/>\n<\/span><\/div>\n<\/li>\n<\/ul>\n<h2>ART\u00cdCULO 13. Competencias asamblea extraordinaria<\/h2>\n<p style=\"text-align: justify;\"><span style=\"font-family: Verdana;\">Ser\u00e1n competencias de la Asamblea General Extraordinaria:<br \/>\n<\/span><\/p>\n<ol>\n<li>\n<div style=\"text-align: justify;\"><span style=\"font-family: Verdana;\">Modificaci\u00f3n de los presentes Estatutos.<br \/>\n<\/span><\/div>\n<\/li>\n<li>\n<div style=\"text-align: justify;\"><span style=\"font-family: Verdana;\">Disoluci\u00f3n de la Asociaci\u00f3n.<br \/>\n<\/span><\/div>\n<\/li>\n<li>\n<div style=\"text-align: justify;\"><span style=\"font-family: Verdana;\">Nombramiento de la Junta Directiva.<br \/>\n<\/span><\/div>\n<\/li>\n<li>\n<div style=\"text-align: justify;\"><span style=\"font-family: Verdana;\">Disposiciones y Enajenaci\u00f3n de bienes.<br \/>\n<\/span><\/div>\n<\/li>\n<li>\n<div style=\"text-align: justify;\"><span style=\"font-family: Verdana;\">Constituci\u00f3n de una Federaci\u00f3n o su integraci\u00f3n en ella si ya existiese.<br \/>\n<\/span><\/div>\n<\/li>\n<li>\n<div style=\"text-align: justify;\"><span style=\"font-family: Verdana;\">Expulsi\u00f3n de socios a propuesta de la Junta Directiva.<br \/>\n<\/span><\/div>\n<\/li>\n<li>\n<div style=\"text-align: justify;\"><span style=\"font-family: Verdana;\">Solicitud de declaraci\u00f3n de Utilidad P\u00fablica.<br \/>\n<\/span><\/div>\n<\/li>\n<\/ol>\n<h2>ART\u00cdCULO 14. Junta directiva<\/h2>\n<p style=\"text-align: justify;\"><span style=\"font-family: Verdana;\">Sin perjuicio de las facultades de la Asamblea General la Asociaci\u00f3n estar\u00e1 regida por una Junta Directiva, que estar\u00e1 compuesta por:<br \/>\n<\/span><\/p>\n<ul>\n<li>\n<div style=\"text-align: justify;\"><span style=\"font-family: Verdana;\">Presidente<br \/>\n<\/span><\/div>\n<\/li>\n<li>\n<div style=\"text-align: justify;\"><span style=\"font-family: Verdana;\">Vicepresidente<br \/>\n<\/span><\/div>\n<\/li>\n<li>\n<div style=\"text-align: justify;\"><span style=\"font-family: Verdana;\">Secretario<br \/>\n<\/span><\/div>\n<\/li>\n<li>\n<div style=\"text-align: justify;\"><span style=\"font-family: Verdana;\">Tesorero<br \/>\n<\/span><\/div>\n<\/li>\n<li>\n<div style=\"text-align: justify;\"><span style=\"font-family: Verdana;\">Vocales<br \/>\n<\/span><\/div>\n<\/li>\n<\/ul>\n<p style=\"text-align: justify;\"><span style=\"font-family: Verdana;\">Todos los cargos deber\u00e1n recaer en socios de la Asociaci\u00f3n, ser\u00e1n gratuitos y tendr\u00e1n una duraci\u00f3n de dos a\u00f1os, pudiendo ser prorrogados por la Asamblea General Extraordinaria antes de la terminaci\u00f3n del mandato.<br \/>\n<\/span><\/p>\n<h2>ART\u00cdCULO 15. Plazos<\/h2>\n<p style=\"text-align: justify;\"><span style=\"font-family: Verdana;\">La Junta Directiva se reunir\u00e1 al menos cuando lo determine su presidente o lo solicite cualquiera de sus miembros. La convocatoria la har\u00e1 el presidente y ser\u00e1 comunicada por escrito y con un plazo de antelaci\u00f3n de siete d\u00edas.<br \/>\n<\/span><\/p>\n<p style=\"text-align: justify;\"><span style=\"font-family: Verdana;\">Quedar\u00e1 constituida cuando asista la mitad m\u00e1s uno de sus miembros, y para que sus acuerdos sean v\u00e1lidos deber\u00e1n ser tomados por la mayor\u00eda de votos.<br \/>\n<\/span><\/p>\n<p style=\"text-align: justify;\"><span style=\"font-family: Verdana;\">En caso de empate el voto del presidente ser\u00e1 de calidad.<br \/>\n<\/span><\/p>\n<h2>ART\u00cdCULO 16. Funciones de la junta directiva<\/h2>\n<p style=\"text-align: justify;\"><span style=\"font-family: Verdana;\">Las funciones de la Junta Directiva ser\u00e1n las siguientes:<br \/>\n<\/span><\/p>\n<ol>\n<li>\n<div style=\"text-align: justify;\"><span style=\"font-family: Verdana;\">Dirigir las actividades sociales y llevar la gesti\u00f3n econ\u00f3mica y administrativa de la Asociaci\u00f3n, acordando realizar los oportunos contratos y actos.<br \/>\n<\/span><\/div>\n<\/li>\n<li>\n<div style=\"text-align: justify;\"><span style=\"font-family: Verdana;\">Ejecutar los acuerdos de la Asamblea General.<br \/>\n<\/span><\/div>\n<\/li>\n<li>\n<div style=\"text-align: justify;\"><span style=\"font-family: Verdana;\">Elaborar y someter a la aprobaci\u00f3n de la Asamblea General los presupuestos anuales y estado de cuentas.<br \/>\n<\/span><\/div>\n<\/li>\n<li>\n<div style=\"text-align: justify;\"><span style=\"font-family: Verdana;\">Elaborar el Reglamento de r\u00e9gimen Interior, que ser\u00e1 aprobado por la Asamblea General de Socios.<br \/>\n<\/span><\/div>\n<\/li>\n<li>\n<div style=\"text-align: justify;\"><span style=\"font-family: Verdana;\">Resolver sobre la admisi\u00f3n de nuevos asociados.<br \/>\n<\/span><\/div>\n<\/li>\n<li>\n<div style=\"text-align: justify;\"><span style=\"font-family: Verdana;\">Nombrar delegados para alguna determinada actividad de la Asociaci\u00f3n.<br \/>\n<\/span><\/div>\n<\/li>\n<li>\n<div style=\"text-align: justify;\"><span style=\"font-family: Verdana;\">Cualquier otra facultad que no sea de la exclusiva competencia de la Asamblea General de Socios.<br \/>\n<\/span><\/div>\n<p style=\"text-align: justify;\">\n<\/li>\n<\/ol>\n<h2>ART\u00cdCULO 17. EL PRESIDENTE<\/h2>\n<p style=\"text-align: justify;\"><span style=\"font-family: Verdana;\">Al presidente le corresponde:<br \/>\n<\/span><\/p>\n<ol>\n<li>\n<div style=\"text-align: justify;\"><span style=\"font-family: Verdana;\">La representaci\u00f3n legal de la Asociaci\u00f3n ante toda clase de organismos, tanto p\u00fablicos como privados.<br \/>\n<\/span><\/div>\n<\/li>\n<li>\n<div style=\"text-align: justify;\"><span style=\"font-family: Verdana;\">Convocar, presidir y levantar las sesiones que celebre la Junta Directiva y la Asamblea General, as\u00ed como dirigir las deliberaciones de una y otra.<br \/>\n<\/span><\/div>\n<\/li>\n<li>\n<div style=\"text-align: justify;\"><span style=\"font-family: Verdana;\">Cumplir y hacer cumplir los acuerdos tomados por la Junta Directiva y la Asamblea General.<br \/>\n<\/span><\/div>\n<\/li>\n<li>\n<div style=\"text-align: justify;\"><span style=\"font-family: Verdana;\">Ordenar los gastos y pagos de la Asociaci\u00f3n.<br \/>\n<\/span><\/div>\n<\/li>\n<li>\n<div style=\"text-align: justify;\"><span style=\"font-family: Verdana;\">Autorizar con su firma los documentos, actos y correspondencia.<br \/>\n<\/span><\/div>\n<\/li>\n<li>\n<div style=\"text-align: justify;\"><span style=\"font-family: Verdana;\">Adoptar cualquier medida urgente que la buena marcha de la Asociaci\u00f3n aconseje o que en el desarrollo de sus actividades resulte necesaria o conveniente, sin perjuicio de dar cuneta posteriormente a la Junta Directiva.<br \/>\n<\/span><\/div>\n<\/li>\n<\/ol>\n<h2>ART\u00cdCULO 18. VICEPRESIDENTE<\/h2>\n<p style=\"text-align: justify;\"><span style=\"font-family: Verdana;\">El Vicepresidente sustituir\u00e1 al Presidente en caso de Ausencia, enfermedad o muerte y tendr\u00e1 las funciones que en \u00e9l delegue el Presidente.<br \/>\n<\/span><\/p>\n<h2>ART\u00cdCULO 19. El SECRETARIO<\/h2>\n<p style=\"text-align: justify;\"><span style=\"font-family: Verdana;\">Al secretario le corresponde el funcionamiento administrativo de la Asociaci\u00f3n, es decir:<br \/>\n<\/span><\/p>\n<ol>\n<li>\n<div style=\"text-align: justify;\"><span style=\"font-family: Verdana;\">Custodiar los libros y documentos, excepto los de contabilidad, as\u00ed como el archivo.<br \/>\n<\/span><\/div>\n<\/li>\n<li>\n<div style=\"text-align: justify;\"><span style=\"font-family: Verdana;\">Redactar y anotar en los libros correspondientes las reuniones de la Junta Directiva y de la Asamblea General.<br \/>\n<\/span><\/div>\n<\/li>\n<li>\n<div style=\"text-align: justify;\"><span style=\"font-family: Verdana;\">Expedir certificaciones con el visto bueno del Presidente.<br \/>\n<\/span><\/div>\n<\/li>\n<li>\n<div style=\"text-align: justify;\"><span style=\"font-family: Verdana;\">Redactar la Memoria Anual de la Asociaci\u00f3n.<br \/>\n<\/span><\/div>\n<\/li>\n<li>\n<div style=\"text-align: justify;\"><span style=\"font-family: Verdana;\">Llevar al d\u00eda el fichero con los nombres y datos de los socios afiliados, as\u00ed como las altas y bajas de los mismos.<br \/>\n<\/span><\/div>\n<\/li>\n<li>\n<div style=\"text-align: justify;\"><span style=\"font-family: Verdana;\">Ejecutar los acuerdos estatutarios adoptados bajo la supervisi\u00f3n del Presidente.<br \/>\n<\/span><\/div>\n<\/li>\n<\/ol>\n<h2>ART\u00cdCULO 20. EL TESORERO<\/h2>\n<p style=\"text-align: justify;\"><span style=\"font-family: Verdana;\">El tesorero tendr\u00e1 bajo su responsabilidad el funcionamiento econ\u00f3mico de la Asociaci\u00f3n y le corresponde:<br \/>\n<\/span><\/p>\n<ol>\n<li>\n<div style=\"text-align: justify;\"><span style=\"font-family: Verdana;\">Recaudar los fondos de la entidad, custodiarlos e invertirlos como lo determine la Junta Directiva.<br \/>\n<\/span><\/div>\n<\/li>\n<li>\n<div style=\"text-align: justify;\"><span style=\"font-family: Verdana;\">Efectuar los pagos, con el visto bueno de Presidente.<br \/>\n<\/span><\/div>\n<\/li>\n<li>\n<div style=\"text-align: justify;\"><span style=\"font-family: Verdana;\">Dirigir la contabilidad.<br \/>\n<\/span><\/div>\n<\/li>\n<li>\n<div style=\"text-align: justify;\"><span style=\"font-family: Verdana;\">Llevar el libro de Estado de Cuentas, con las indicaciones de ingresos, gastos y saldo.<br \/>\n<\/span><\/div>\n<\/li>\n<li>\n<div style=\"text-align: justify;\"><span style=\"font-family: Verdana;\">Confeccionar el Estado de Cuentas anual.<br \/>\n<\/span><\/div>\n<\/li>\n<\/ol>\n<h2>ART\u00cdCULO 21. LOS VOCALES<\/h2>\n<p style=\"text-align: justify;\"><span style=\"font-family: Verdana;\">Los vocales de la Junta Directiva tendr\u00e1n misiones espec\u00edficas encomendadas por acuerdo de \u00e9sta.<br \/>\n<\/span><\/p>\n<h2>ART\u00cdCULO 22. Vacantes<\/h2>\n<p style=\"text-align: justify;\"><span style=\"font-family: Verdana;\">Las vacantes que se pudieran producir durante el mandato de cualquiera de los miembros de la Junta Directiva, ser\u00e1n cubiertas provisionalmente entre dichos miembros hasta la elecci\u00f3n definitiva por la Asamblea General Extraordinaria.<br \/>\n<\/span><\/p>\n<h2>ART\u00cdCULO 23. OBLIGACIONES DOCUMENTALES Y CONTABLES<span style=\"font-family: Verdana; text-decoration: underline;\"><br \/>\n<\/span><\/h2>\n<p style=\"text-align: justify;\"><span style=\"font-family: Verdana;\">La Asociaci\u00f3n dispondr\u00e1 de una relaci\u00f3n actualizada de sus asociados, una contabilidad que permita obtener la imagen fiel del patrimonio del resultado y de la situaci\u00f3n financiera de la entidad, as\u00ed como las actividades realizadas, un inventario e sus bienes y un libro de actas de las reuniones de sus \u00f3rganos de gobierno y representaci\u00f3n. Llevar\u00e1 su contabilidad conforme a las normas que resulten de aplicaci\u00f3n.<br \/>\n<\/span><\/p>\n<p style=\"text-align: justify;\"><span style=\"font-family: Verdana;\">Los asociados podr\u00e1n acceder a toda la documentaci\u00f3n que se relaciona en el p\u00e1rrafo anterior, a trav\u00e9s de los \u00f3rganos de representaci\u00f3n, en los t\u00e9rminos previstos en la Ley Org\u00e1nica 15\/1999, de 13 de diciembre, de protecci\u00f3n de datos de car\u00e1cter personal.<br \/>\n<\/span><\/p>\n<p style=\"text-align: justify;\"><span style=\"font-family: Verdana;\">Las cuentas de la asociaci\u00f3n se aprobar\u00e1n anualmente por la asamblea general.<br \/>\n<\/span><\/p>\n<h1><span style=\"background-color: lightgrey;\">CAPITULO III. PROCEDIMIENTO DE ADMISI\u00d3N Y P\u00c9RDIDA DE LA CUALIDAD DE SOCIO. DERECHOS Y DEBERES DE LOS MISMOS.<\/span><\/h1>\n<h2>ART\u00cdCULO 24. Pertenencia a la asociaci\u00f3n<\/h2>\n<p style=\"text-align: justify;\"><span style=\"font-family: Verdana;\">Podr\u00e1n pertenecer a la Asociaci\u00f3n, aquellas personas mayores de edad y con capacidad de obrar que tengan inter\u00e9s en el desarrollo de los fines de la misma y cuya solicitud de ingreso sea admitida por la Junta Directiva.<br \/>\n<\/span><\/p>\n<h2>ART\u00cdCULO 25. P\u00e9rdida de condici\u00f3n de socio<\/h2>\n<p style=\"text-align: justify;\"><span style=\"font-family: Verdana;\">Se perder\u00e1 la condici\u00f3n de socio por alguna de las causas siguientes:<br \/>\n<\/span><\/p>\n<ol>\n<li>\n<div style=\"text-align: justify;\"><span style=\"font-family: Verdana;\">Por deseo del asociado mediante escrito dirigido a la Junta Directiva o a la Asociaci\u00f3n.<br \/>\n<\/span><\/div>\n<\/li>\n<li>\n<div style=\"text-align: justify;\"><span style=\"font-family: Verdana;\">Por falta de pago de 3 cuotas peri\u00f3dicas de las estipuladas.<br \/>\n<\/span><\/div>\n<\/li>\n<li>\n<div style=\"text-align: justify;\"><span style=\"font-family: Verdana;\">Por conducta incorrecta, por desprestigiar a la Asociaci\u00f3n con hechos o palabras que perturben gravemente los actos organizados por la misma y la normal convivencia entre asociados, con acuerdo previo de los miembros de la Junta Directiva.<br \/>\n<\/span><\/div>\n<\/li>\n<\/ol>\n<h2>ART\u00cdCULO 26. Tipos de socio<\/h2>\n<p style=\"text-align: justify;\"><span style=\"font-family: Verdana;\">Dentro de la Asociaci\u00f3n existir\u00e1n las siguientes clases de socios:<br \/>\n<\/span><\/p>\n<ol>\n<li>\n<div style=\"text-align: justify;\"><span style=\"font-family: Verdana;\">Socios fundadores, que ser\u00e1n aquellos que participen en el acto de constituci\u00f3n de la Asociaci\u00f3n.<br \/>\n<\/span><\/div>\n<\/li>\n<li>\n<div style=\"text-align: justify;\"><span style=\"font-family: Verdana;\">Socios de N\u00famero, que ser\u00e1n lo que ingresen despu\u00e9s de la constituci\u00f3n de la Asociaci\u00f3n.<br \/>\n<\/span><\/div>\n<\/li>\n<li>\n<div style=\"text-align: justify;\"><span style=\"font-family: Verdana;\">Socios de Honor, que ser\u00e1n los que por su prestigio o por haber contribuido de modo relevante a la dignificaci\u00f3n y desarrollo de la Asociaci\u00f3n, se hagan acreedores de tal distinci\u00f3n. El nombramiento de los socios de honor corresponde a la Junta Directiva ratificado por la Asamblea General.<br \/>\n<\/span><\/div>\n<\/li>\n<li>\n<div style=\"text-align: justify;\"><span style=\"font-family: Verdana;\">Socios protectores, son las personas que reuniendo los requisitos del Art\u00edculo 24, colaboran con la Asociaci\u00f3n mediante aportaciones econ\u00f3micas o trabajo personal.<br \/>\n<\/span><\/div>\n<\/li>\n<\/ol>\n<h2>ART\u00cdCULO 27. Derechos de los socios<\/h2>\n<p style=\"text-align: justify;\"><span style=\"font-family: Verdana;\">Los socios de n\u00famero y fundadores ostentar\u00e1n los siguientes derechos:<br \/>\n<\/span><\/p>\n<ol>\n<li>\n<div style=\"text-align: justify;\"><span style=\"font-family: Verdana;\">A participar en cuantas actividades organice la Asociaci\u00f3n.<br \/>\n<\/span><\/div>\n<\/li>\n<li>\n<div style=\"text-align: justify;\"><span style=\"font-family: Verdana;\">Disfrutar de todas las ventajas y beneficios que la Asociaci\u00f3n pueda obtener.<br \/>\n<\/span><\/div>\n<\/li>\n<li>\n<div style=\"text-align: justify;\"><span style=\"font-family: Verdana;\">A participar y a ejercer el derecho de voto as\u00ed como a asistir a la Asamblea General, de acuerdo con los Estatutos.<br \/>\n<\/span><\/div>\n<\/li>\n<li>\n<div style=\"text-align: justify;\"><span style=\"font-family: Verdana;\">A ser informado acerca de la composici\u00f3n de los \u00f3rganos de gobierno y representaci\u00f3n de la asociaci\u00f3n, de su estado de cuentas y del desarrollo de su actividad.<br \/>\n<\/span><\/div>\n<\/li>\n<li>\n<div style=\"text-align: justify;\"><span style=\"font-family: Verdana;\">A ser elector y elegible para los cargos directivos.<br \/>\n<\/span><\/div>\n<\/li>\n<li>\n<div style=\"text-align: justify;\"><span style=\"font-family: Verdana;\">A ser o\u00eddo con car\u00e1cter previo a la adopci\u00f3n de medidas disciplinarias contra \u00e9l y a ser informado de los hechos que den lugar a tales medidas, debiendo ser motivado el acuerdo que, en su caso, imponga la sanci\u00f3n.<br \/>\n<\/span><\/div>\n<\/li>\n<li>\n<div style=\"text-align: justify;\"><span style=\"font-family: Verdana;\">A impugnar los acuerdos de los \u00f3rganos de la asociaci\u00f3n que estime contrarios a la Ley o a los Estatutos.<br \/>\n<\/span><\/div>\n<p style=\"text-align: justify;\">\n<\/li>\n<\/ol>\n<h2>ART\u00cdCULO 28. Deberes de los socios<\/h2>\n<p style=\"text-align: justify;\"><span style=\"font-family: Verdana;\">Los socios fundadores y de n\u00famero tendr\u00e1n las obligaciones siguientes:<br \/>\n<\/span><\/p>\n<ol>\n<li>\n<div style=\"text-align: justify;\"><span style=\"font-family: Verdana;\">Compartir las finalidades de la asociaci\u00f3n y colaborar para la consecuci\u00f3n de las mismas.<br \/>\n<\/span><\/div>\n<\/li>\n<li>\n<div style=\"text-align: justify;\"><span style=\"font-family: Verdana;\">Cumplir los presentes Estatutos y los acuerdos v\u00e1lidos de las Asambleas y la Junta Directiva.<br \/>\n<\/span><\/div>\n<\/li>\n<li>\n<div style=\"text-align: justify;\"><span style=\"font-family: Verdana;\">Pagar las cuotas, derramas y otras aportaciones que con arreglo a los estatutos puedan corresponder a cada socio.<br \/>\n<\/span><\/div>\n<\/li>\n<li>\n<div style=\"text-align: justify;\"><span style=\"font-family: Verdana;\">Asistir a las asambleas y dem\u00e1s actos que se organicen.<br \/>\n<\/span><\/div>\n<\/li>\n<li>\n<div style=\"text-align: justify;\"><span style=\"font-family: Verdana;\">Desempe\u00f1ar, en su caso, las obligaciones inherentes al cargo que ocupe.<br \/>\n<\/span><\/div>\n<\/li>\n<li>\n<div style=\"text-align: justify;\"><span style=\"font-family: Verdana;\">Contribuir con su comportamiento al buen nombre y prestigio de la Asociaci\u00f3n.<br \/>\n<\/span><\/div>\n<\/li>\n<li>\n<div style=\"text-align: justify;\"><span style=\"font-family: Verdana;\">Acatar y cumplir los acuerdos v\u00e1lidamente adoptados por los \u00f3rganos de gobierno y representaci\u00f3n de la asociaci\u00f3n.<br \/>\n<\/span><\/div>\n<\/li>\n<\/ol>\n<h2>ART\u00cdCULO 29. Derechos y deberes de los socios de honor<\/h2>\n<p style=\"text-align: justify;\"><span style=\"font-family: Verdana;\">Los socios de honor tendr\u00e1n las mismas obligaciones y derechos que los fundadores, a excepci\u00f3n de las previstas en los apartados 3 y 5 del art\u00edculo anterior.<br \/>\n<\/span><\/p>\n<h1><span style=\"background-color: lightgrey;\">CAP\u00cdTULO IV. PATRIMONIO FUNDACIONAL, RECURSOS ECON\u00d3MICOS Y L\u00cdMITE DE PRESUPUESTO ANUAL<\/span><\/h1>\n<h2>ART\u00cdCULO 30. Patrimonio<\/h2>\n<p style=\"text-align: justify;\"><span style=\"font-family: Verdana;\">La Asociaci\u00f3n carece de patrimonio fundacional.<br \/>\n<\/span><\/p>\n<h2>ART\u00cdCULO 31. L\u00edmite presupuestario<\/h2>\n<p style=\"text-align: justify;\"><span style=\"font-family: Verdana;\">El l\u00edmite presupuestario anual se estima en la cuant\u00eda de 180.000 \u20ac.<br \/>\n<\/span><\/p>\n<h2>ART\u00cdCULO 32. Recursos econ\u00f3micos<\/h2>\n<p style=\"text-align: justify;\"><span style=\"font-family: Verdana;\">Los recursos econ\u00f3micos para la consecuci\u00f3n de los fines establecidos en los presentes estatutos estar\u00e1n constituidos por:<br \/>\n<\/span><\/p>\n<ol style=\"margin-left: 39pt;\">\n<li>\n<div style=\"text-align: justify;\"><span style=\"font-family: Verdana;\">Las cuotas de entrada, ordinaria o extraordinaria de los socios.<br \/>\n<\/span><\/div>\n<\/li>\n<li>\n<div style=\"text-align: justify;\"><span style=\"font-family: Verdana;\">Las subvenciones, legados o herencias que pudieran recibir de forma legal por parte de los asociados o terceras personas.<br \/>\n<\/span><\/div>\n<\/li>\n<li>\n<div style=\"text-align: justify;\"><span style=\"font-family: Verdana;\">Cualquier otro recurso l\u00edcito.<br \/>\n<\/span><\/div>\n<\/li>\n<\/ol>\n<p style=\"text-align: justify;\"><span style=\"font-family: Verdana;\">Los beneficios obtenidos por la asociaci\u00f3n, derivado del ejercicio de actividades econ\u00f3micas, incluida las prestaciones de servicios, deber\u00e1n destinarse, exclusivamente, al cumplimiento de sus fines, sin que quepa en ning\u00fan caso su reparto entre los asociados, ni entre sus c\u00f3nyuges o personas que convivan con aquellos con an\u00e1loga relaci\u00f3n de afectividad, ni entre sus parientes, ni en su cesi\u00f3n gratuita a personas f\u00edsicas o jur\u00eddicas con inter\u00e9s lucrativo.<br \/>\n<\/span><\/p>\n<p style=\"text-align: justify;\"><span style=\"font-family: Verdana;\">ASFEMA llevar\u00e1 una \u00fanica contabilidad, que se llevar\u00e1 a cabo a trav\u00e9s del Plan General de Contabilidad adaptado a las Entidades sin fines lucrativos, respet\u00e1ndose el principio de transparencia de informaci\u00f3n.<br \/>\n<\/span><\/p>\n<p style=\"text-align: justify;\"><span style=\"font-family: Verdana;\">El ejercicio econ\u00f3mico coincidir\u00e1 con el a\u00f1o natural.<span style=\"background-color: lightgrey; text-decoration: underline;\"><em><br \/>\n<\/em><\/span><\/span><\/p>\n<h1><span style=\"background-color: lightgrey;\">CAP\u00cdTULO V. DISOLUCI\u00d3N Y APLICACI\u00d3N DEL CAPITAL SOCIAL EN SU CASO<\/span><\/h1>\n<h2>ART\u00cdCULO 33. Causas de disoluci\u00f3n<\/h2>\n<p style=\"text-align: justify;\"><span style=\"font-family: Verdana;\">La Asociaci\u00f3n podr\u00e1 disolverse por las siguientes causas:<br \/>\n<\/span><\/p>\n<ol>\n<li>\n<div style=\"text-align: justify;\"><span style=\"font-family: Verdana;\">Por voluntad de los socios, mediante acuerdo adoptado en Asamblea General Extraordinaria convocada al efecto y con mayor\u00eda de los 2\/3 de los asociados.<br \/>\n<\/span><\/div>\n<\/li>\n<li>\n<div style=\"text-align: justify;\"><span style=\"font-family: Verdana;\">Por las causas determinadas en el art\u00edculo 39 del c\u00f3digo civil.<br \/>\n<\/span><\/div>\n<\/li>\n<li>\n<div style=\"text-align: justify;\"><span style=\"font-family: Verdana;\">Por sentencia judicial.<br \/>\n<\/span><\/div>\n<\/li>\n<\/ol>\n<h2>ART\u00cdCULO 34. M\u00e9todo de disoluci\u00f3n<\/h2>\n<p style=\"text-align: justify;\"><span style=\"font-family: Verdana;\">En caso de disoluci\u00f3n, se nombrar\u00e1 una Comisi\u00f3n Liquidadora, la cual efectuar\u00e1 la liquidaci\u00f3n, enajenando los bienes sociales, pagando sus deudas, cobrando sus cr\u00e9ditos y fijando el haber l\u00edquido resultante si lo hubiere.<br \/>\n<\/span><\/p>\n<p style=\"text-align: justify;\"><span style=\"font-family: Verdana;\">CORRESPONDE A LOS LIQUIDADORES:<br \/>\n<\/span><\/p>\n<ol>\n<li>\n<div style=\"text-align: justify;\"><span style=\"font-family: Verdana;\">Velar por la integridad del patrimonio de la asociaci\u00f3n.<br \/>\n<\/span><\/div>\n<\/li>\n<li>\n<div style=\"text-align: justify;\"><span style=\"font-family: Verdana;\">Concluir las operaciones pendientes y efectuar las nuevas, que sean precisas para la liquidaci\u00f3n.<br \/>\n<\/span><\/div>\n<\/li>\n<li>\n<div style=\"text-align: justify;\"><span style=\"font-family: Verdana;\">Cobrar los cr\u00e9ditos de la asociaci\u00f3n.<br \/>\n<\/span><\/div>\n<\/li>\n<li>\n<div style=\"text-align: justify;\"><span style=\"font-family: Verdana;\">Liquidar el patrimonio y pagar a los acreedores.<br \/>\n<\/span><\/div>\n<\/li>\n<li>\n<div style=\"text-align: justify;\"><span style=\"font-family: Verdana;\">Aplicar los bienes sobrantes de la asociaci\u00f3n a los fines previstos por los estatutos.<br \/>\n<\/span><\/div>\n<\/li>\n<li>\n<div style=\"text-align: justify;\"><span style=\"font-family: Verdana;\">Solicitar la cancelaci\u00f3n de los asientos en el Registro. En caso de insolvencia de la asociaci\u00f3n, el \u00f3rgano de representaci\u00f3n, si es el caso, los liquidadores habr\u00e1n de promover inmediatamente el oportuno procedimiento concursal ante el juez competente.<br \/>\n<\/span><\/div>\n<\/li>\n<\/ol>\n<h2>ART\u00cdCULO 35. Donaci\u00f3n de la liquidaci\u00f3n<\/h2>\n<p style=\"text-align: justify;\"><span style=\"font-family: Verdana;\">El haber resultante, una vez efectuada la liquidaci\u00f3n se donar\u00e1 a la\/s entidad\/es ben\u00e9fica\/s o asociaciones no lucrativa\/s que se haya determinado en la Asamblea General Extraordinaria en la que se acord\u00f3 la disoluci\u00f3n.<br \/>\n<\/span><\/p>\n<h1><span style=\"background-color: lightgrey;\">DISPOSICI\u00d3N ADICIONAL<\/span><\/h1>\n<p style=\"text-align: justify;\"><span style=\"font-family: Verdana;\">Con car\u00e1cter subsidiario de los estatutos y de los acuerdos v\u00e1lidamente adoptados por sus \u00f3rganos de gobierno, en todo cuanto no est\u00e1 previsto en los presentes estatutos se aplicar\u00e1 la vigente Ley 1\/2002, de 22 de marzo, de Asociaciones y dem\u00e1s disposiciones complementarias.<\/span><\/p>\n","protected":false},"excerpt":{"rendered":"<p>ASFEMA &#8211; Asociaci\u00f3n de Familias con Enfermedades Metab\u00f3licas de Madrid La versi\u00f3n en PDF de los Estatutos de ASFEMA est\u00e1 accesible aqu\u00ed. Contenido CAPITULO I. DENOMINACI\u00d3N, FINES, DOMICILIO Y \u00c1MBITO TERRITORIAL DE ACCI\u00d3N.\u00a0\u00a0\u00a0\u00a03 ARTICULO 1. Denominaci\u00f3n.\u00a0\u00a0\u00a0\u00a03 ARTICULO 2. Fines.\u00a0\u00a0\u00a0\u00a03 ARTICULO 3. Actividades.\u00a0\u00a0\u00a0\u00a03 ART\u00cdCULO 4. Sede.\u00a0\u00a0\u00a0\u00a03 ART\u00cdCULO 5. \u00c1mbito de actuaci\u00f3n.\u00a0\u00a0\u00a0\u00a03 ART\u00cdCULO 6. Fusiones.\u00a0\u00a0\u00a0\u00a04 CAP\u00cdTULO II. &hellip;<\/p>\n<p class=\"read-more\"> <a class=\"\" href=\"https:\/\/asfema.org\/blog\/index.php\/estatutos-de-asfema-asociacion-de-fenilcetonuricos-y-otm-de-madrid\/\"> <span class=\"screen-reader-text\">Estatutos de ASFEMA &#8211; Asociaci\u00f3n de Familias con Enfermedades Metab\u00f3licas de Madrid<\/span> Read More &raquo;<\/a><\/p>\n","protected":false},"author":1,"featured_media":0,"parent":0,"menu_order":0,"comment_status":"open","ping_status":"open","template":"","meta":{"site-sidebar-layout":"default","site-content-layout":"default","ast-global-header-display":"","ast-banner-title-visibility":"","ast-main-header-display":"","ast-hfb-above-header-display":"","ast-hfb-below-header-display":"","ast-hfb-mobile-header-display":"","site-post-title":"","ast-breadcrumbs-content":"","ast-featured-img":"","footer-sml-layout":"","theme-transparent-header-meta":"","adv-header-id-meta":"","stick-header-meta":"","header-above-stick-meta":"","header-main-stick-meta":"","header-below-stick-meta":"","footnotes":""},"acf":[],"_links":{"self":[{"href":"https:\/\/asfema.org\/blog\/index.php\/wp-json\/wp\/v2\/pages\/1343"}],"collection":[{"href":"https:\/\/asfema.org\/blog\/index.php\/wp-json\/wp\/v2\/pages"}],"about":[{"href":"https:\/\/asfema.org\/blog\/index.php\/wp-json\/wp\/v2\/types\/page"}],"author":[{"embeddable":true,"href":"https:\/\/asfema.org\/blog\/index.php\/wp-json\/wp\/v2\/users\/1"}],"replies":[{"embeddable":true,"href":"https:\/\/asfema.org\/blog\/index.php\/wp-json\/wp\/v2\/comments?post=1343"}],"version-history":[{"count":5,"href":"https:\/\/asfema.org\/blog\/index.php\/wp-json\/wp\/v2\/pages\/1343\/revisions"}],"predecessor-version":[{"id":4519,"href":"https:\/\/asfema.org\/blog\/index.php\/wp-json\/wp\/v2\/pages\/1343\/revisions\/4519"}],"wp:attachment":[{"href":"https:\/\/asfema.org\/blog\/index.php\/wp-json\/wp\/v2\/media?parent=1343"}],"curies":[{"name":"wp","href":"https:\/\/api.w.org\/{rel}","templated":true}]}}