{"id":1402,"date":"2014-02-07T20:00:41","date_gmt":"2014-02-07T20:00:41","guid":{"rendered":"https:\/\/asfema.org\/blog\/?page_id=1402"},"modified":"2016-09-26T03:44:53","modified_gmt":"2016-09-26T03:44:53","slug":"ii-ciclomarcha-asfema-por-las-enfermedades-raras-metabolicas","status":"publish","type":"page","link":"https:\/\/asfema.org\/blog\/index.php\/ii-ciclomarcha-asfema-por-las-enfermedades-raras-metabolicas\/","title":{"rendered":"II Ciclomarcha ASFEMA MBT BTT por las Enfermedades Raras Metab\u00f3licas"},"content":{"rendered":"<p>&nbsp;<\/p>\n<p><a href=\"http:\/\/www.cheapjerseysstoreusa.com\/\">cheap nfl jerseys<\/a><\/p>\n<p><a href=\"http:\/\/www.wholesalenbajerseysstore.com\/\">wholesale nfl jerseys<\/a><\/p>\n<p><a href=\"http:\/\/www.cheapjerseysstoreusa.com\/\">wholesale jerseys<\/a><\/p>\n<p><a href=\"http:\/\/www.authenticjerseys.net\/\">cheap jerseys<\/a><\/p>\n<p><a href=\"http:\/\/www.authenticjerseyssupply.us\/\">cheap jerseys<\/a><\/p>\n<h1 style=\"text-align: center;\"><span style=\"text-decoration: underline;\"><span style=\"color: #800000; text-decoration: underline;\"><a title=\"III Ciclomarcha MTB BTT por las Enfermedades Raras Metab\u00f3licas\" href=\"https:\/\/asfema.org\/blog\/?page_id=1854\">YA EST\u00c1 ABIERTA LA INSCRIPCI\u00d3N PARA LA III EDICI\u00d3N DE LA CICLOMARCHA<\/a><\/span><\/span><\/h1>\n<p><a href=\"https:\/\/asfema.org\/blog\/wp-content\/uploads\/2015\/01\/borrador-cartel-ciclomarchaI-II.jpg\"><img decoding=\"async\" loading=\"lazy\" class=\" wp-image-1866 aligncenter\" src=\"https:\/\/asfema.org\/blog\/wp-content\/uploads\/2015\/01\/borrador-cartel-ciclomarchaI-II-225x300.jpg\" alt=\"borrador cartel ciclomarchaI II\" width=\"290\" height=\"387\" \/><\/a><\/p>\n<blockquote>\n<h3 style=\"text-align: center;\"><span style=\"color: #008000;\">Por cierto, si quieres ver las espectaculares fotos de la edici\u00f3n del a\u00f1o pasado, y ver lo bonito que es el recorrido, <a title=\"Flickr Asfema\" href=\"https:\/\/www.flickr.com\/photos\/asfema\/sets\/72157644733033753\/\" target=\"_blank\">visita nuestra p\u00e1gina de Flickr<\/a>.<\/span><\/h3>\n<\/blockquote>\n<p><!--more--><\/p>\n<h1><\/h1>\n<h1>Asfema organiza en el Tiemblo (\u00c1vila) la <span style=\"text-decoration: underline;\">II Ciclomarcha MTB por las Enfermedades Raras Metab\u00f3licas<\/span><\/h1>\n<p><a href=\"https:\/\/asfema.org\/blog\/wp-content\/uploads\/2013\/04\/DSC02834.jpg\"><img decoding=\"async\" loading=\"lazy\" class=\"aligncenter\" src=\"http:\/\/www.asfema.org\/CartelCiclomarcha2014.jpg\" alt=\"\" width=\"300\" height=\"447\" \/><\/a><\/p>\n<ol>\n<li><span style=\"font-size: 22px;\"><a href=\"#1\">Formulario de Inscripci\u00f3n<\/a><\/span><\/li>\n<li><span style=\"font-size: 22px;\"><a href=\"#13\">Listado de Participantes<\/a><\/span><\/li>\n<li><span style=\"font-size: 22px;\"><a href=\"#11\">\u00a1Participa como Voluntario!<\/a><\/span><\/li>\n<li><span style=\"font-size: 22px;\"><a href=\"#2\">Caracter\u00edsticas<\/a><\/span><\/li>\n<li><span style=\"font-size: 22px;\"><a href=\"#3\">Sorteos, Actividades y Regalos<\/a><\/span><\/li>\n<li><span style=\"font-size: 22px;\"><a href=\"#12\">Participaci\u00f3n de Famosos del Ciclismo<\/a><\/span><\/li>\n<li><span style=\"font-size: 22px;\"><a href=\"#5\">Recorrido de la Prueba<\/a><\/span><\/li>\n<li><span style=\"font-size: 22px;\"><a href=\"#6\">Recogida de Dorsales<\/a><\/span><\/li>\n<li><span style=\"font-size: 22px;\"><a href=\"#7\">Fila Cero en beneficio de Asfema<\/a><\/span><\/li>\n<li><span style=\"font-size: 22px;\"><a href=\"#13\">Fotos de la Edici\u00f3n de 2013<\/a><\/span><\/li>\n<li><span style=\"font-size: 22px;\"><a href=\"#8\">Colaboran<\/a><\/span><\/li>\n<li><span style=\"font-size: 22px;\"><a href=\"#9\">Patrocinadores<\/a><\/span><\/li>\n<li><span style=\"font-size: 22px;\"><a href=\"#10\">Contacto<\/a><\/span><\/li>\n<\/ol>\n<p>Asfema, Asociaci\u00f3n de Fenilceton\u00faricos y OTM de Madrid organiza la II Ciclomarcha MTB BTT por la Enfermedades Raras Metab\u00f3licas.<\/p>\n<div style=\"text-align: center;\">\n<h2 style=\"text-align: center;\">Domingo 27 Abril de 2014<\/h2>\n<h2 style=\"text-align: center;\">El Tiemblo (\u00c1vila)<\/h2>\n<h2 style=\"text-align: center;\">Salida a las\u00a011 AM<\/h2>\n<h2 style=\"text-align: left;\"><a name=\"1\"><\/a>Formulario de Inscripci\u00f3n<\/h2>\n<p style=\"text-align: left;\"><strong>El precio de la inscripci\u00f3n es de 15\u20ac<\/strong> hasta el <del>d\u00eda s\u00e1bado 26 de abril inclusive<\/del>. Hasta el mismo d\u00eda de la carrera!!!<\/p>\n<p style=\"text-align: left;\">EL PERIODO DE INSCRIPCIONES POR LA WEB HA EXPIRADO PERO&#8230;<\/p>\n<h1><em><strong><span style=\"font-size: 30pt; color: #ff0000;\">TODAV\u00cdA TE PUEDES APUNTAR HASTA EL MISMO D\u00cdA DE LA CICLOMARCHA EN EL TIEMBLO<\/span><\/strong><\/em><\/h1>\n<p style=\"text-align: left;\">Para ello solo tienes que dirigirte al polideportivo, y en la zona de salida habr\u00e1 una mesa para recoger los dorsales y hacer\u00a0la inscripci\u00f3n de \u00faltima hora. Eso s\u00ed, \u00a1ve con tiempo! \ud83d\ude42<\/p>\n<h2 style=\"text-align: left;\"><img decoding=\"async\" loading=\"lazy\" class=\"aligncenter\" style=\"font-size: 12px;\" src=\"https:\/\/www.paypalobjects.com\/es_ES\/i\/scr\/pixel.gif\" alt=\"\" width=\"1\" height=\"1\" border=\"0\" \/><\/h2>\n<h2 style=\"text-align: left;\"><a name=\"11\"><\/a>\u00a1Participa como Voluntario!<\/h2>\n<p style=\"text-align: left;\">Si no puedes o no te apetece participar en la ciclomarcha, pero quieres colaborar como voluntario en la organizaci\u00f3n de la prueba, puedes hacer rellenando el formulario que est\u00e1 en <a title=\"Se buscan voluntarios de para la I Ciclomarcha BTT MTB por las Enfermedades Raras Metab\u00f3licas\" href=\"https:\/\/asfema.org\/blog\/?p=922\" target=\"_blank\">esta p\u00e1gina<\/a>.<\/p>\n<p style=\"text-align: left;\">Todos los voluntarios recibir\u00e1n una <strong>camiseta conmemorativa<\/strong><\/p>\n<h2 style=\"text-align: left;\"><a name=\"13\"><\/a>Listado de Participantes<\/h2>\n<p style=\"text-align: left;\">Se ir\u00e1 actualizando a medida que se vayan formalizando las mismas<\/p>\n<h2 style=\"text-align: left;\"><a name=\"2\"><\/a>Caracter\u00edsticas<\/h2>\n<\/div>\n<p>El importe \u00edntegro de los beneficios que se obtengan ser\u00e1 para que ASFEMA pueda seguir desarrollando e impulsando su labor <strong>en beneficio de los afectados por las enfermedades raras metab\u00f3licas<\/strong>.<\/p>\n<p>La prueba tendr\u00e1 un<strong> m\u00e1ximo de 500 corredores de todas la edades<\/strong>, y contar\u00e1 con la participaci\u00f3n de<strong> ciclistas de renombre<\/strong> que colaboraran con la causa de forma totalmente altruista y con la generosa <strong>aportaci\u00f3n de alg\u00fan regalo personal que se sorteara<\/strong> entre todos los ciclistas participantes al final de la ciclomarcha. Para tu seguridad y tranquilidad,<strong> la prueba contar\u00e1 con atenci\u00f3n m\u00e9dica<\/strong> por parte de la <strong>Cruz Roja de El Tiemblo<\/strong> y <strong>m\u00e9dico deportivo<\/strong>. Adem\u00e1s, todos los corredores tendr\u00e1n un <strong>seguro incluido en la cuota de inscripci\u00f3n<\/strong>.<\/p>\n<p>Los corredores que participen en la carrera dispondr\u00e1n de:<\/p>\n<ul>\n<li>Avituallamiento l\u00edquido y s\u00f3lido a mitad de recorrido<\/li>\n<li>Bolsa de avituallamiento a la llegada con bocadillo, 1 pieza de fruta y bebida<\/li>\n<\/ul>\n<p>La log\u00edstica de la prueba estar\u00e1 coordinada por <strong>Protecci\u00f3n Civil\u00a0de El tiemblo <\/strong>y voluntarios de la organizaci\u00f3n de la ciclomarcha.<\/p>\n<h2><a name=\"3\"><\/a>Sorteos, Actividades y Regalos para los participantes<\/h2>\n<p>Si lo tuyo no son las bicis \u00a1no te quedes en casa\u00a1 Queremos que pases <strong>un d\u00eda genial con tu familia<\/strong>. En la zona de salida habr\u00e1 actividades y juegos para los ni\u00f1os bajo la <strong>supervisi\u00f3n de monitores voluntario de la <span style=\"color: #ff0000;\">Cruz Roja de El Tiemblo<\/span><\/strong>, <strong>aerobic<\/strong> para adultos y alguna sorpresa m\u00e1s.<\/p>\n<p>Contaremos con las actuaciones de <strong>Montty<\/strong>,<strong>\u00a0Ra\u00fal Santana, Oscar Recio<\/strong>, <strong>Mar\u00eda Barrios<\/strong>, <strong>C\u00e9sar, Juanjo Bar\u00f3n<\/strong>:<\/p>\n<div id='gallery-1' class='gallery galleryid-1402 gallery-columns-3 gallery-size-thumbnail'><figure class='gallery-item'>\n\t\t\t<div class='gallery-icon landscape'>\n\t\t\t\t<a href='https:\/\/asfema.org\/blog\/index.php\/ii-ciclomarcha-asfema-por-las-enfermedades-raras-metabolicas\/juanjo-baron-1\/'><img width=\"250\" height=\"141\" src=\"https:\/\/asfema.org\/blog\/wp-content\/uploads\/2014\/02\/JUANJO-BARON-1-250x141.jpg\" class=\"attachment-thumbnail size-thumbnail\" alt=\"\" decoding=\"async\" loading=\"lazy\" \/><\/a>\n\t\t\t<\/div><\/figure><figure class='gallery-item'>\n\t\t\t<div class='gallery-icon portrait'>\n\t\t\t\t<a href='https:\/\/asfema.org\/blog\/index.php\/ii-ciclomarcha-asfema-por-las-enfermedades-raras-metabolicas\/raul-santana-foto\/'><img width=\"250\" height=\"141\" src=\"https:\/\/asfema.org\/blog\/wp-content\/uploads\/2014\/02\/Raul-Santana-foto-250x141.png\" class=\"attachment-thumbnail size-thumbnail\" alt=\"\" decoding=\"async\" loading=\"lazy\" \/><\/a>\n\t\t\t<\/div><\/figure><figure class='gallery-item'>\n\t\t\t<div class='gallery-icon portrait'>\n\t\t\t\t<a href='https:\/\/asfema.org\/blog\/index.php\/ii-ciclomarcha-asfema-por-las-enfermedades-raras-metabolicas\/david-cesar\/'><img width=\"250\" height=\"141\" src=\"https:\/\/asfema.org\/blog\/wp-content\/uploads\/2014\/02\/David-Cesar-250x141.jpg\" class=\"attachment-thumbnail size-thumbnail\" alt=\"\" decoding=\"async\" loading=\"lazy\" \/><\/a>\n\t\t\t<\/div><\/figure><figure class='gallery-item'>\n\t\t\t<div class='gallery-icon landscape'>\n\t\t\t\t<a href='https:\/\/asfema.org\/blog\/index.php\/ii-ciclomarcha-asfema-por-las-enfermedades-raras-metabolicas\/maria-barrios-1\/'><img width=\"250\" height=\"141\" src=\"https:\/\/asfema.org\/blog\/wp-content\/uploads\/2014\/02\/MARIA-BARRIOS-1-250x141.jpg\" class=\"attachment-thumbnail size-thumbnail\" alt=\"\" decoding=\"async\" loading=\"lazy\" \/><\/a>\n\t\t\t<\/div><\/figure><figure class='gallery-item'>\n\t\t\t<div class='gallery-icon landscape'>\n\t\t\t\t<a href='https:\/\/asfema.org\/blog\/index.php\/ii-ciclomarcha-asfema-por-las-enfermedades-raras-metabolicas\/tarjeton_a\/'><img width=\"250\" height=\"141\" src=\"https:\/\/asfema.org\/blog\/wp-content\/uploads\/2014\/02\/tarjeton_A-250x141.jpg\" class=\"attachment-thumbnail size-thumbnail\" alt=\"\" decoding=\"async\" loading=\"lazy\" srcset=\"https:\/\/asfema.org\/blog\/wp-content\/uploads\/2014\/02\/tarjeton_A-250x141.jpg 250w, https:\/\/asfema.org\/blog\/wp-content\/uploads\/2014\/02\/tarjeton_A-800x450.jpg 800w\" sizes=\"(max-width: 250px) 100vw, 250px\" \/><\/a>\n\t\t\t<\/div><\/figure><figure class='gallery-item'>\n\t\t\t<div class='gallery-icon portrait'>\n\t\t\t\t<a href='https:\/\/asfema.org\/blog\/index.php\/i-ciclomarcha-mtb-btt-por-las-enfermedades-raras-metabolicas\/montty\/'><img width=\"200\" height=\"141\" src=\"https:\/\/asfema.org\/blog\/wp-content\/uploads\/2013\/03\/MONTTY-200x141.jpg\" class=\"attachment-thumbnail size-thumbnail\" alt=\"\" decoding=\"async\" aria-describedby=\"gallery-1-1011\" loading=\"lazy\" \/><\/a>\n\t\t\t<\/div>\n\t\t\t\t<figcaption class='wp-caption-text gallery-caption' id='gallery-1-1011'>\n\t\t\t\tEspect\u00e1culo de Mago Montty\n\t\t\t\t<\/figcaption><\/figure>\n\t\t<\/div>\n\n<p>Para amenizar la espera a todos los que participen en la prueba tendremos una sesi\u00f3n de <strong>Aerobic<\/strong> dirigida por <strong>Ricardo Sim\u00f3n<\/strong>.<\/p>\n<p>Toda la jornada contar\u00e1 con la animaci\u00f3n de un Speaker profesional.<\/p>\n<p>Adem\u00e1s se otorgar\u00e1n los <strong>siguientes premios<\/strong>:<\/p>\n<ul>\n<li>Al corredor m\u00e1s veterano<\/li>\n<li>Al corredor m\u00e1s joven<\/li>\n<li>Al corredor que venga desde m\u00e1s lejos<\/li>\n<li>Al club m\u00e1s numeroso<\/li>\n<\/ul>\n<p><strong>Men\u00fa especial para los corredores en <a title=\"Casa Mariano\" href=\"http:\/\/www.tripadvisor.es\/Restaurant_Review-g1729145-d2023435-Reviews-Casa_Mariano-El_Tiemblo_Province_of_Avila_Castile_and_Leon.html\" target=\"_blank\">Casa Mariano<\/a> por 15\u20ac \u00f3 20\u20ac<\/strong>.<\/p>\n<h2><a name=\"12\"><\/a>Participaci\u00f3n de Famosos del Ciclismo<\/h2>\n<p>Tenemos el placer de comunicar a todos los asistentes a la prueba que contaremos con la presencia de varios corredores famosos del mundo del ciclismo profesional, aunque su presencia definitiva quedar\u00e1 sujeta a su calendario deportivo,<\/p>\n<p><strong>\u00a1No desaprovech\u00e9is esta oportunidad de conocer a tus \u00eddolos del ciclismo!<\/strong><\/p>\n<h2><a name=\"5\"><\/a>Recorrido de la Prueba<\/h2>\n<p>La distancia del recorrido de la prueba es de unos <strong>32 Kil\u00f3metros<\/strong> con cierto desnivel y una <strong>dificultad media<\/strong>.<\/p>\n<p>Aqu\u00ed ten\u00e9is el perfil del recorrido:<\/p>\n<p><a href=\"https:\/\/asfema.org\/blog\/wp-content\/uploads\/2013\/02\/perfil_ruta.jpg\"><img decoding=\"async\" loading=\"lazy\" class=\"size-full wp-image-903 alignnone\" src=\"https:\/\/asfema.org\/blog\/wp-content\/uploads\/2013\/02\/perfil_ruta.jpg\" alt=\"perfil_ruta\" width=\"400\" height=\"79\" \/><\/a><\/p>\n<p><strong style=\"font-size: 16px;\">Mapa de la Zona de Salida y Recogida de Dorsales<\/strong><span style=\"font-size: 16px;\">:<\/span><\/p>\n<figure id=\"attachment_1116\" aria-describedby=\"caption-attachment-1116\" style=\"width: 219px\" class=\"wp-caption aligncenter\"><a href=\"https:\/\/asfema.org\/blog\/wp-content\/uploads\/2013\/04\/ZonaSalida.png\"><img decoding=\"async\" loading=\"lazy\" class=\"size-medium wp-image-1116 \" src=\"https:\/\/asfema.org\/blog\/wp-content\/uploads\/2013\/04\/ZonaSalida-219x300.png\" alt=\"Zona de Salida y Recogida de dorsales en El Tiemblo\" width=\"219\" height=\"300\" \/><\/a><figcaption id=\"caption-attachment-1116\" class=\"wp-caption-text\">Zona de Salida y Recogida de dorsales en El Tiemblo (clic para ampliar)<\/figcaption><\/figure>\n<p>Os pod\u00e9is descargar el recorrido de la prueba en este link:<\/p>\n<p><a href=\"https:\/\/asfema.org\/blog\/wp-content\/uploads\/2013\/02\/track_ciclomarcha_tiemblo_2013.zip\">track_GPS_ciclomarcha_tiemblo_2014<\/a><\/p>\n<h2><a name=\"6\"><\/a>Recogida de Dorsales<\/h2>\n<p>En el <strong>Polideportivo El Tiemblo<\/strong> el d\u00eda anterior a la carrera, \u00a0s\u00e1bado 26 de abril, de 16 a 19 horas.<\/p>\n<p>El mismo d\u00eda de la carrera, domingo 27 de Abril, de 9 a 11 horas en la zona de salida.<\/p>\n<p>Imprescindible identificarse en el momento de la recogida con el DNI. En caso de recoger el de otra persona, presentar justificante autorizado con firma y fotocopia (o foto) del DNI autorizado.<\/p>\n<h2><a name=\"7\"><\/a>Fila Cero en beneficio de Asfema<\/h2>\n<p>Si por cualquier motivo, no puedes asistir a la marcha, pero quieres colaborar con Asfema en el cuidado y atenci\u00f3n de los afectados por las enfermedades metab\u00f3licas raras, puedes hacer una donaci\u00f3n en el siguiente n\u00famero de cuenta:<\/p>\n<blockquote><p>Bankia <strong>2038 1006 65 6200018817<\/strong> CIF G78778727<\/p><\/blockquote>\n<p>Tambi\u00e9n se puede realizar una donaci\u00f3n a trav\u00e9s de PayPal:<\/p>\n<form action=\"https:\/\/www.paypal.com\/cgi-bin\/webscr\" method=\"post\" target=\"_top\">\n<p style=\"text-align: center;\"><input alt=\"PayPal. La forma r\u00e1pida y segura de pagar en Internet.\" name=\"submit\" src=\"https:\/\/www.paypalobjects.com\/es_ES\/ES\/i\/btn\/btn_donateCC_LG.gif\" type=\"image\" \/><br \/>\n<img decoding=\"async\" loading=\"lazy\" src=\"https:\/\/www.paypalobjects.com\/es_ES\/i\/scr\/pixel.gif\" alt=\"\" width=\"1\" height=\"1\" border=\"0\" \/><\/p>\n<\/form>\n<h2><a name=\"13\"><\/a>Fotos de la Edici\u00f3n de 2013<\/h2>\n<p><a title=\"Avituallamiento en la meta por asfema, en Flickr\" href=\"http:\/\/www.flickr.com\/photos\/asfema\/8770331160\/\"><img decoding=\"async\" loading=\"lazy\" src=\"http:\/\/farm3.staticflickr.com\/2869\/8770331160_d0af761192_m.jpg\" alt=\"Avituallamiento en la meta\" width=\"240\" height=\"136\" \/><\/a><\/p>\n<p><a title=\"Album Flickr\" href=\"http:\/\/www.flickr.com\/photos\/asfema\/sets\/72157633593655110\/\" target=\"_blank\">\u00c1lbum Completo en Flickr<\/a><\/p>\n<h2><a name=\"8\"><\/a>Colaboran<\/h2>\n<p>Esta carrera no hubiera sido posible sin la desinteresada colaboraci\u00f3n de:<\/p>\n<p><img decoding=\"async\" loading=\"lazy\" src=\"https:\/\/asfema.org\/blog\/wp-content\/uploads\/2013\/03\/escudo-proteccion-civil-290.jpg\" alt=\"\" width=\"120\" height=\"154\" \/><img decoding=\"async\" loading=\"lazy\" src=\"http:\/\/www.eltiemblo.es\/imagenes\/escudopeq.jpg\" alt=\"\" width=\"65\" height=\"114\" \/><img decoding=\"async\" loading=\"lazy\" src=\"http:\/\/www.huelvaempresa.es\/wp-content\/uploads\/2013\/12\/Cruz-Roja-logo.jpg\" alt=\"\" width=\"100\" height=\"100\" \/><\/p>\n<h2><a name=\"9\"><\/a>Patrocinadores<\/h2>\n<div id='gallery-2' class='gallery galleryid-1402 gallery-columns-3 gallery-size-thumbnail'><figure class='gallery-item'>\n\t\t\t<div class='gallery-icon landscape'>\n\t\t\t\t<a href='https:\/\/asfema.org\/blog\/index.php\/cata-formulas-pku-nutricia\/nutritia-mdical\/'><img width=\"200\" height=\"81\" src=\"https:\/\/asfema.org\/blog\/wp-content\/uploads\/2013\/04\/Nutritia-mdical.jpg\" class=\"attachment-thumbnail size-thumbnail\" alt=\"Nutricia\" decoding=\"async\" loading=\"lazy\" \/><\/a>\n\t\t\t<\/div><\/figure><figure class='gallery-item'>\n\t\t\t<div class='gallery-icon landscape'>\n\t\t\t\t<a href='https:\/\/asfema.org\/blog\/screenclip-4\/'><img width=\"162\" height=\"120\" src=\"https:\/\/asfema.org\/blog\/wp-content\/uploads\/2013\/04\/ScreenClip-4-e1366372215991.png\" class=\"attachment-thumbnail size-thumbnail\" alt=\"\" decoding=\"async\" loading=\"lazy\" \/><\/a>\n\t\t\t<\/div><\/figure><figure class='gallery-item'>\n\t\t\t<div class='gallery-icon landscape'>\n\t\t\t\t<a href='https:\/\/asfema.org\/blog\/logotipo-yuste-para-impresion\/'><img width=\"150\" height=\"62\" src=\"https:\/\/asfema.org\/blog\/wp-content\/uploads\/2013\/04\/logotipo-yuste-para-impresion-e1395920264981.jpg\" class=\"attachment-thumbnail size-thumbnail\" alt=\"\" decoding=\"async\" loading=\"lazy\" \/><\/a>\n\t\t\t<\/div><\/figure><figure class='gallery-item'>\n\t\t\t<div class='gallery-icon landscape'>\n\t\t\t\t<a href='https:\/\/asfema.org\/blog\/index.php\/v-ciclomarcha-mtb-por-las-enfermedades-raras-metabolicas\/golpedepedal\/'><img width=\"200\" height=\"69\" src=\"https:\/\/asfema.org\/blog\/wp-content\/uploads\/2013\/04\/GolpeDePedal.jpg\" class=\"attachment-thumbnail size-thumbnail\" alt=\"\" decoding=\"async\" loading=\"lazy\" \/><\/a>\n\t\t\t<\/div><\/figure><figure class='gallery-item'>\n\t\t\t<div class='gallery-icon landscape'>\n\t\t\t\t<a href='https:\/\/asfema.org\/blog\/index.php\/v-ciclomarcha-mtb-por-las-enfermedades-raras-metabolicas\/allianz\/'><img width=\"200\" height=\"113\" src=\"https:\/\/asfema.org\/blog\/wp-content\/uploads\/2013\/04\/ALLIANZ.jpg\" class=\"attachment-thumbnail size-thumbnail\" alt=\"Allianz\" decoding=\"async\" loading=\"lazy\" \/><\/a>\n\t\t\t<\/div><\/figure><figure class='gallery-item'>\n\t\t\t<div class='gallery-icon landscape'>\n\t\t\t\t<a href='https:\/\/asfema.org\/blog\/logo_v2-copia\/'><img width=\"113\" height=\"18\" src=\"https:\/\/asfema.org\/blog\/wp-content\/uploads\/2013\/04\/LOGO_V2-copia-e1365790134904.jpg\" class=\"attachment-thumbnail size-thumbnail\" alt=\"\" decoding=\"async\" loading=\"lazy\" \/><\/a>\n\t\t\t<\/div><\/figure><figure class='gallery-item'>\n\t\t\t<div class='gallery-icon landscape'>\n\t\t\t\t<a href='https:\/\/asfema.org\/blog\/senda\/'><img width=\"150\" height=\"86\" src=\"https:\/\/asfema.org\/blog\/wp-content\/uploads\/2013\/04\/senda-e1395920289985.jpg\" class=\"attachment-thumbnail size-thumbnail\" alt=\"\" decoding=\"async\" loading=\"lazy\" \/><\/a>\n\t\t\t<\/div><\/figure><figure class='gallery-item'>\n\t\t\t<div class='gallery-icon landscape'>\n\t\t\t\t<a href='https:\/\/asfema.org\/blog\/index.php\/v-ciclomarcha-mtb-por-las-enfermedades-raras-metabolicas\/mahou\/'><img width=\"200\" height=\"108\" src=\"https:\/\/asfema.org\/blog\/wp-content\/uploads\/2013\/04\/mahou.jpg\" class=\"attachment-thumbnail size-thumbnail\" alt=\"\" decoding=\"async\" loading=\"lazy\" \/><\/a>\n\t\t\t<\/div><\/figure><figure class='gallery-item'>\n\t\t\t<div class='gallery-icon landscape'>\n\t\t\t\t<a href='https:\/\/asfema.org\/blog\/index.php\/v-ciclomarcha-mtb-por-las-enfermedades-raras-metabolicas\/logo-decathlon-alcorcon-prueba3\/'><img width=\"200\" height=\"61\" src=\"https:\/\/asfema.org\/blog\/wp-content\/uploads\/2013\/04\/Logo-DECATHLON-ALCORCON-prueba3.jpg\" class=\"attachment-thumbnail size-thumbnail\" alt=\"\" decoding=\"async\" loading=\"lazy\" \/><\/a>\n\t\t\t<\/div><\/figure><figure class='gallery-item'>\n\t\t\t<div class='gallery-icon landscape'>\n\t\t\t\t<a href='https:\/\/asfema.org\/blog\/logo-alta-resolucion-fondo-blanco\/'><img width=\"200\" height=\"141\" src=\"https:\/\/asfema.org\/blog\/wp-content\/uploads\/2013\/04\/logo-alta-resolucion-fondo-blanco-200x141.jpg\" class=\"attachment-thumbnail size-thumbnail\" alt=\"\" decoding=\"async\" loading=\"lazy\" \/><\/a>\n\t\t\t<\/div><\/figure><figure class='gallery-item'>\n\t\t\t<div class='gallery-icon landscape'>\n\t\t\t\t<a href='https:\/\/asfema.org\/blog\/index.php\/v-ciclomarcha-mtb-por-las-enfermedades-raras-metabolicas\/logo-spiuk-cdr\/'><img width=\"200\" height=\"54\" src=\"https:\/\/asfema.org\/blog\/wp-content\/uploads\/2013\/04\/Logo-Spiuk.jpg\" class=\"attachment-thumbnail size-thumbnail\" alt=\"\" decoding=\"async\" loading=\"lazy\" \/><\/a>\n\t\t\t<\/div><\/figure><figure class='gallery-item'>\n\t\t\t<div class='gallery-icon landscape'>\n\t\t\t\t<a href='https:\/\/asfema.org\/blog\/index.php\/v-ciclomarcha-mtb-por-las-enfermedades-raras-metabolicas\/marsapiel001\/'><img width=\"200\" height=\"75\" src=\"https:\/\/asfema.org\/blog\/wp-content\/uploads\/2013\/04\/marsapiel001.jpg\" class=\"attachment-thumbnail size-thumbnail\" alt=\"\" decoding=\"async\" loading=\"lazy\" \/><\/a>\n\t\t\t<\/div><\/figure><figure class='gallery-item'>\n\t\t\t<div class='gallery-icon landscape'>\n\t\t\t\t<a href='https:\/\/asfema.org\/blog\/index.php\/v-ciclomarcha-mtb-por-las-enfermedades-raras-metabolicas\/circular\/'><img width=\"200\" height=\"75\" src=\"https:\/\/asfema.org\/blog\/wp-content\/uploads\/2013\/04\/circular.jpg\" class=\"attachment-thumbnail size-thumbnail\" alt=\"\" decoding=\"async\" loading=\"lazy\" \/><\/a>\n\t\t\t<\/div><\/figure><figure class='gallery-item'>\n\t\t\t<div class='gallery-icon landscape'>\n\t\t\t\t<a href='https:\/\/asfema.org\/blog\/index.php\/v-ciclomarcha-mtb-por-las-enfermedades-raras-metabolicas\/clinica-carol\/'><img width=\"200\" height=\"85\" src=\"https:\/\/asfema.org\/blog\/wp-content\/uploads\/2013\/04\/clinica-carol.jpg\" class=\"attachment-thumbnail size-thumbnail\" alt=\"\" decoding=\"async\" loading=\"lazy\" \/><\/a>\n\t\t\t<\/div><\/figure><figure class='gallery-item'>\n\t\t\t<div class='gallery-icon portrait'>\n\t\t\t\t<a href='https:\/\/asfema.org\/blog\/index.php\/v-ciclomarcha-mtb-por-las-enfermedades-raras-metabolicas\/scanned-document\/'><img width=\"200\" height=\"141\" src=\"https:\/\/asfema.org\/blog\/wp-content\/uploads\/2013\/04\/ciclos-delicias-200x141.jpg\" class=\"attachment-thumbnail size-thumbnail\" alt=\"\" decoding=\"async\" loading=\"lazy\" \/><\/a>\n\t\t\t<\/div><\/figure><figure class='gallery-item'>\n\t\t\t<div class='gallery-icon landscape'>\n\t\t\t\t<a href='https:\/\/asfema.org\/blog\/index.php\/v-ciclomarcha-mtb-por-las-enfermedades-raras-metabolicas\/purpleok\/'><img width=\"200\" height=\"117\" src=\"https:\/\/asfema.org\/blog\/wp-content\/uploads\/2013\/03\/purpleok.jpg\" class=\"attachment-thumbnail size-thumbnail\" alt=\"\" decoding=\"async\" loading=\"lazy\" \/><\/a>\n\t\t\t<\/div><\/figure><figure class='gallery-item'>\n\t\t\t<div class='gallery-icon portrait'>\n\t\t\t\t<a href='https:\/\/asfema.org\/blog\/index.php\/v-ciclomarcha-mtb-por-las-enfermedades-raras-metabolicas\/angel\/'><img width=\"200\" height=\"141\" src=\"https:\/\/asfema.org\/blog\/wp-content\/uploads\/2013\/03\/angel-200x141.jpg\" class=\"attachment-thumbnail size-thumbnail\" alt=\"\" decoding=\"async\" loading=\"lazy\" \/><\/a>\n\t\t\t<\/div><\/figure><figure class='gallery-item'>\n\t\t\t<div class='gallery-icon portrait'>\n\t\t\t\t<a href='https:\/\/asfema.org\/blog\/index.php\/v-ciclomarcha-mtb-por-las-enfermedades-raras-metabolicas\/calahorra\/'><img width=\"200\" height=\"141\" src=\"https:\/\/asfema.org\/blog\/wp-content\/uploads\/2013\/03\/calahorra-200x141.jpg\" class=\"attachment-thumbnail size-thumbnail\" alt=\"\" decoding=\"async\" loading=\"lazy\" \/><\/a>\n\t\t\t<\/div><\/figure><figure class='gallery-item'>\n\t\t\t<div class='gallery-icon landscape'>\n\t\t\t\t<a href='https:\/\/asfema.org\/blog\/anagrama-la-canada1-2\/'><img width=\"200\" height=\"141\" src=\"https:\/\/asfema.org\/blog\/wp-content\/uploads\/2013\/03\/anagrama-La-Canada1-200x141.jpg\" class=\"attachment-thumbnail size-thumbnail\" alt=\"\" decoding=\"async\" loading=\"lazy\" \/><\/a>\n\t\t\t<\/div><\/figure><figure class='gallery-item'>\n\t\t\t<div class='gallery-icon landscape'>\n\t\t\t\t<a href='https:\/\/asfema.org\/blog\/index.php\/v-ciclomarcha-mtb-por-las-enfermedades-raras-metabolicas\/aale\/'><img width=\"200\" height=\"117\" src=\"https:\/\/asfema.org\/blog\/wp-content\/uploads\/2013\/03\/aale.jpg\" class=\"attachment-thumbnail size-thumbnail\" alt=\"\" decoding=\"async\" loading=\"lazy\" \/><\/a>\n\t\t\t<\/div><\/figure><figure class='gallery-item'>\n\t\t\t<div class='gallery-icon landscape'>\n\t\t\t\t<a href='https:\/\/asfema.org\/blog\/index.php\/v-ciclomarcha-mtb-por-las-enfermedades-raras-metabolicas\/gallego\/'><img width=\"150\" height=\"84\" src=\"https:\/\/asfema.org\/blog\/wp-content\/uploads\/2013\/03\/gallego-e1395920320304.jpg\" class=\"attachment-thumbnail size-thumbnail\" alt=\"\" decoding=\"async\" loading=\"lazy\" \/><\/a>\n\t\t\t<\/div><\/figure><figure class='gallery-item'>\n\t\t\t<div class='gallery-icon landscape'>\n\t\t\t\t<a href='https:\/\/asfema.org\/blog\/index.php\/v-ciclomarcha-mtb-por-las-enfermedades-raras-metabolicas\/logo-calmera\/'><img width=\"200\" height=\"92\" src=\"https:\/\/asfema.org\/blog\/wp-content\/uploads\/2013\/03\/Logo-Calmera.jpg\" class=\"attachment-thumbnail size-thumbnail\" alt=\"\" decoding=\"async\" loading=\"lazy\" \/><\/a>\n\t\t\t<\/div><\/figure><figure class='gallery-item'>\n\t\t\t<div class='gallery-icon landscape'>\n\t\t\t\t<a href='https:\/\/asfema.org\/blog\/index.php\/v-ciclomarcha-mtb-por-las-enfermedades-raras-metabolicas\/victornieto\/'><img width=\"200\" height=\"68\" src=\"https:\/\/asfema.org\/blog\/wp-content\/uploads\/2013\/03\/VICTORNIETO.jpg\" class=\"attachment-thumbnail size-thumbnail\" alt=\"\" decoding=\"async\" loading=\"lazy\" \/><\/a>\n\t\t\t<\/div><\/figure><figure class='gallery-item'>\n\t\t\t<div class='gallery-icon landscape'>\n\t\t\t\t<a href='https:\/\/asfema.org\/blog\/index.php\/v-ciclomarcha-mtb-por-las-enfermedades-raras-metabolicas\/samaniego\/'><img width=\"200\" height=\"98\" src=\"https:\/\/asfema.org\/blog\/wp-content\/uploads\/2013\/03\/samaniego.jpg\" class=\"attachment-thumbnail size-thumbnail\" alt=\"\" decoding=\"async\" loading=\"lazy\" \/><\/a>\n\t\t\t<\/div><\/figure><figure class='gallery-item'>\n\t\t\t<div class='gallery-icon landscape'>\n\t\t\t\t<a href='https:\/\/asfema.org\/blog\/index.php\/v-ciclomarcha-mtb-por-las-enfermedades-raras-metabolicas\/mariano001\/'><img width=\"200\" height=\"98\" src=\"https:\/\/asfema.org\/blog\/wp-content\/uploads\/2013\/03\/mariano001.jpg\" class=\"attachment-thumbnail size-thumbnail\" alt=\"\" decoding=\"async\" loading=\"lazy\" \/><\/a>\n\t\t\t<\/div><\/figure><figure class='gallery-item'>\n\t\t\t<div class='gallery-icon landscape'>\n\t\t\t\t<a href='https:\/\/asfema.org\/blog\/index.php\/v-ciclomarcha-mtb-por-las-enfermedades-raras-metabolicas\/la-galeria001\/'><img width=\"200\" height=\"70\" src=\"https:\/\/asfema.org\/blog\/wp-content\/uploads\/2013\/03\/la-galeria001.jpg\" class=\"attachment-thumbnail size-thumbnail\" alt=\"\" decoding=\"async\" loading=\"lazy\" \/><\/a>\n\t\t\t<\/div><\/figure><figure class='gallery-item'>\n\t\t\t<div class='gallery-icon landscape'>\n\t\t\t\t<a href='https:\/\/asfema.org\/blog\/index.php\/v-ciclomarcha-mtb-por-las-enfermedades-raras-metabolicas\/logotipo-empresa-2\/'><img width=\"200\" height=\"141\" src=\"https:\/\/asfema.org\/blog\/wp-content\/uploads\/2013\/03\/Logotipo-empresa-2-200x141.jpg\" class=\"attachment-thumbnail size-thumbnail\" alt=\"\" decoding=\"async\" loading=\"lazy\" \/><\/a>\n\t\t\t<\/div><\/figure><figure class='gallery-item'>\n\t\t\t<div class='gallery-icon landscape'>\n\t\t\t\t<a href='https:\/\/asfema.org\/blog\/index.php\/v-ciclomarcha-mtb-por-las-enfermedades-raras-metabolicas\/papeleriacandil-2\/'><img width=\"200\" height=\"80\" src=\"https:\/\/asfema.org\/blog\/wp-content\/uploads\/2013\/03\/papeleriacandil.jpg\" class=\"attachment-thumbnail size-thumbnail\" alt=\"\" decoding=\"async\" loading=\"lazy\" \/><\/a>\n\t\t\t<\/div><\/figure><figure class='gallery-item'>\n\t\t\t<div class='gallery-icon landscape'>\n\t\t\t\t<a href='https:\/\/asfema.org\/blog\/index.php\/v-ciclomarcha-mtb-por-las-enfermedades-raras-metabolicas\/logo-garralon-1\/'><img width=\"200\" height=\"126\" src=\"https:\/\/asfema.org\/blog\/wp-content\/uploads\/2013\/03\/logo-garralon-1-e1363702169308.jpg\" class=\"attachment-thumbnail size-thumbnail\" alt=\"\" decoding=\"async\" loading=\"lazy\" \/><\/a>\n\t\t\t<\/div><\/figure><figure class='gallery-item'>\n\t\t\t<div class='gallery-icon portrait'>\n\t\t\t\t<a href='https:\/\/asfema.org\/blog\/index.php\/v-ciclomarcha-mtb-por-las-enfermedades-raras-metabolicas\/hervas\/'><img width=\"200\" height=\"141\" src=\"https:\/\/asfema.org\/blog\/wp-content\/uploads\/2013\/03\/hervas-200x141.jpg\" class=\"attachment-thumbnail size-thumbnail\" alt=\"\" decoding=\"async\" loading=\"lazy\" \/><\/a>\n\t\t\t<\/div><\/figure><figure class='gallery-item'>\n\t\t\t<div class='gallery-icon landscape'>\n\t\t\t\t<a href='https:\/\/asfema.org\/blog\/index.php\/v-ciclomarcha-mtb-por-las-enfermedades-raras-metabolicas\/af-rotulo-3-1\/'><img width=\"200\" height=\"27\" src=\"https:\/\/asfema.org\/blog\/wp-content\/uploads\/2013\/03\/AF-rotulo-3-1.jpg\" class=\"attachment-thumbnail size-thumbnail\" alt=\"\" decoding=\"async\" loading=\"lazy\" \/><\/a>\n\t\t\t<\/div><\/figure><figure class='gallery-item'>\n\t\t\t<div class='gallery-icon landscape'>\n\t\t\t\t<a href='https:\/\/asfema.org\/blog\/index.php\/v-ciclomarcha-mtb-por-las-enfermedades-raras-metabolicas\/correveidileweb\/'><img width=\"200\" height=\"39\" src=\"https:\/\/asfema.org\/blog\/wp-content\/uploads\/2013\/03\/correveidileweb.jpg\" class=\"attachment-thumbnail size-thumbnail\" alt=\"correveidile\" decoding=\"async\" loading=\"lazy\" \/><\/a>\n\t\t\t<\/div><\/figure><figure class='gallery-item'>\n\t\t\t<div class='gallery-icon landscape'>\n\t\t\t\t<a href='https:\/\/asfema.org\/blog\/logo-costa001\/'><img width=\"200\" height=\"141\" src=\"https:\/\/asfema.org\/blog\/wp-content\/uploads\/2013\/03\/logo-costa001-200x141.jpg\" class=\"attachment-thumbnail size-thumbnail\" alt=\"\" decoding=\"async\" loading=\"lazy\" \/><\/a>\n\t\t\t<\/div><\/figure><figure class='gallery-item'>\n\t\t\t<div class='gallery-icon landscape'>\n\t\t\t\t<a href='https:\/\/asfema.org\/blog\/la-estacio\/'><img width=\"200\" height=\"104\" src=\"https:\/\/asfema.org\/blog\/wp-content\/uploads\/2013\/03\/la-estacio.jpg\" class=\"attachment-thumbnail size-thumbnail\" alt=\"\" decoding=\"async\" loading=\"lazy\" \/><\/a>\n\t\t\t<\/div><\/figure><figure class='gallery-item'>\n\t\t\t<div class='gallery-icon landscape'>\n\t\t\t\t<a href='https:\/\/asfema.org\/blog\/index.php\/v-ciclomarcha-mtb-por-las-enfermedades-raras-metabolicas\/joalte-jpeg\/'><img width=\"200\" height=\"141\" src=\"https:\/\/asfema.org\/blog\/wp-content\/uploads\/2013\/03\/JOALTE-jpeg-200x141.jpg\" class=\"attachment-thumbnail size-thumbnail\" alt=\"\" decoding=\"async\" loading=\"lazy\" \/><\/a>\n\t\t\t<\/div><\/figure><figure class='gallery-item'>\n\t\t\t<div class='gallery-icon landscape'>\n\t\t\t\t<a href='https:\/\/asfema.org\/blog\/index.php\/v-ciclomarcha-mtb-por-las-enfermedades-raras-metabolicas\/peluqueria-tigonweb\/'><img width=\"200\" height=\"67\" src=\"https:\/\/asfema.org\/blog\/wp-content\/uploads\/2013\/03\/peluqueria-tigonweb.jpg\" class=\"attachment-thumbnail size-thumbnail\" alt=\"\" decoding=\"async\" loading=\"lazy\" \/><\/a>\n\t\t\t<\/div><\/figure><figure class='gallery-item'>\n\t\t\t<div class='gallery-icon landscape'>\n\t\t\t\t<a href='https:\/\/asfema.org\/blog\/index.php\/v-ciclomarcha-mtb-por-las-enfermedades-raras-metabolicas\/karacolweb\/'><img width=\"200\" height=\"106\" src=\"https:\/\/asfema.org\/blog\/wp-content\/uploads\/2013\/03\/Karacolweb.jpg\" class=\"attachment-thumbnail size-thumbnail\" alt=\"\" decoding=\"async\" loading=\"lazy\" \/><\/a>\n\t\t\t<\/div><\/figure><figure class='gallery-item'>\n\t\t\t<div class='gallery-icon landscape'>\n\t\t\t\t<a href='https:\/\/asfema.org\/blog\/index.php\/v-ciclomarcha-mtb-por-las-enfermedades-raras-metabolicas\/publasvegasweb\/'><img width=\"200\" height=\"72\" src=\"https:\/\/asfema.org\/blog\/wp-content\/uploads\/2013\/03\/publasvegasweb.jpg\" class=\"attachment-thumbnail size-thumbnail\" alt=\"\" decoding=\"async\" loading=\"lazy\" \/><\/a>\n\t\t\t<\/div><\/figure><figure class='gallery-item'>\n\t\t\t<div class='gallery-icon landscape'>\n\t\t\t\t<a href='https:\/\/asfema.org\/blog\/generaliweb\/'><img width=\"200\" height=\"121\" src=\"https:\/\/asfema.org\/blog\/wp-content\/uploads\/2013\/03\/GeneraliWeb.jpg\" class=\"attachment-thumbnail size-thumbnail\" alt=\"\" decoding=\"async\" loading=\"lazy\" \/><\/a>\n\t\t\t<\/div><\/figure><figure class='gallery-item'>\n\t\t\t<div class='gallery-icon landscape'>\n\t\t\t\t<a href='https:\/\/asfema.org\/blog\/restauranteguisandoweb\/'><img width=\"199\" height=\"141\" src=\"https:\/\/asfema.org\/blog\/wp-content\/uploads\/2013\/03\/RestauranteGuisandoWeb.jpg\" class=\"attachment-thumbnail size-thumbnail\" alt=\"\" decoding=\"async\" loading=\"lazy\" \/><\/a>\n\t\t\t<\/div><\/figure><figure class='gallery-item'>\n\t\t\t<div class='gallery-icon landscape'>\n\t\t\t\t<a href='https:\/\/asfema.org\/blog\/index.php\/v-ciclomarcha-mtb-por-las-enfermedades-raras-metabolicas\/abmavicarnesweb\/'><img width=\"200\" height=\"124\" src=\"https:\/\/asfema.org\/blog\/wp-content\/uploads\/2013\/03\/abmavicarnesweb.jpg\" class=\"attachment-thumbnail size-thumbnail\" alt=\"\" decoding=\"async\" loading=\"lazy\" \/><\/a>\n\t\t\t<\/div><\/figure><figure class='gallery-item'>\n\t\t\t<div class='gallery-icon landscape'>\n\t\t\t\t<a href='https:\/\/asfema.org\/blog\/disaralweb\/'><img width=\"200\" height=\"141\" src=\"https:\/\/asfema.org\/blog\/wp-content\/uploads\/2013\/03\/disaralweb-200x141.jpg\" class=\"attachment-thumbnail size-thumbnail\" alt=\"\" decoding=\"async\" loading=\"lazy\" \/><\/a>\n\t\t\t<\/div><\/figure><figure class='gallery-item'>\n\t\t\t<div class='gallery-icon landscape'>\n\t\t\t\t<a href='https:\/\/asfema.org\/blog\/index.php\/i-ciclomarcha-mtb-btt-por-las-enfermedades-raras-metabolicas\/manguan2\/'><img width=\"250\" height=\"141\" src=\"https:\/\/asfema.org\/blog\/wp-content\/uploads\/2013\/02\/manguan2-250x141.jpg\" class=\"attachment-thumbnail size-thumbnail\" alt=\"Manguan\" decoding=\"async\" loading=\"lazy\" \/><\/a>\n\t\t\t<\/div><\/figure><figure class='gallery-item'>\n\t\t\t<div class='gallery-icon landscape'>\n\t\t\t\t<a href='https:\/\/asfema.org\/blog\/index.php\/ii-ciclomarcha-asfema-por-las-enfermedades-raras-metabolicas\/logo-cecauto\/'><img width=\"150\" height=\"48\" src=\"https:\/\/asfema.org\/blog\/wp-content\/uploads\/2014\/02\/logo-cecauto-e1395920358529.jpg\" class=\"attachment-thumbnail size-thumbnail\" alt=\"\" decoding=\"async\" loading=\"lazy\" \/><\/a>\n\t\t\t<\/div><\/figure><figure class='gallery-item'>\n\t\t\t<div class='gallery-icon portrait'>\n\t\t\t\t<a href='https:\/\/asfema.org\/blog\/index.php\/ii-ciclomarcha-asfema-por-las-enfermedades-raras-metabolicas\/logo-rasterizado\/'><img width=\"250\" height=\"141\" src=\"https:\/\/asfema.org\/blog\/wp-content\/uploads\/2014\/02\/Logo-Rasterizado-250x141.jpg\" class=\"attachment-thumbnail size-thumbnail\" alt=\"\" decoding=\"async\" loading=\"lazy\" \/><\/a>\n\t\t\t<\/div><\/figure><figure class='gallery-item'>\n\t\t\t<div class='gallery-icon landscape'>\n\t\t\t\t<a href='https:\/\/asfema.org\/blog\/index.php\/ii-ciclomarcha-asfema-por-las-enfermedades-raras-metabolicas\/burgersnoopy\/'><img width=\"250\" height=\"141\" src=\"https:\/\/asfema.org\/blog\/wp-content\/uploads\/2014\/02\/BurgerSnoopy-250x141.jpg\" class=\"attachment-thumbnail size-thumbnail\" alt=\"\" decoding=\"async\" loading=\"lazy\" \/><\/a>\n\t\t\t<\/div><\/figure><figure class='gallery-item'>\n\t\t\t<div class='gallery-icon landscape'>\n\t\t\t\t<a href='https:\/\/asfema.org\/blog\/index.php\/ii-ciclomarcha-asfema-por-las-enfermedades-raras-metabolicas\/clinicadental\/'><img width=\"250\" height=\"113\" src=\"https:\/\/asfema.org\/blog\/wp-content\/uploads\/2014\/02\/ClinicaDental-e1395920387810-250x113.jpg\" class=\"attachment-thumbnail size-thumbnail\" alt=\"DENTALES\" decoding=\"async\" loading=\"lazy\" \/><\/a>\n\t\t\t<\/div><\/figure><figure class='gallery-item'>\n\t\t\t<div class='gallery-icon landscape'>\n\t\t\t\t<a href='https:\/\/asfema.org\/blog\/index.php\/ii-ciclomarcha-asfema-por-las-enfermedades-raras-metabolicas\/logo-villa\/'><img width=\"250\" height=\"141\" src=\"https:\/\/asfema.org\/blog\/wp-content\/uploads\/2014\/02\/LOGO-VILLA-250x141.jpg\" class=\"attachment-thumbnail size-thumbnail\" alt=\"\" decoding=\"async\" loading=\"lazy\" \/><\/a>\n\t\t\t<\/div><\/figure><figure class='gallery-item'>\n\t\t\t<div class='gallery-icon landscape'>\n\t\t\t\t<a href='https:\/\/asfema.org\/blog\/index.php\/ii-ciclomarcha-asfema-por-las-enfermedades-raras-metabolicas\/manso1\/'><img width=\"200\" height=\"141\" src=\"https:\/\/asfema.org\/blog\/wp-content\/uploads\/2014\/02\/MANSO1-200x141.jpg\" class=\"attachment-thumbnail size-thumbnail\" alt=\"FORESTALES\" decoding=\"async\" loading=\"lazy\" \/><\/a>\n\t\t\t<\/div><\/figure><figure class='gallery-item'>\n\t\t\t<div class='gallery-icon landscape'>\n\t\t\t\t<a href='https:\/\/asfema.org\/blog\/index.php\/ii-ciclomarcha-asfema-por-las-enfermedades-raras-metabolicas\/mibikes\/'><img width=\"250\" height=\"141\" src=\"https:\/\/asfema.org\/blog\/wp-content\/uploads\/2014\/02\/mibikes-e1395920088454-250x141.jpg\" class=\"attachment-thumbnail size-thumbnail\" alt=\"\" decoding=\"async\" loading=\"lazy\" \/><\/a>\n\t\t\t<\/div><\/figure><figure class='gallery-item'>\n\t\t\t<div class='gallery-icon landscape'>\n\t\t\t\t<a href='https:\/\/asfema.org\/blog\/index.php\/ii-ciclomarcha-asfema-por-las-enfermedades-raras-metabolicas\/fund-caja-de-avila\/'><img width=\"250\" height=\"141\" src=\"https:\/\/asfema.org\/blog\/wp-content\/uploads\/2014\/02\/fund.caja-de-avila-250x141.jpg\" class=\"attachment-thumbnail size-thumbnail\" alt=\"\" decoding=\"async\" loading=\"lazy\" \/><\/a>\n\t\t\t<\/div><\/figure><figure class='gallery-item'>\n\t\t\t<div class='gallery-icon landscape'>\n\t\t\t\t<a href='https:\/\/asfema.org\/blog\/index.php\/ii-ciclomarcha-asfema-por-las-enfermedades-raras-metabolicas\/screenclip-2-3\/'><img width=\"200\" height=\"45\" src=\"https:\/\/asfema.org\/blog\/wp-content\/uploads\/2014\/02\/ScreenClip-2-e1395920016152.png\" class=\"attachment-thumbnail size-thumbnail\" alt=\"\" decoding=\"async\" loading=\"lazy\" \/><\/a>\n\t\t\t<\/div><\/figure><figure class='gallery-item'>\n\t\t\t<div class='gallery-icon landscape'>\n\t\t\t\t<a href='https:\/\/asfema.org\/blog\/index.php\/ii-ciclomarcha-asfema-por-las-enfermedades-raras-metabolicas\/logo-2\/'><img width=\"250\" height=\"141\" src=\"https:\/\/asfema.org\/blog\/wp-content\/uploads\/2014\/02\/logo--e1395919963417-250x141.jpg\" class=\"attachment-thumbnail size-thumbnail\" alt=\"\" decoding=\"async\" loading=\"lazy\" \/><\/a>\n\t\t\t<\/div><\/figure><figure class='gallery-item'>\n\t\t\t<div class='gallery-icon landscape'>\n\t\t\t\t<a href='https:\/\/asfema.org\/blog\/index.php\/ii-ciclomarcha-asfema-por-las-enfermedades-raras-metabolicas\/maderas\/'><img width=\"250\" height=\"141\" src=\"https:\/\/asfema.org\/blog\/wp-content\/uploads\/2014\/02\/Maderas-e1396553612301-250x141.jpg\" class=\"attachment-thumbnail size-thumbnail\" alt=\"\" decoding=\"async\" loading=\"lazy\" \/><\/a>\n\t\t\t<\/div><\/figure><figure class='gallery-item'>\n\t\t\t<div class='gallery-icon landscape'>\n\t\t\t\t<a href='https:\/\/asfema.org\/blog\/index.php\/ii-ciclomarcha-asfema-por-las-enfermedades-raras-metabolicas\/nuevomar1\/'><img width=\"250\" height=\"84\" src=\"https:\/\/asfema.org\/blog\/wp-content\/uploads\/2014\/02\/Nuevomar1-e1395920414282-250x84.jpg\" class=\"attachment-thumbnail size-thumbnail\" alt=\"\" decoding=\"async\" loading=\"lazy\" \/><\/a>\n\t\t\t<\/div><\/figure><figure class='gallery-item'>\n\t\t\t<div class='gallery-icon landscape'>\n\t\t\t\t<a href='https:\/\/asfema.org\/blog\/index.php\/ii-ciclomarcha-asfema-por-las-enfermedades-raras-metabolicas\/nuevomar2\/'><img width=\"200\" height=\"45\" src=\"https:\/\/asfema.org\/blog\/wp-content\/uploads\/2014\/02\/Nuevomar2-e1396553759832.jpg\" class=\"attachment-thumbnail size-thumbnail\" alt=\"\" decoding=\"async\" loading=\"lazy\" \/><\/a>\n\t\t\t<\/div><\/figure><figure class='gallery-item'>\n\t\t\t<div class='gallery-icon landscape'>\n\t\t\t\t<a href='https:\/\/asfema.org\/blog\/index.php\/ii-ciclomarcha-asfema-por-las-enfermedades-raras-metabolicas\/avibike\/'><img width=\"250\" height=\"141\" src=\"https:\/\/asfema.org\/blog\/wp-content\/uploads\/2014\/02\/Avibike-250x141.jpg\" class=\"attachment-thumbnail size-thumbnail\" alt=\"avibike\" decoding=\"async\" loading=\"lazy\" \/><\/a>\n\t\t\t<\/div><\/figure><figure class='gallery-item'>\n\t\t\t<div class='gallery-icon landscape'>\n\t\t\t\t<a href='https:\/\/asfema.org\/blog\/index.php\/ii-ciclomarcha-asfema-por-las-enfermedades-raras-metabolicas\/fotofonteron\/'><img width=\"250\" height=\"141\" src=\"https:\/\/asfema.org\/blog\/wp-content\/uploads\/2014\/02\/fotofonteron-250x141.jpg\" class=\"attachment-thumbnail size-thumbnail\" alt=\"\" decoding=\"async\" loading=\"lazy\" \/><\/a>\n\t\t\t<\/div><\/figure><figure class='gallery-item'>\n\t\t\t<div class='gallery-icon landscape'>\n\t\t\t\t<a href='https:\/\/asfema.org\/blog\/index.php\/ii-ciclomarcha-asfema-por-las-enfermedades-raras-metabolicas\/logo-lider\/'><img width=\"200\" height=\"83\" src=\"https:\/\/asfema.org\/blog\/wp-content\/uploads\/2014\/02\/logo-lider-e1396553716152.jpg\" class=\"attachment-thumbnail size-thumbnail\" alt=\"\" decoding=\"async\" loading=\"lazy\" \/><\/a>\n\t\t\t<\/div><\/figure><figure class='gallery-item'>\n\t\t\t<div class='gallery-icon portrait'>\n\t\t\t\t<a href='https:\/\/asfema.org\/blog\/index.php\/ii-ciclomarcha-asfema-por-las-enfermedades-raras-metabolicas\/bicismiguel-2\/'><img width=\"180\" height=\"141\" src=\"https:\/\/asfema.org\/blog\/wp-content\/uploads\/2014\/02\/BicisMiguel-e1396553655279-180x141.jpg\" class=\"attachment-thumbnail size-thumbnail\" alt=\"\" decoding=\"async\" loading=\"lazy\" \/><\/a>\n\t\t\t<\/div><\/figure><figure class='gallery-item'>\n\t\t\t<div class='gallery-icon landscape'>\n\t\t\t\t<a href='https:\/\/asfema.org\/blog\/cocacolaweb\/'><img width=\"200\" height=\"70\" src=\"https:\/\/asfema.org\/blog\/wp-content\/uploads\/2013\/03\/COCACOLAweb.jpg\" class=\"attachment-thumbnail size-thumbnail\" alt=\"Coca Cola\" decoding=\"async\" loading=\"lazy\" \/><\/a>\n\t\t\t<\/div><\/figure><figure class='gallery-item'>\n\t\t\t<div class='gallery-icon landscape'>\n\t\t\t\t<a href='https:\/\/asfema.org\/blog\/index.php\/ii-ciclomarcha-asfema-por-las-enfermedades-raras-metabolicas\/quinones\/'><img width=\"250\" height=\"106\" src=\"https:\/\/asfema.org\/blog\/wp-content\/uploads\/2014\/02\/Quinones-e1396554100499.jpg\" class=\"attachment-thumbnail size-thumbnail\" alt=\"\" decoding=\"async\" loading=\"lazy\" \/><\/a>\n\t\t\t<\/div><\/figure><figure class='gallery-item'>\n\t\t\t<div class='gallery-icon landscape'>\n\t\t\t\t<a href='https:\/\/asfema.org\/blog\/index.php\/ii-ciclomarcha-asfema-por-las-enfermedades-raras-metabolicas\/frutas-dilla\/'><img width=\"213\" height=\"141\" src=\"https:\/\/asfema.org\/blog\/wp-content\/uploads\/2014\/02\/FRUTAS-DILLA.jpg\" class=\"attachment-thumbnail size-thumbnail\" alt=\"\" decoding=\"async\" loading=\"lazy\" \/><\/a>\n\t\t\t<\/div><\/figure>\n\t\t<\/div>\n\n<p><a href=\"http:\/\/www.mtb-mountainbike.com\/\" target=\"_blank\"><img decoding=\"async\" src=\"http:\/\/www.mtb-mountainbike.com\/imagenes\/logo_200.gif\" alt=\"MTB - Mountain Bike\" border=\"0\" \/><\/a><\/p>\n<h2><a name=\"10\"><\/a>Dudas, sugerencias y contacto<\/h2>\n<p>Si tienes cualquier pregunta o sugerencia que hacernos, no dudes en enviar un email a la direcci\u00f3n <a title=\"Contacto Asfema\" href=\"mailto:contacto@asfema.org\" target=\"_blank\">contacto@asfema.org<\/a><\/p>\n","protected":false},"excerpt":{"rendered":"<p>&nbsp; cheap nfl jerseys wholesale nfl jerseys wholesale jerseys cheap jerseys cheap jerseys YA EST\u00c1 ABIERTA LA INSCRIPCI\u00d3N PARA LA III EDICI\u00d3N DE LA CICLOMARCHA Por cierto, si quieres ver las espectaculares fotos de la edici\u00f3n del a\u00f1o pasado, y ver lo bonito que es el recorrido, visita nuestra p\u00e1gina de Flickr.<\/p>\n","protected":false},"author":1,"featured_media":0,"parent":0,"menu_order":0,"comment_status":"open","ping_status":"open","template":"","meta":{"site-sidebar-layout":"default","site-content-layout":"default","ast-global-header-display":"","ast-banner-title-visibility":"","ast-main-header-display":"","ast-hfb-above-header-display":"","ast-hfb-below-header-display":"","ast-hfb-mobile-header-display":"","site-post-title":"","ast-breadcrumbs-content":"","ast-featured-img":"","footer-sml-layout":"","theme-transparent-header-meta":"","adv-header-id-meta":"","stick-header-meta":"","header-above-stick-meta":"","header-main-stick-meta":"","header-below-stick-meta":"","footnotes":""},"acf":[],"_links":{"self":[{"href":"https:\/\/asfema.org\/blog\/index.php\/wp-json\/wp\/v2\/pages\/1402"}],"collection":[{"href":"https:\/\/asfema.org\/blog\/index.php\/wp-json\/wp\/v2\/pages"}],"about":[{"href":"https:\/\/asfema.org\/blog\/index.php\/wp-json\/wp\/v2\/types\/page"}],"author":[{"embeddable":true,"href":"https:\/\/asfema.org\/blog\/index.php\/wp-json\/wp\/v2\/users\/1"}],"replies":[{"embeddable":true,"href":"https:\/\/asfema.org\/blog\/index.php\/wp-json\/wp\/v2\/comments?post=1402"}],"version-history":[{"count":0,"href":"https:\/\/asfema.org\/blog\/index.php\/wp-json\/wp\/v2\/pages\/1402\/revisions"}],"wp:attachment":[{"href":"https:\/\/asfema.org\/blog\/index.php\/wp-json\/wp\/v2\/media?parent=1402"}],"curies":[{"name":"wp","href":"https:\/\/api.w.org\/{rel}","templated":true}]}}