{"id":2334,"date":"2016-01-18T14:32:53","date_gmt":"2016-01-18T14:32:53","guid":{"rendered":"https:\/\/asfema.org\/blog\/?page_id=2334"},"modified":"2017-01-31T17:03:32","modified_gmt":"2017-01-31T17:03:32","slug":"iv-ciclomarcha-asfema-mtb-btt-por-las-enfermedades-raras-metabolicas","status":"publish","type":"page","link":"https:\/\/asfema.org\/blog\/index.php\/iv-ciclomarcha-asfema-mtb-btt-por-las-enfermedades-raras-metabolicas\/","title":{"rendered":"IV Ciclomarcha ASFEMA MTB por las Enfermedades Raras Metab\u00f3licas"},"content":{"rendered":"<h1>Asfema organiza en el Tiemblo (\u00c1vila) la <span style=\"text-decoration: underline;\">IV Ciclomarcha MTB por las Enfermedades Raras Metab\u00f3licas<\/span><\/h1>\n<p><a href=\"https:\/\/asfema.org\/blog\/wp-content\/uploads\/2016\/01\/borrador-cartel-ciclomarcha-2016-copia.jpg\"><img decoding=\"async\" loading=\"lazy\" class=\"aligncenter size-medium wp-image-2336\" src=\"https:\/\/asfema.org\/blog\/wp-content\/uploads\/2016\/01\/borrador-cartel-ciclomarcha-2016-copia-225x300.jpg\" alt=\"borrador cartel ciclomarcha 2016 copia\" width=\"225\" height=\"300\" \/><\/a><\/p>\n<p>&nbsp;<\/p>\n<ol>\n<li><span style=\"font-size: 22px;\"><a href=\"#15\">Previsi\u00f3n Meteorol\u00f3gica<\/a><\/span><\/li>\n<li><span style=\"font-size: 22px;\"><a href=\"#1\">Formulario de Inscripci\u00f3n<\/a><\/span><\/li>\n<li><span style=\"font-size: 22px;\"><a href=\"#14\">Listado de Participantes<\/a><\/span><\/li>\n<li><span style=\"font-size: 22px;\"><a href=\"#2\">Caracter\u00edsticas<\/a><\/span><\/li>\n<li><span style=\"font-size: 22px;\"><a href=\"#3\">Sorteos, Actividades y Regalos<\/a><\/span><\/li>\n<li><span style=\"font-size: 22px;\"><a href=\"#12\">Participaci\u00f3n de Famosos del Ciclismo<\/a><\/span><\/li>\n<li><span style=\"font-size: 22px;\"><a href=\"#5\">Recorrido de la Prueba y Perfiles<\/a><\/span><\/li>\n<li><span style=\"font-size: 22px;\"><a href=\"#6\">Recogida de Dorsales<\/a><\/span><\/li>\n<li><span style=\"font-size: 22px;\"><a href=\"#7\">Fila Cero en beneficio de Asfema<\/a><\/span><\/li>\n<li><span style=\"font-size: 22px;\"><a href=\"#13\">Fotos de las ediciones pasadas<\/a><\/span><\/li>\n<li><span style=\"font-size: 22px;\"><a href=\"#8\">Colaboran<\/a><\/span><\/li>\n<li><span style=\"font-size: 22px;\"><a href=\"#9\">Patrocinadores<\/a><\/span><\/li>\n<li><span style=\"font-size: 22px;\"><a href=\"#10\">Contacto<\/a>\u00a0<\/span><\/li>\n<\/ol>\n<p>Asfema, Asociaci\u00f3n de Fenilceton\u00faricos y OTM de Madrid organiza la IV Ciclomarcha MTB por las Enfermedades Raras Metab\u00f3licas. Tendr\u00e1 lugar el<\/p>\n<div style=\"text-align: center;\">\n<h2 style=\"text-align: center;\">Domingo 24 Abril de 2016<\/h2>\n<h2 style=\"text-align: center;\">El Tiemblo (\u00c1vila)<\/h2>\n<h2 style=\"text-align: center;\">Salida a las\u00a011 AM<\/h2>\n<p style=\"text-align: left;\">Este a\u00f1o la prueba se realizar\u00e1 en tres modalidades: de dificultad alta,\u00a0de dificultad media y de dificultad baja.<\/p>\n<h2 style=\"text-align: left;\"><a name=\"15\"><\/a>Previsi\u00f3n Meteorol\u00f3gica<\/h2>\n<p>Aunque la previsi\u00f3n a 2 semanas no es todav\u00eda muy fiable, se estiman unos 20\u00ba para el d\u00eda de la carrera<\/p>\n<div id=\"c_4dfd78ec3e76a523ce1b6eac27fd3dd0\" class=\"completo\"><\/div>\n<p><script src=\"http:\/\/www.eltiempo.es\/widget\/widget_loader\/4dfd78ec3e76a523ce1b6eac27fd3dd0\" type=\"text\/javascript\"><\/script><\/p>\n<h2 style=\"text-align: left;\"><a name=\"1\"><\/a>Formulario de Inscripci\u00f3n<\/h2>\n<blockquote>\n<p style=\"text-align: left;\"><strong>El precio de la inscripci\u00f3n es de 15 euros. Puede inscribirse cualquier persona mayor de 11 a\u00f1os.\u00a0<\/strong><\/p>\n<p style=\"text-align: left;\"><strong><em>ABIERTO PLAZO DE INSCRIPCI\u00d3N<\/em><\/strong><\/p>\n<h1><span style=\"color: #ff0000;\"><a style=\"color: #ff0000;\" href=\"http:\/\/redciclista.link\/ASFEMA\" target=\"_blank\"><strong>\u00a1INSCR\u00cdBETE\u00a0AQU\u00cd!<\/strong><\/a><\/span><\/h1>\n<p style=\"text-align: left;\">Agradecemos a <a title=\"Red Ciclista\" href=\"http:\/\/www.redciclista.com\/\" target=\"_blank\">Red Ciclista<\/a> su ayuda a la hora de habilitaci\u00f3n de servicio de inscripci\u00f3n.<\/p>\n<p><strong>LAS INSCRIPCIONES CIERRAN EL VIERNES 22 DE ABRIL PERO TAMBI\u00c9N PODR\u00c1S HACER EL S\u00c1BADO Y EL DOMINGO EN EL POLIDEPORTIVO, ANTES DE LA SALIDA. TE LO PONEMOS F\u00c1CIL \ud83d\ude09\u00a0<\/strong><\/p><\/blockquote>\n<h2 style=\"text-align: left;\"><a name=\"14\"><\/a>Listado de Participantes<\/h2>\n<p style=\"text-align: left;\">Se ir\u00e1 actualizando a medida que se vayan formalizando las mismas y <a href=\"http:\/\/www.redciclista.com\/eventos\/listado\/6671\/\" target=\"_blank\">lo podr\u00e1s consultar c\u00f3modamente desde la propia web<\/a> de <strong>Red Ciclista<\/strong>.<\/p>\n<h2 style=\"text-align: left;\"><a name=\"2\"><\/a>Caracter\u00edsticas<\/h2>\n<\/div>\n<p>Una imagen vale m\u00e1s que mil palabras, <a title=\"Fotos de la pasada edici\u00f3n\" href=\"https:\/\/www.flickr.com\/photos\/asfema\/sets\/72157644733033753\/\" target=\"_blank\">solo tienes que echar un vistazo a las fotos de la pasada edici\u00f3n<\/a>, para saber que vas a pasar un d\u00eda estupendo colaborando con una buena causa.<\/p>\n<p>El importe \u00edntegro de los beneficios que se obtengan se destinar\u00e1 a las actividades estatuarias de ASFEMA\u00a0<strong>en beneficio de los afectados por las enfermedades raras metab\u00f3licas<\/strong>.<\/p>\n<p>La prueba tendr\u00e1 un<strong> m\u00e1ximo de 500 corredores de todas la edades<\/strong>, y contar\u00e1 con la participaci\u00f3n de<strong> ciclistas de renombr<\/strong><strong>e (Carlos Sastre, \u00c1ngel Arroyo, Francisco Mancebo, Pablo Lastras, David Navas);\u00a0<\/strong>ser\u00e1 una buena oportunidad para encontrarse con ellos.<\/p>\n<p>Todos los deportistas colaborar\u00e1n con la causa de forma totalmente altruista y con la generosa <strong>aportaci\u00f3n de alg\u00fan regalo personal que se sortear\u00e1<\/strong>\u00a0entre todos los ciclistas participantes al final de la ciclomarcha.<\/p>\n<p>Para tu seguridad y tranquilidad,<strong> la prueba contar\u00e1 con atenci\u00f3n m\u00e9dica<\/strong> por parte de Protecci\u00f3n Civil\u00a0y <strong>m\u00e9dico deportivo, Ignacio Bretones.<\/strong>\u00a0Adem\u00e1s, todos los corredores tendr\u00e1n un <strong>seguro incluido en la cuota de inscripci\u00f3n<\/strong>.<\/p>\n<p>Los corredores que participen en la carrera dispondr\u00e1n de:<\/p>\n<ul>\n<li>Avituallamiento l\u00edquido y s\u00f3lido a mitad de recorrido<\/li>\n<li>Bolsa de avituallamiento a la llegada con bocadillo, 1 pieza de fruta y bebida<\/li>\n<\/ul>\n<p>La log\u00edstica de la prueba estar\u00e1 coordinada por <strong>Protecci\u00f3n Civil\u00a0de El Tiemblo <\/strong>y voluntarios de la organizaci\u00f3n de la ciclomarcha.<\/p>\n<h2><a name=\"3\"><\/a>Sorteos, Actividades y Regalos para los participantes<\/h2>\n<p>Si lo tuyo no son las bicis \u00a1no te quedes en casa\u00a1 Queremos que pases <strong>un d\u00eda genial con tu familia<\/strong>. En la zona de salida habr\u00e1 actividades y juegos para los ni\u00f1os bajo la <strong>supervisi\u00f3n de monitores voluntarios<\/strong>,\u00a0animaci\u00f3n, y alguna sorpresa m\u00e1s.<\/p>\n<p>El cartel de actuaciones y actividades l\u00fadicas durante la ciclomarcha va engordando. Mira lo que te hemos preparado:<\/p>\n<div id='gallery-1' class='gallery galleryid-2334 gallery-columns-3 gallery-size-thumbnail'><figure class='gallery-item'>\n\t\t\t<div class='gallery-icon portrait'>\n\t\t\t\t<a href='https:\/\/asfema.org\/blog\/index.php\/i-ciclomarcha-mtb-btt-por-las-enfermedades-raras-metabolicas\/montty\/'><img width=\"200\" height=\"141\" src=\"https:\/\/asfema.org\/blog\/wp-content\/uploads\/2013\/03\/MONTTY-200x141.jpg\" class=\"attachment-thumbnail size-thumbnail\" alt=\"\" decoding=\"async\" aria-describedby=\"gallery-1-1011\" loading=\"lazy\" \/><\/a>\n\t\t\t<\/div>\n\t\t\t\t<figcaption class='wp-caption-text gallery-caption' id='gallery-1-1011'>\n\t\t\t\tEspect\u00e1culo de Mago Montty\n\t\t\t\t<\/figcaption><\/figure><figure class='gallery-item'>\n\t\t\t<div class='gallery-icon portrait'>\n\t\t\t\t<a href='https:\/\/asfema.org\/blog\/index.php\/iv-ciclomarcha-asfema-mtb-btt-por-las-enfermedades-raras-metabolicas\/img-20160403-wa0002\/'><img width=\"250\" height=\"141\" src=\"https:\/\/asfema.org\/blog\/wp-content\/uploads\/2016\/01\/IMG-20160403-WA0002-250x141.jpg\" class=\"attachment-thumbnail size-thumbnail\" alt=\"El Gato Garrabato\" decoding=\"async\" aria-describedby=\"gallery-1-2425\" loading=\"lazy\" \/><\/a>\n\t\t\t<\/div>\n\t\t\t\t<figcaption class='wp-caption-text gallery-caption' id='gallery-1-2425'>\n\t\t\t\tEl Gato Garrabato\n\t\t\t\t<\/figcaption><\/figure><figure class='gallery-item'>\n\t\t\t<div class='gallery-icon landscape'>\n\t\t\t\t<a href='https:\/\/asfema.org\/blog\/index.php\/iv-ciclomarcha-asfema-mtb-btt-por-las-enfermedades-raras-metabolicas\/img-20160403-wa0001\/'><img width=\"250\" height=\"141\" src=\"https:\/\/asfema.org\/blog\/wp-content\/uploads\/2016\/01\/IMG-20160403-WA0001-250x141.jpg\" class=\"attachment-thumbnail size-thumbnail\" alt=\"Cascabel de \u00c1vila\" decoding=\"async\" aria-describedby=\"gallery-1-2426\" loading=\"lazy\" \/><\/a>\n\t\t\t<\/div>\n\t\t\t\t<figcaption class='wp-caption-text gallery-caption' id='gallery-1-2426'>\n\t\t\t\tConcierto Cascabel de \u00c1vila\n\t\t\t\t<\/figcaption><\/figure><figure class='gallery-item'>\n\t\t\t<div class='gallery-icon portrait'>\n\t\t\t\t<a href='https:\/\/asfema.org\/blog\/index.php\/iv-ciclomarcha-asfema-mtb-btt-por-las-enfermedades-raras-metabolicas\/david\/'><img width=\"250\" height=\"141\" src=\"https:\/\/asfema.org\/blog\/wp-content\/uploads\/2016\/01\/david-e1516783260126-250x141.jpg\" class=\"attachment-thumbnail size-thumbnail\" alt=\"\" decoding=\"async\" aria-describedby=\"gallery-1-2428\" loading=\"lazy\" srcset=\"https:\/\/asfema.org\/blog\/wp-content\/uploads\/2016\/01\/david-e1516783260126-250x141.jpg 250w, https:\/\/asfema.org\/blog\/wp-content\/uploads\/2016\/01\/david-e1516783260126-850x478.jpg 850w, https:\/\/asfema.org\/blog\/wp-content\/uploads\/2016\/01\/david-e1516783260126-1200x675.jpg 1200w, https:\/\/asfema.org\/blog\/wp-content\/uploads\/2016\/01\/david-e1516783260126-800x450.jpg 800w\" sizes=\"(max-width: 250px) 100vw, 250px\" \/><\/a>\n\t\t\t<\/div>\n\t\t\t\t<figcaption class='wp-caption-text gallery-caption' id='gallery-1-2428'>\n\t\t\t\tDavid Gonz\u00e1lez Fustel\n\t\t\t\t<\/figcaption><\/figure><figure class='gallery-item'>\n\t\t\t<div class='gallery-icon portrait'>\n\t\t\t\t<a href='https:\/\/asfema.org\/blog\/index.php\/iv-ciclomarcha-asfema-mtb-btt-por-las-enfermedades-raras-metabolicas\/img-20160404-wa0006\/'><img width=\"250\" height=\"141\" src=\"https:\/\/asfema.org\/blog\/wp-content\/uploads\/2016\/01\/IMG-20160404-WA0006-e1516782511165-250x141.jpg\" class=\"attachment-thumbnail size-thumbnail\" alt=\"\" decoding=\"async\" aria-describedby=\"gallery-1-2430\" loading=\"lazy\" \/><\/a>\n\t\t\t<\/div>\n\t\t\t\t<figcaption class='wp-caption-text gallery-caption' id='gallery-1-2430'>\n\t\t\t\tClase de zumba con Ricardo Sim\u00f3n\n\t\t\t\t<\/figcaption><\/figure><figure class='gallery-item'>\n\t\t\t<div class='gallery-icon landscape'>\n\t\t\t\t<a href='https:\/\/asfema.org\/blog\/index.php\/iv-ciclomarcha-asfema-mtb-btt-por-las-enfermedades-raras-metabolicas\/animadora\/'><img width=\"250\" height=\"141\" src=\"https:\/\/asfema.org\/blog\/wp-content\/uploads\/2016\/01\/animadora-250x141.jpg\" class=\"attachment-thumbnail size-thumbnail\" alt=\"Cristina Reviejo - Animadora\" decoding=\"async\" aria-describedby=\"gallery-1-2442\" loading=\"lazy\" srcset=\"https:\/\/asfema.org\/blog\/wp-content\/uploads\/2016\/01\/animadora-250x141.jpg 250w, https:\/\/asfema.org\/blog\/wp-content\/uploads\/2016\/01\/animadora-850x478.jpg 850w, https:\/\/asfema.org\/blog\/wp-content\/uploads\/2016\/01\/animadora-1200x675.jpg 1200w, https:\/\/asfema.org\/blog\/wp-content\/uploads\/2016\/01\/animadora-800x450.jpg 800w\" sizes=\"(max-width: 250px) 100vw, 250px\" \/><\/a>\n\t\t\t<\/div>\n\t\t\t\t<figcaption class='wp-caption-text gallery-caption' id='gallery-1-2442'>\n\t\t\t\tCristina Reviejo &#8211; Animadora\n\t\t\t\t<\/figcaption><\/figure>\n\t\t<\/div>\n\n<p>Adem\u00e1s se otorgar\u00e1n los <strong>siguientes premios<\/strong>:<\/p>\n<ul>\n<li>Al corredor m\u00e1s veterano<\/li>\n<li>Al corredor m\u00e1s joven<\/li>\n<li>Al corredor que venga desde m\u00e1s lejos<\/li>\n<li>Al club m\u00e1s numeroso<\/li>\n<\/ul>\n<p><strong>Los corredores podr\u00e1n contar con ofertas especiales en los establecimientos de la zona.<\/strong><\/p>\n<p>Como todos los a\u00f1os, habr\u00e1 sorteo solidario. Y ya podemos adelantar que \u00a1uno de los colaboradores ser\u00e1<strong> Fernando Alonso<\/strong> de la F1!<\/p>\n<h2><a name=\"12\"><\/a>Participaci\u00f3n de Famosos del Ciclismo<\/h2>\n<p>Tenemos el placer de comunicar a todos los asistentes a la prueba que contaremos con la presencia de varios corredores famosos del mundo del ciclismo profesional, aunque su presencia definitiva quedar\u00e1 sujeta a su calendario deportivo. La lista se actualizar\u00e1 conforme se vaya confirmando su presencia, pero ya contamos con\u00a0<strong>\u00c1ngel Arroyo, Carlos Sastre y Paco Mancebo.\u00a0<\/strong><\/p>\n<p>&nbsp;<\/p>\n<div class=\"ast-oembed-container\" style=\"height: 100%;\"><iframe loading=\"lazy\" width=\"500\" height=\"375\" src=\"https:\/\/www.youtube.com\/embed\/0g0Mj5xIrSA?feature=oembed\" frameborder=\"0\" allowfullscreen><\/iframe><\/div>\n<div class=\"ast-oembed-container\" style=\"height: 100%;\"><iframe loading=\"lazy\" width=\"500\" height=\"281\" src=\"https:\/\/www.youtube.com\/embed\/tppWyLEZBdg?feature=oembed\" frameborder=\"0\" allowfullscreen><\/iframe><\/div>\n<div class=\"ast-oembed-container\" style=\"height: 100%;\"><iframe loading=\"lazy\" width=\"500\" height=\"375\" src=\"https:\/\/www.youtube.com\/embed\/S6n8UQIY2Ew?feature=oembed\" frameborder=\"0\" allowfullscreen><\/iframe><\/div>\n<div class=\"ast-oembed-container\" style=\"height: 100%;\"><iframe loading=\"lazy\" width=\"500\" height=\"281\" src=\"https:\/\/www.youtube.com\/embed\/ID14zqNMabw?feature=oembed\" frameborder=\"0\" allowfullscreen><\/iframe><\/div>\n<p>&nbsp;<\/p>\n<p><strong>\u00a1No desaprovech\u00e9is esta oportunidad de conocer a tus \u00eddolos del ciclismo!<\/strong><\/p>\n<h2><a name=\"5\"><\/a>Recorrido de la Prueba<\/h2>\n<p>La distancia del recorrido de la prueba es de unos <strong>32 Kil\u00f3metros\u00a0<\/strong>con cierto desnivel. En un momento \u00a0la ruta se dividir\u00e1 en un recorrido m\u00e1s accesible de unos 20 km, un camino de dificulad media (27 km aproximadamente) y el nivel m\u00e1s exigente de 32 km. El punto de salida y de llegada coincidir\u00e1n para las tres modalidades.<\/p>\n<p>Aqu\u00ed ten\u00e9is el perfil general del recorrido en un mapa 3d interactivo por que pod\u00e9is navegar:<\/p>\n<p><iframe loading=\"lazy\" src=\"http:\/\/www.arcgis.com\/home\/webscene\/viewer.html?webscene=2017dfcec83f4a2bb3df82fb9050a4d7&amp;viewpoint=cam:-4.48336999,40.43783106,1682.023;205.036,77.355&amp;ui=min\" width=\"550\" height=\"447\" frameborder=\"0\" scrolling=\"no\" allowfullscreen=\"allowfullscreen\"><\/iframe><\/p>\n<div id='gallery-2' class='gallery galleryid-2334 gallery-columns-3 gallery-size-full'><figure class='gallery-item'>\n\t\t\t<div class='gallery-icon landscape'>\n\t\t\t\t<a href='https:\/\/asfema.org\/blog\/index.php\/iv-ciclomarcha-asfema-mtb-btt-por-las-enfermedades-raras-metabolicas\/perfilmedio\/'><img width=\"1507\" height=\"248\" src=\"https:\/\/asfema.org\/blog\/wp-content\/uploads\/2016\/01\/PerfilMedio.jpg\" class=\"attachment-full size-full\" alt=\"\" decoding=\"async\" aria-describedby=\"gallery-2-2452\" loading=\"lazy\" srcset=\"https:\/\/asfema.org\/blog\/wp-content\/uploads\/2016\/01\/PerfilMedio.jpg 1507w, https:\/\/asfema.org\/blog\/wp-content\/uploads\/2016\/01\/PerfilMedio-768x126.jpg 768w\" sizes=\"(max-width: 1507px) 100vw, 1507px\" \/><\/a>\n\t\t\t<\/div>\n\t\t\t\t<figcaption class='wp-caption-text gallery-caption' id='gallery-2-2452'>\n\t\t\t\tPerfil Medio\n\t\t\t\t<\/figcaption><\/figure><figure class='gallery-item'>\n\t\t\t<div class='gallery-icon landscape'>\n\t\t\t\t<a href='https:\/\/asfema.org\/blog\/index.php\/iv-ciclomarcha-asfema-mtb-btt-por-las-enfermedades-raras-metabolicas\/perfilfacil\/'><img width=\"1515\" height=\"240\" src=\"https:\/\/asfema.org\/blog\/wp-content\/uploads\/2016\/01\/PerfilFacil.jpg\" class=\"attachment-full size-full\" alt=\"\" decoding=\"async\" aria-describedby=\"gallery-2-2453\" loading=\"lazy\" srcset=\"https:\/\/asfema.org\/blog\/wp-content\/uploads\/2016\/01\/PerfilFacil.jpg 1515w, https:\/\/asfema.org\/blog\/wp-content\/uploads\/2016\/01\/PerfilFacil-768x122.jpg 768w\" sizes=\"(max-width: 1515px) 100vw, 1515px\" \/><\/a>\n\t\t\t<\/div>\n\t\t\t\t<figcaption class='wp-caption-text gallery-caption' id='gallery-2-2453'>\n\t\t\t\tPerfil F\u00e1cil\n\t\t\t\t<\/figcaption><\/figure>\n\t\t<\/div>\n\n<p>En este otro mapa interactivo podr\u00e9is <a href=\"http:\/\/asfema.maps.arcgis.com\/apps\/Profile\/index.html?appid=22bd7016ef3142fc9c547eb438905dcd\" target=\"_blank\">visualizar los perfiles de la ruta<\/a> con m\u00e1s detalle<\/p>\n<p><strong style=\"font-size: 16px;\">Mapa de la Zona de Salida y Recogida de Dorsales<\/strong><span style=\"font-size: 16px;\">:<\/span><\/p>\n<figure id=\"attachment_1116\" aria-describedby=\"caption-attachment-1116\" style=\"width: 219px\" class=\"wp-caption aligncenter\"><a href=\"https:\/\/asfema.org\/blog\/wp-content\/uploads\/2013\/04\/ZonaSalida.png\"><img decoding=\"async\" loading=\"lazy\" class=\"size-medium wp-image-1116 \" src=\"https:\/\/asfema.org\/blog\/wp-content\/uploads\/2013\/04\/ZonaSalida-219x300.png\" alt=\"Zona de Salida y Recogida de dorsales en El Tiemblo\" width=\"219\" height=\"300\" \/><\/a><figcaption id=\"caption-attachment-1116\" class=\"wp-caption-text\">Zona de Salida y Recogida de dorsales en El Tiemblo (clic para ampliar)<\/figcaption><\/figure>\n<p>Os pod\u00e9is descargar el recorrido gen\u00e9rico de la prueba en este link:<\/p>\n<p><a href=\"https:\/\/asfema.org\/blog\/wp-content\/uploads\/2016\/01\/2016-01-13_1236_20160113_1236.zip\">TRACK GEN\u00c9RICO CICLOMARCHA 2016<\/a><\/p>\n<p>En breve colgaremos los tracks espec\u00edficos de cada prueba.<\/p>\n<h2><a name=\"6\"><\/a>Recogida de Dorsales<\/h2>\n<p>En el <strong>Polideportivo El Tiemblo<\/strong> el d\u00eda anterior a la carrera, \u00a0s\u00e1bado 23 de abril, de 16 a 18.30 horas.<\/p>\n<p>El mismo d\u00eda de la carrera, domingo 24 de abril, de 9 a 11 horas en la zona de salida.<\/p>\n<p>Imprescindible identificarse en el momento de la recogida con el DNI. En caso de recoger el de otra persona, presentar justificante autorizado con firma y fotocopia (o foto) del DNI autorizado.<\/p>\n<h2><a name=\"7\"><\/a>Fila Cero en beneficio de Asfema<\/h2>\n<p>Si por cualquier motivo, no puedes asistir a la marcha, pero quieres colaborar con Asfema en el cuidado y atenci\u00f3n de los afectados por las enfermedades metab\u00f3licas raras, puedes hacer una donaci\u00f3n en el siguiente n\u00famero de cuenta:<\/p>\n<blockquote><p>ING DIRECT 1465 0100 9519 0023 1595<br \/>\nCIF G78778727<\/p><\/blockquote>\n<p>Tambi\u00e9n se puede realizar una donaci\u00f3n a trav\u00e9s de PayPal:<\/p>\n<form action=\"https:\/\/www.paypal.com\/cgi-bin\/webscr\" method=\"post\" target=\"_top\">\n<p style=\"text-align: center;\"><input alt=\"PayPal. La forma r\u00e1pida y segura de pagar en Internet.\" name=\"submit\" src=\"https:\/\/www.paypalobjects.com\/es_ES\/ES\/i\/btn\/btn_donateCC_LG.gif\" type=\"image\" \/><br \/>\n<img decoding=\"async\" loading=\"lazy\" src=\"https:\/\/www.paypalobjects.com\/es_ES\/i\/scr\/pixel.gif\" alt=\"\" width=\"1\" height=\"1\" border=\"0\" \/><\/p>\n<\/form>\n<h2><a name=\"13\"><\/a>Fotos de las ediciones pasadas<\/h2>\n<p><a title=\"Avituallamiento en la meta por asfema, en Flickr\" href=\"http:\/\/www.flickr.com\/photos\/asfema\/8770331160\/\"><img decoding=\"async\" loading=\"lazy\" src=\"http:\/\/farm3.staticflickr.com\/2869\/8770331160_d0af761192_m.jpg\" alt=\"Avituallamiento en la meta\" width=\"240\" height=\"136\" \/><\/a><\/p>\n<p><a title=\"Album Flickr\" href=\"http:\/\/www.flickr.com\/photos\/asfema\/sets\/72157633593655110\/\" target=\"_blank\">\u00c1lbum Completo en Flickr<\/a>\u00a0de la primera edici\u00f3n<\/p>\n<p><a href=\"https:\/\/asfema.org\/blog\/wp-content\/uploads\/2016\/01\/CartelCiclomarcha2014.jpg\"><img decoding=\"async\" loading=\"lazy\" class=\"size-medium wp-image-2345 alignnone\" src=\"https:\/\/asfema.org\/blog\/wp-content\/uploads\/2016\/01\/CartelCiclomarcha2014-201x300.jpg\" alt=\"CartelCiclomarcha2014\" width=\"201\" height=\"300\" \/><\/a><br \/>\n<a href=\"https:\/\/www.flickr.com\/photos\/asfema\/albums\/72157644733033753\">\u00c1lbum de la segunda edici\u00f3n<\/a><\/p>\n<p><a href=\"https:\/\/asfema.org\/blog\/wp-content\/uploads\/2015\/04\/DSC_6253.jpg\"><img decoding=\"async\" loading=\"lazy\" class=\"wp-image-2116 size-medium alignnone\" src=\"https:\/\/asfema.org\/blog\/wp-content\/uploads\/2015\/04\/DSC_6253-300x200.jpg\" alt=\"barro...\" width=\"300\" height=\"200\" \/><\/a><\/p>\n<p><a href=\"https:\/\/www.flickr.com\/photos\/asfema\/albums\/72157651801582690\">\u00c1lbum de la tercera edici\u00f3n<\/a><\/p>\n<h2><a name=\"8\"><\/a>Colaboran<\/h2>\n<p>Esta carrera no hubiera sido posible sin la desinteresada colaboraci\u00f3n de:<\/p>\n<p><img decoding=\"async\" loading=\"lazy\" src=\"https:\/\/asfema.org\/blog\/wp-content\/uploads\/2013\/03\/escudo-proteccion-civil-290.jpg\" alt=\"\" width=\"120\" height=\"154\" \/><img decoding=\"async\" loading=\"lazy\" src=\"http:\/\/www.eltiemblo.es\/imagenes\/escudopeq.jpg\" alt=\"\" width=\"65\" height=\"114\" \/><\/p>\n<h2><a name=\"9\"><\/a>Patrocinadores<\/h2>\n<div id='gallery-3' class='gallery galleryid-2334 gallery-columns-3 gallery-size-medium'><figure class='gallery-item'>\n\t\t\t<div class='gallery-icon landscape'>\n\t\t\t\t<a href='https:\/\/asfema.org\/blog\/index.php\/ii-ciclomarcha-asfema-por-las-enfermedades-raras-metabolicas\/mibikes\/'><img width=\"400\" height=\"188\" src=\"https:\/\/asfema.org\/blog\/wp-content\/uploads\/2014\/02\/mibikes-e1395920088454.jpg\" class=\"attachment-medium size-medium\" alt=\"\" decoding=\"async\" loading=\"lazy\" \/><\/a>\n\t\t\t<\/div><\/figure><figure class='gallery-item'>\n\t\t\t<div class='gallery-icon landscape'>\n\t\t\t\t<a href='https:\/\/asfema.org\/blog\/index.php\/iii-ciclomarcha-mtb-btt-por-las-enfermedades-raras-metabolicas\/cope-franja\/'><img width=\"850\" height=\"478\" src=\"https:\/\/asfema.org\/blog\/wp-content\/uploads\/2015\/02\/COPE-FRANJA-850x478.jpg\" class=\"attachment-medium size-medium\" alt=\"COPE\" decoding=\"async\" loading=\"lazy\" srcset=\"https:\/\/asfema.org\/blog\/wp-content\/uploads\/2015\/02\/COPE-FRANJA-850x478.jpg 850w, https:\/\/asfema.org\/blog\/wp-content\/uploads\/2015\/02\/COPE-FRANJA-250x141.jpg 250w, https:\/\/asfema.org\/blog\/wp-content\/uploads\/2015\/02\/COPE-FRANJA-800x450.jpg 800w\" sizes=\"(max-width: 850px) 100vw, 850px\" \/><\/a>\n\t\t\t<\/div><\/figure><figure class='gallery-item'>\n\t\t\t<div class='gallery-icon landscape'>\n\t\t\t\t<a href='https:\/\/asfema.org\/blog\/index.php\/v-ciclomarcha-mtb-por-las-enfermedades-raras-metabolicas\/marsapiel001\/'><img width=\"200\" height=\"75\" src=\"https:\/\/asfema.org\/blog\/wp-content\/uploads\/2013\/04\/marsapiel001.jpg\" class=\"attachment-medium size-medium\" alt=\"\" decoding=\"async\" loading=\"lazy\" \/><\/a>\n\t\t\t<\/div><\/figure><figure class='gallery-item'>\n\t\t\t<div class='gallery-icon landscape'>\n\t\t\t\t<a href='https:\/\/asfema.org\/blog\/index.php\/v-ciclomarcha-mtb-por-las-enfermedades-raras-metabolicas\/karacolweb\/'><img width=\"200\" height=\"106\" src=\"https:\/\/asfema.org\/blog\/wp-content\/uploads\/2013\/03\/Karacolweb.jpg\" class=\"attachment-medium size-medium\" alt=\"\" decoding=\"async\" loading=\"lazy\" \/><\/a>\n\t\t\t<\/div><\/figure><figure class='gallery-item'>\n\t\t\t<div class='gallery-icon landscape'>\n\t\t\t\t<a href='https:\/\/asfema.org\/blog\/index.php\/v-ciclomarcha-mtb-por-las-enfermedades-raras-metabolicas\/logofruiver\/'><img width=\"200\" height=\"80\" src=\"https:\/\/asfema.org\/blog\/wp-content\/uploads\/2013\/03\/logoFruiver.jpg\" class=\"attachment-medium size-medium\" alt=\"\" decoding=\"async\" loading=\"lazy\" \/><\/a>\n\t\t\t<\/div><\/figure><figure class='gallery-item'>\n\t\t\t<div class='gallery-icon landscape'>\n\t\t\t\t<a href='https:\/\/asfema.org\/blog\/index.php\/ii-ciclomarcha-asfema-por-las-enfermedades-raras-metabolicas\/logo-villa\/'><img width=\"591\" height=\"379\" src=\"https:\/\/asfema.org\/blog\/wp-content\/uploads\/2014\/02\/LOGO-VILLA.jpg\" class=\"attachment-medium size-medium\" alt=\"\" decoding=\"async\" loading=\"lazy\" \/><\/a>\n\t\t\t<\/div><\/figure><figure class='gallery-item'>\n\t\t\t<div class='gallery-icon landscape'>\n\t\t\t\t<a href='https:\/\/asfema.org\/blog\/index.php\/iii-ciclomarcha-mtb-btt-por-las-enfermedades-raras-metabolicas\/frutas-mayde\/'><img width=\"850\" height=\"412\" src=\"https:\/\/asfema.org\/blog\/wp-content\/uploads\/2015\/02\/frutas-mayde-850x412.jpg\" class=\"attachment-medium size-medium\" alt=\"\" decoding=\"async\" loading=\"lazy\" \/><\/a>\n\t\t\t<\/div><\/figure><figure class='gallery-item'>\n\t\t\t<div class='gallery-icon landscape'>\n\t\t\t\t<a href='https:\/\/asfema.org\/blog\/index.php\/v-ciclomarcha-mtb-por-las-enfermedades-raras-metabolicas\/abmavicarnesweb\/'><img width=\"200\" height=\"124\" src=\"https:\/\/asfema.org\/blog\/wp-content\/uploads\/2013\/03\/abmavicarnesweb.jpg\" class=\"attachment-medium size-medium\" alt=\"\" decoding=\"async\" loading=\"lazy\" \/><\/a>\n\t\t\t<\/div><\/figure><figure class='gallery-item'>\n\t\t\t<div class='gallery-icon landscape'>\n\t\t\t\t<a href='https:\/\/asfema.org\/blog\/index.php\/v-ciclomarcha-mtb-por-las-enfermedades-raras-metabolicas\/purpleok\/'><img width=\"200\" height=\"117\" src=\"https:\/\/asfema.org\/blog\/wp-content\/uploads\/2013\/03\/purpleok.jpg\" class=\"attachment-medium size-medium\" alt=\"\" decoding=\"async\" loading=\"lazy\" \/><\/a>\n\t\t\t<\/div><\/figure><figure class='gallery-item'>\n\t\t\t<div class='gallery-icon portrait'>\n\t\t\t\t<a href='https:\/\/asfema.org\/blog\/index.php\/v-ciclomarcha-mtb-por-las-enfermedades-raras-metabolicas\/angel\/'><img width=\"200\" height=\"216\" src=\"https:\/\/asfema.org\/blog\/wp-content\/uploads\/2013\/03\/angel.jpg\" class=\"attachment-medium size-medium\" alt=\"\" decoding=\"async\" loading=\"lazy\" \/><\/a>\n\t\t\t<\/div><\/figure><figure class='gallery-item'>\n\t\t\t<div class='gallery-icon portrait'>\n\t\t\t\t<a href='https:\/\/asfema.org\/blog\/index.php\/v-ciclomarcha-mtb-por-las-enfermedades-raras-metabolicas\/hervas\/'><img width=\"200\" height=\"293\" src=\"https:\/\/asfema.org\/blog\/wp-content\/uploads\/2013\/03\/hervas.jpg\" class=\"attachment-medium size-medium\" alt=\"\" decoding=\"async\" loading=\"lazy\" \/><\/a>\n\t\t\t<\/div><\/figure><figure class='gallery-item'>\n\t\t\t<div class='gallery-icon landscape'>\n\t\t\t\t<a href='https:\/\/asfema.org\/blog\/index.php\/iii-ciclomarcha-mtb-btt-por-las-enfermedades-raras-metabolicas\/merida_logo_portrait_14_rgb_rz\/'><img width=\"704\" height=\"248\" src=\"https:\/\/asfema.org\/blog\/wp-content\/uploads\/2015\/02\/MERIDA_LOGO_PORTRAIT_14_RGB_RZ.jpg\" class=\"attachment-medium size-medium\" alt=\"\" decoding=\"async\" loading=\"lazy\" \/><\/a>\n\t\t\t<\/div><\/figure><figure class='gallery-item'>\n\t\t\t<div class='gallery-icon landscape'>\n\t\t\t\t<a href='https:\/\/asfema.org\/blog\/index.php\/v-ciclomarcha-mtb-por-las-enfermedades-raras-metabolicas\/publasvegasweb\/'><img width=\"200\" height=\"72\" src=\"https:\/\/asfema.org\/blog\/wp-content\/uploads\/2013\/03\/publasvegasweb.jpg\" class=\"attachment-medium size-medium\" alt=\"\" decoding=\"async\" loading=\"lazy\" \/><\/a>\n\t\t\t<\/div><\/figure><figure class='gallery-item'>\n\t\t\t<div class='gallery-icon portrait'>\n\t\t\t\t<a href='https:\/\/asfema.org\/blog\/index.php\/v-ciclomarcha-mtb-por-las-enfermedades-raras-metabolicas\/scanned-document\/'><img width=\"200\" height=\"240\" src=\"https:\/\/asfema.org\/blog\/wp-content\/uploads\/2013\/04\/ciclos-delicias.jpg\" class=\"attachment-medium size-medium\" alt=\"\" decoding=\"async\" loading=\"lazy\" \/><\/a>\n\t\t\t<\/div><\/figure><figure class='gallery-item'>\n\t\t\t<div class='gallery-icon landscape'>\n\t\t\t\t<a href='https:\/\/asfema.org\/blog\/index.php\/v-ciclomarcha-mtb-por-las-enfermedades-raras-metabolicas\/la-galeria001\/'><img width=\"200\" height=\"70\" src=\"https:\/\/asfema.org\/blog\/wp-content\/uploads\/2013\/03\/la-galeria001.jpg\" class=\"attachment-medium size-medium\" alt=\"\" decoding=\"async\" loading=\"lazy\" \/><\/a>\n\t\t\t<\/div><\/figure><figure class='gallery-item'>\n\t\t\t<div class='gallery-icon landscape'>\n\t\t\t\t<a href='https:\/\/asfema.org\/blog\/index.php\/v-ciclomarcha-mtb-por-las-enfermedades-raras-metabolicas\/af-rotulo-3-1\/'><img width=\"200\" height=\"27\" src=\"https:\/\/asfema.org\/blog\/wp-content\/uploads\/2013\/03\/AF-rotulo-3-1.jpg\" class=\"attachment-medium size-medium\" alt=\"\" decoding=\"async\" loading=\"lazy\" \/><\/a>\n\t\t\t<\/div><\/figure><figure class='gallery-item'>\n\t\t\t<div class='gallery-icon landscape'>\n\t\t\t\t<a href='https:\/\/asfema.org\/blog\/index.php\/v-ciclomarcha-mtb-por-las-enfermedades-raras-metabolicas\/correveidileweb\/'><img width=\"200\" height=\"39\" src=\"https:\/\/asfema.org\/blog\/wp-content\/uploads\/2013\/03\/correveidileweb.jpg\" class=\"attachment-medium size-medium\" alt=\"correveidile\" decoding=\"async\" loading=\"lazy\" \/><\/a>\n\t\t\t<\/div><\/figure><figure class='gallery-item'>\n\t\t\t<div class='gallery-icon landscape'>\n\t\t\t\t<a href='https:\/\/asfema.org\/blog\/index.php\/v-ciclomarcha-mtb-por-las-enfermedades-raras-metabolicas\/joalte-jpeg\/'><img width=\"200\" height=\"174\" src=\"https:\/\/asfema.org\/blog\/wp-content\/uploads\/2013\/03\/JOALTE-jpeg.jpg\" class=\"attachment-medium size-medium\" alt=\"\" decoding=\"async\" loading=\"lazy\" \/><\/a>\n\t\t\t<\/div><\/figure><figure class='gallery-item'>\n\t\t\t<div class='gallery-icon landscape'>\n\t\t\t\t<a href='https:\/\/asfema.org\/blog\/index.php\/iv-ciclomarcha-asfema-mtb-btt-por-las-enfermedades-raras-metabolicas\/tarjetaarellano2016caraaok\/'><img width=\"850\" height=\"478\" src=\"https:\/\/asfema.org\/blog\/wp-content\/uploads\/2016\/01\/tarjetaarellano2016caraAok-850x478.jpg\" class=\"attachment-medium size-medium\" alt=\"\" decoding=\"async\" loading=\"lazy\" srcset=\"https:\/\/asfema.org\/blog\/wp-content\/uploads\/2016\/01\/tarjetaarellano2016caraAok-850x478.jpg 850w, https:\/\/asfema.org\/blog\/wp-content\/uploads\/2016\/01\/tarjetaarellano2016caraAok-250x141.jpg 250w, https:\/\/asfema.org\/blog\/wp-content\/uploads\/2016\/01\/tarjetaarellano2016caraAok-800x450.jpg 800w\" sizes=\"(max-width: 850px) 100vw, 850px\" \/><\/a>\n\t\t\t<\/div><\/figure><figure class='gallery-item'>\n\t\t\t<div class='gallery-icon portrait'>\n\t\t\t\t<a href='https:\/\/asfema.org\/blog\/index.php\/iv-ciclomarcha-asfema-mtb-btt-por-las-enfermedades-raras-metabolicas\/mirlowapa-page-001\/'><img width=\"850\" height=\"478\" src=\"https:\/\/asfema.org\/blog\/wp-content\/uploads\/2016\/01\/MIRLOWAPA-page-001-850x478.jpg\" class=\"attachment-medium size-medium\" alt=\"\" decoding=\"async\" loading=\"lazy\" srcset=\"https:\/\/asfema.org\/blog\/wp-content\/uploads\/2016\/01\/MIRLOWAPA-page-001-850x478.jpg 850w, https:\/\/asfema.org\/blog\/wp-content\/uploads\/2016\/01\/MIRLOWAPA-page-001-1200x675.jpg 1200w, https:\/\/asfema.org\/blog\/wp-content\/uploads\/2016\/01\/MIRLOWAPA-page-001-250x141.jpg 250w, https:\/\/asfema.org\/blog\/wp-content\/uploads\/2016\/01\/MIRLOWAPA-page-001-800x450.jpg 800w\" sizes=\"(max-width: 850px) 100vw, 850px\" \/><\/a>\n\t\t\t<\/div><\/figure><figure class='gallery-item'>\n\t\t\t<div class='gallery-icon landscape'>\n\t\t\t\t<a href='https:\/\/asfema.org\/blog\/index.php\/iv-ciclomarcha-asfema-mtb-btt-por-las-enfermedades-raras-metabolicas\/esponsorizacion-ldr\/'><img width=\"850\" height=\"478\" src=\"https:\/\/asfema.org\/blog\/wp-content\/uploads\/2016\/01\/ESPONSORIZACION-LDR-850x478.jpg\" class=\"attachment-medium size-medium\" alt=\"\" decoding=\"async\" loading=\"lazy\" srcset=\"https:\/\/asfema.org\/blog\/wp-content\/uploads\/2016\/01\/ESPONSORIZACION-LDR-850x478.jpg 850w, https:\/\/asfema.org\/blog\/wp-content\/uploads\/2016\/01\/ESPONSORIZACION-LDR-1200x675.jpg 1200w, https:\/\/asfema.org\/blog\/wp-content\/uploads\/2016\/01\/ESPONSORIZACION-LDR-250x141.jpg 250w, https:\/\/asfema.org\/blog\/wp-content\/uploads\/2016\/01\/ESPONSORIZACION-LDR-800x450.jpg 800w\" sizes=\"(max-width: 850px) 100vw, 850px\" \/><\/a>\n\t\t\t<\/div><\/figure><figure class='gallery-item'>\n\t\t\t<div class='gallery-icon landscape'>\n\t\t\t\t<a href='https:\/\/asfema.org\/blog\/index.php\/ii-ciclomarcha-asfema-por-las-enfermedades-raras-metabolicas\/manso1\/'><img width=\"200\" height=\"172\" src=\"https:\/\/asfema.org\/blog\/wp-content\/uploads\/2014\/02\/MANSO1.jpg\" class=\"attachment-medium size-medium\" alt=\"FORESTALES\" decoding=\"async\" loading=\"lazy\" \/><\/a>\n\t\t\t<\/div><\/figure><figure class='gallery-item'>\n\t\t\t<div class='gallery-icon landscape'>\n\t\t\t\t<a href='https:\/\/asfema.org\/blog\/index.php\/iii-ciclomarcha-mtb-btt-por-las-enfermedades-raras-metabolicas\/cartel-galp-energia-40x60\/'><img width=\"850\" height=\"478\" src=\"https:\/\/asfema.org\/blog\/wp-content\/uploads\/2015\/02\/cartel-galp-energia-40x60-850x478.jpg\" class=\"attachment-medium size-medium\" alt=\"\" decoding=\"async\" loading=\"lazy\" srcset=\"https:\/\/asfema.org\/blog\/wp-content\/uploads\/2015\/02\/cartel-galp-energia-40x60-850x478.jpg 850w, https:\/\/asfema.org\/blog\/wp-content\/uploads\/2015\/02\/cartel-galp-energia-40x60-1200x675.jpg 1200w, https:\/\/asfema.org\/blog\/wp-content\/uploads\/2015\/02\/cartel-galp-energia-40x60-250x141.jpg 250w, https:\/\/asfema.org\/blog\/wp-content\/uploads\/2015\/02\/cartel-galp-energia-40x60-800x450.jpg 800w\" sizes=\"(max-width: 850px) 100vw, 850px\" \/><\/a>\n\t\t\t<\/div><\/figure><figure class='gallery-item'>\n\t\t\t<div class='gallery-icon landscape'>\n\t\t\t\t<a href='https:\/\/asfema.org\/blog\/index.php\/v-ciclomarcha-mtb-por-las-enfermedades-raras-metabolicas\/peluqueria-tigonweb\/'><img width=\"200\" height=\"67\" src=\"https:\/\/asfema.org\/blog\/wp-content\/uploads\/2013\/03\/peluqueria-tigonweb.jpg\" class=\"attachment-medium size-medium\" alt=\"\" decoding=\"async\" loading=\"lazy\" \/><\/a>\n\t\t\t<\/div><\/figure><figure class='gallery-item'>\n\t\t\t<div class='gallery-icon landscape'>\n\t\t\t\t<a href='https:\/\/asfema.org\/blog\/logo_orbea_bleu_blanc\/'><img width=\"850\" height=\"478\" src=\"https:\/\/asfema.org\/blog\/wp-content\/uploads\/2016\/03\/Logo_Orbea_bleu_blanc-850x478.jpg\" class=\"attachment-medium size-medium\" alt=\"\" decoding=\"async\" loading=\"lazy\" srcset=\"https:\/\/asfema.org\/blog\/wp-content\/uploads\/2016\/03\/Logo_Orbea_bleu_blanc-850x478.jpg 850w, https:\/\/asfema.org\/blog\/wp-content\/uploads\/2016\/03\/Logo_Orbea_bleu_blanc-1200x675.jpg 1200w, https:\/\/asfema.org\/blog\/wp-content\/uploads\/2016\/03\/Logo_Orbea_bleu_blanc-250x141.jpg 250w, https:\/\/asfema.org\/blog\/wp-content\/uploads\/2016\/03\/Logo_Orbea_bleu_blanc-800x450.jpg 800w\" sizes=\"(max-width: 850px) 100vw, 850px\" \/><\/a>\n\t\t\t<\/div><\/figure><figure class='gallery-item'>\n\t\t\t<div class='gallery-icon portrait'>\n\t\t\t\t<a href='https:\/\/asfema.org\/blog\/index.php\/v-ciclomarcha-mtb-por-las-enfermedades-raras-metabolicas\/calahorra\/'><img width=\"200\" height=\"294\" src=\"https:\/\/asfema.org\/blog\/wp-content\/uploads\/2013\/03\/calahorra.jpg\" class=\"attachment-medium size-medium\" alt=\"\" decoding=\"async\" loading=\"lazy\" \/><\/a>\n\t\t\t<\/div><\/figure><figure class='gallery-item'>\n\t\t\t<div class='gallery-icon landscape'>\n\t\t\t\t<a href='https:\/\/asfema.org\/blog\/index.php\/iv-ciclomarcha-asfema-mtb-btt-por-las-enfermedades-raras-metabolicas\/mevalia_logo_lp\/'><img width=\"575\" height=\"250\" src=\"https:\/\/asfema.org\/blog\/wp-content\/uploads\/2016\/01\/Mevalia_Logo_LP.jpg\" class=\"attachment-medium size-medium\" alt=\"mevalia\" decoding=\"async\" loading=\"lazy\" \/><\/a>\n\t\t\t<\/div><\/figure><figure class='gallery-item'>\n\t\t\t<div class='gallery-icon landscape'>\n\t\t\t\t<a href='https:\/\/asfema.org\/blog\/index.php\/v-ciclomarcha-mtb-por-las-enfermedades-raras-metabolicas\/logotipo-empresa-2\/'><img width=\"200\" height=\"176\" src=\"https:\/\/asfema.org\/blog\/wp-content\/uploads\/2013\/03\/Logotipo-empresa-2.jpg\" class=\"attachment-medium size-medium\" alt=\"\" decoding=\"async\" loading=\"lazy\" \/><\/a>\n\t\t\t<\/div><\/figure><figure class='gallery-item'>\n\t\t\t<div class='gallery-icon landscape'>\n\t\t\t\t<a href='https:\/\/asfema.org\/blog\/index.php\/v-ciclomarcha-mtb-por-las-enfermedades-raras-metabolicas\/logo-spiuk-cdr\/'><img width=\"200\" height=\"54\" src=\"https:\/\/asfema.org\/blog\/wp-content\/uploads\/2013\/04\/Logo-Spiuk.jpg\" class=\"attachment-medium size-medium\" alt=\"\" decoding=\"async\" loading=\"lazy\" \/><\/a>\n\t\t\t<\/div><\/figure><figure class='gallery-item'>\n\t\t\t<div class='gallery-icon landscape'>\n\t\t\t\t<a href='https:\/\/asfema.org\/blog\/index.php\/v-ciclomarcha-mtb-por-las-enfermedades-raras-metabolicas\/samaniego\/'><img width=\"200\" height=\"98\" src=\"https:\/\/asfema.org\/blog\/wp-content\/uploads\/2013\/03\/samaniego.jpg\" class=\"attachment-medium size-medium\" alt=\"\" decoding=\"async\" loading=\"lazy\" \/><\/a>\n\t\t\t<\/div><\/figure><figure class='gallery-item'>\n\t\t\t<div class='gallery-icon portrait'>\n\t\t\t\t<a href='https:\/\/asfema.org\/blog\/index.php\/ii-ciclomarcha-asfema-por-las-enfermedades-raras-metabolicas\/logo-rasterizado\/'><img width=\"475\" height=\"478\" src=\"https:\/\/asfema.org\/blog\/wp-content\/uploads\/2014\/02\/Logo-Rasterizado-475x478.jpg\" class=\"attachment-medium size-medium\" alt=\"\" decoding=\"async\" loading=\"lazy\" srcset=\"https:\/\/asfema.org\/blog\/wp-content\/uploads\/2014\/02\/Logo-Rasterizado-475x478.jpg 475w, https:\/\/asfema.org\/blog\/wp-content\/uploads\/2014\/02\/Logo-Rasterizado-50x50.jpg 50w, https:\/\/asfema.org\/blog\/wp-content\/uploads\/2014\/02\/Logo-Rasterizado-125x125.jpg 125w, https:\/\/asfema.org\/blog\/wp-content\/uploads\/2014\/02\/Logo-Rasterizado-100x100.jpg 100w\" sizes=\"(max-width: 475px) 100vw, 475px\" \/><\/a>\n\t\t\t<\/div><\/figure><figure class='gallery-item'>\n\t\t\t<div class='gallery-icon landscape'>\n\t\t\t\t<a href='https:\/\/asfema.org\/blog\/index.php\/ii-ciclomarcha-asfema-por-las-enfermedades-raras-metabolicas\/frutas-dilla\/'><img width=\"213\" height=\"141\" src=\"https:\/\/asfema.org\/blog\/wp-content\/uploads\/2014\/02\/FRUTAS-DILLA.jpg\" class=\"attachment-medium size-medium\" alt=\"\" decoding=\"async\" loading=\"lazy\" \/><\/a>\n\t\t\t<\/div><\/figure><figure class='gallery-item'>\n\t\t\t<div class='gallery-icon landscape'>\n\t\t\t\t<a href='https:\/\/asfema.org\/blog\/index.php\/v-ciclomarcha-mtb-por-las-enfermedades-raras-metabolicas\/aale\/'><img width=\"200\" height=\"117\" src=\"https:\/\/asfema.org\/blog\/wp-content\/uploads\/2013\/03\/aale.jpg\" class=\"attachment-medium size-medium\" alt=\"\" decoding=\"async\" loading=\"lazy\" \/><\/a>\n\t\t\t<\/div><\/figure><figure class='gallery-item'>\n\t\t\t<div class='gallery-icon landscape'>\n\t\t\t\t<a href='https:\/\/asfema.org\/blog\/index.php\/iv-ciclomarcha-asfema-mtb-btt-por-las-enfermedades-raras-metabolicas\/sanavi\/'><img width=\"500\" height=\"263\" src=\"https:\/\/asfema.org\/blog\/wp-content\/uploads\/2016\/01\/sanavi.jpg\" class=\"attachment-medium size-medium\" alt=\"\" decoding=\"async\" loading=\"lazy\" \/><\/a>\n\t\t\t<\/div><\/figure><figure class='gallery-item'>\n\t\t\t<div class='gallery-icon landscape'>\n\t\t\t\t<a href='https:\/\/asfema.org\/blog\/index.php\/ii-ciclomarcha-asfema-por-las-enfermedades-raras-metabolicas\/nuevomar2\/'><img width=\"200\" height=\"45\" src=\"https:\/\/asfema.org\/blog\/wp-content\/uploads\/2014\/02\/Nuevomar2-e1396553759832.jpg\" class=\"attachment-medium size-medium\" alt=\"\" decoding=\"async\" loading=\"lazy\" \/><\/a>\n\t\t\t<\/div><\/figure><figure class='gallery-item'>\n\t\t\t<div class='gallery-icon portrait'>\n\t\t\t\t<a href='https:\/\/asfema.org\/blog\/index.php\/v-ciclomarcha-mtb-por-las-enfermedades-raras-metabolicas\/otero-logo-bueno\/'><img width=\"200\" height=\"241\" src=\"https:\/\/asfema.org\/blog\/wp-content\/uploads\/2013\/04\/otero-logo-bueno.jpg\" class=\"attachment-medium size-medium\" alt=\"\" decoding=\"async\" loading=\"lazy\" \/><\/a>\n\t\t\t<\/div><\/figure><figure class='gallery-item'>\n\t\t\t<div class='gallery-icon landscape'>\n\t\t\t\t<a href='https:\/\/asfema.org\/blog\/index.php\/iv-ciclomarcha-asfema-mtb-btt-por-las-enfermedades-raras-metabolicas\/img-20160210-wa0000\/'><img width=\"850\" height=\"478\" src=\"https:\/\/asfema.org\/blog\/wp-content\/uploads\/2016\/01\/IMG-20160210-WA0000-850x478.jpg\" class=\"attachment-medium size-medium\" alt=\"Calmera\" decoding=\"async\" loading=\"lazy\" srcset=\"https:\/\/asfema.org\/blog\/wp-content\/uploads\/2016\/01\/IMG-20160210-WA0000-850x478.jpg 850w, https:\/\/asfema.org\/blog\/wp-content\/uploads\/2016\/01\/IMG-20160210-WA0000-250x141.jpg 250w, https:\/\/asfema.org\/blog\/wp-content\/uploads\/2016\/01\/IMG-20160210-WA0000-800x450.jpg 800w\" sizes=\"(max-width: 850px) 100vw, 850px\" \/><\/a>\n\t\t\t<\/div><\/figure><figure class='gallery-item'>\n\t\t\t<div class='gallery-icon landscape'>\n\t\t\t\t<a href='https:\/\/asfema.org\/blog\/index.php\/v-ciclomarcha-mtb-por-las-enfermedades-raras-metabolicas\/allianz\/'><img width=\"200\" height=\"113\" src=\"https:\/\/asfema.org\/blog\/wp-content\/uploads\/2013\/04\/ALLIANZ.jpg\" class=\"attachment-medium size-medium\" alt=\"Allianz\" decoding=\"async\" loading=\"lazy\" \/><\/a>\n\t\t\t<\/div><\/figure><figure class='gallery-item'>\n\t\t\t<div class='gallery-icon landscape'>\n\t\t\t\t<a href='https:\/\/asfema.org\/blog\/index.php\/v-ciclomarcha-mtb-por-las-enfermedades-raras-metabolicas\/papeleriacandil-2\/'><img width=\"200\" height=\"80\" src=\"https:\/\/asfema.org\/blog\/wp-content\/uploads\/2013\/03\/papeleriacandil.jpg\" class=\"attachment-medium size-medium\" alt=\"\" decoding=\"async\" loading=\"lazy\" \/><\/a>\n\t\t\t<\/div><\/figure><figure class='gallery-item'>\n\t\t\t<div class='gallery-icon landscape'>\n\t\t\t\t<a href='https:\/\/asfema.org\/blog\/index.php\/ii-ciclomarcha-asfema-por-las-enfermedades-raras-metabolicas\/logo-2\/'><img width=\"300\" height=\"216\" src=\"https:\/\/asfema.org\/blog\/wp-content\/uploads\/2014\/02\/logo--e1395919963417.jpg\" class=\"attachment-medium size-medium\" alt=\"\" decoding=\"async\" loading=\"lazy\" \/><\/a>\n\t\t\t<\/div><\/figure><figure class='gallery-item'>\n\t\t\t<div class='gallery-icon landscape'>\n\t\t\t\t<a href='https:\/\/asfema.org\/blog\/index.php\/iii-ciclomarcha-mtb-btt-por-las-enfermedades-raras-metabolicas\/file-page1-3\/'><img width=\"850\" height=\"478\" src=\"https:\/\/asfema.org\/blog\/wp-content\/uploads\/2015\/02\/file-page1-850x478.jpg\" class=\"attachment-medium size-medium\" alt=\"\" decoding=\"async\" loading=\"lazy\" srcset=\"https:\/\/asfema.org\/blog\/wp-content\/uploads\/2015\/02\/file-page1-850x478.jpg 850w, https:\/\/asfema.org\/blog\/wp-content\/uploads\/2015\/02\/file-page1-1200x675.jpg 1200w, https:\/\/asfema.org\/blog\/wp-content\/uploads\/2015\/02\/file-page1-250x141.jpg 250w, https:\/\/asfema.org\/blog\/wp-content\/uploads\/2015\/02\/file-page1-800x450.jpg 800w\" sizes=\"(max-width: 850px) 100vw, 850px\" \/><\/a>\n\t\t\t<\/div><\/figure><figure class='gallery-item'>\n\t\t\t<div class='gallery-icon landscape'>\n\t\t\t\t<a href='https:\/\/asfema.org\/blog\/index.php\/ii-ciclomarcha-asfema-por-las-enfermedades-raras-metabolicas\/fotofonteron\/'><img width=\"591\" height=\"428\" src=\"https:\/\/asfema.org\/blog\/wp-content\/uploads\/2014\/02\/fotofonteron.jpg\" class=\"attachment-medium size-medium\" alt=\"\" decoding=\"async\" loading=\"lazy\" \/><\/a>\n\t\t\t<\/div><\/figure><figure class='gallery-item'>\n\t\t\t<div class='gallery-icon landscape'>\n\t\t\t\t<a href='https:\/\/asfema.org\/blog\/index.php\/ii-ciclomarcha-asfema-por-las-enfermedades-raras-metabolicas\/nuevomar1\/'><img width=\"300\" height=\"84\" src=\"https:\/\/asfema.org\/blog\/wp-content\/uploads\/2014\/02\/Nuevomar1-e1395920414282.jpg\" class=\"attachment-medium size-medium\" alt=\"\" decoding=\"async\" loading=\"lazy\" \/><\/a>\n\t\t\t<\/div><\/figure><figure class='gallery-item'>\n\t\t\t<div class='gallery-icon landscape'>\n\t\t\t\t<a href='https:\/\/asfema.org\/blog\/index.php\/v-ciclomarcha-mtb-por-las-enfermedades-raras-metabolicas\/logo-decathlon-alcorcon-prueba3\/'><img width=\"200\" height=\"61\" src=\"https:\/\/asfema.org\/blog\/wp-content\/uploads\/2013\/04\/Logo-DECATHLON-ALCORCON-prueba3.jpg\" class=\"attachment-medium size-medium\" alt=\"\" decoding=\"async\" loading=\"lazy\" \/><\/a>\n\t\t\t<\/div><\/figure><figure class='gallery-item'>\n\t\t\t<div class='gallery-icon landscape'>\n\t\t\t\t<a href='https:\/\/asfema.org\/blog\/index.php\/v-ciclomarcha-mtb-por-las-enfermedades-raras-metabolicas\/snoopyweb\/'><img width=\"200\" height=\"198\" src=\"https:\/\/asfema.org\/blog\/wp-content\/uploads\/2013\/03\/snoopyweb.jpg\" class=\"attachment-medium size-medium\" alt=\"\" decoding=\"async\" loading=\"lazy\" srcset=\"https:\/\/asfema.org\/blog\/wp-content\/uploads\/2013\/03\/snoopyweb.jpg 200w, https:\/\/asfema.org\/blog\/wp-content\/uploads\/2013\/03\/snoopyweb-50x50.jpg 50w, https:\/\/asfema.org\/blog\/wp-content\/uploads\/2013\/03\/snoopyweb-125x125.jpg 125w, https:\/\/asfema.org\/blog\/wp-content\/uploads\/2013\/03\/snoopyweb-100x100.jpg 100w\" sizes=\"(max-width: 200px) 100vw, 200px\" \/><\/a>\n\t\t\t<\/div><\/figure><figure class='gallery-item'>\n\t\t\t<div class='gallery-icon landscape'>\n\t\t\t\t<a href='https:\/\/asfema.org\/blog\/index.php\/ii-ciclomarcha-asfema-por-las-enfermedades-raras-metabolicas\/quinones\/'><img width=\"250\" height=\"106\" src=\"https:\/\/asfema.org\/blog\/wp-content\/uploads\/2014\/02\/Quinones-e1396554100499.jpg\" class=\"attachment-medium size-medium\" alt=\"\" decoding=\"async\" loading=\"lazy\" \/><\/a>\n\t\t\t<\/div><\/figure><figure class='gallery-item'>\n\t\t\t<div class='gallery-icon landscape'>\n\t\t\t\t<a href='https:\/\/asfema.org\/blog\/index.php\/v-ciclomarcha-mtb-por-las-enfermedades-raras-metabolicas\/mariano001\/'><img width=\"200\" height=\"98\" src=\"https:\/\/asfema.org\/blog\/wp-content\/uploads\/2013\/03\/mariano001.jpg\" class=\"attachment-medium size-medium\" alt=\"\" decoding=\"async\" loading=\"lazy\" \/><\/a>\n\t\t\t<\/div><\/figure><figure class='gallery-item'>\n\t\t\t<div class='gallery-icon landscape'>\n\t\t\t\t<a href='https:\/\/asfema.org\/blog\/index.php\/v-ciclomarcha-mtb-por-las-enfermedades-raras-metabolicas\/victornieto\/'><img width=\"200\" height=\"68\" src=\"https:\/\/asfema.org\/blog\/wp-content\/uploads\/2013\/03\/VICTORNIETO.jpg\" class=\"attachment-medium size-medium\" alt=\"\" decoding=\"async\" loading=\"lazy\" \/><\/a>\n\t\t\t<\/div><\/figure><figure class='gallery-item'>\n\t\t\t<div class='gallery-icon landscape'>\n\t\t\t\t<a href='https:\/\/asfema.org\/blog\/index.php\/v-ciclomarcha-mtb-por-las-enfermedades-raras-metabolicas\/mahou\/'><img width=\"200\" height=\"108\" src=\"https:\/\/asfema.org\/blog\/wp-content\/uploads\/2013\/04\/mahou.jpg\" class=\"attachment-medium size-medium\" alt=\"\" decoding=\"async\" loading=\"lazy\" \/><\/a>\n\t\t\t<\/div><\/figure><figure class='gallery-item'>\n\t\t\t<div class='gallery-icon landscape'>\n\t\t\t\t<a href='https:\/\/asfema.org\/blog\/index.php\/v-ciclomarcha-mtb-por-las-enfermedades-raras-metabolicas\/gallego\/'><img width=\"150\" height=\"84\" src=\"https:\/\/asfema.org\/blog\/wp-content\/uploads\/2013\/03\/gallego-e1395920320304.jpg\" class=\"attachment-medium size-medium\" alt=\"\" decoding=\"async\" loading=\"lazy\" \/><\/a>\n\t\t\t<\/div><\/figure><figure class='gallery-item'>\n\t\t\t<div class='gallery-icon landscape'>\n\t\t\t\t<a href='https:\/\/asfema.org\/blog\/index.php\/ii-ciclomarcha-asfema-por-las-enfermedades-raras-metabolicas\/fund-caja-de-avila\/'><img width=\"850\" height=\"236\" src=\"https:\/\/asfema.org\/blog\/wp-content\/uploads\/2014\/02\/fund.caja-de-avila-850x236.jpg\" class=\"attachment-medium size-medium\" alt=\"\" decoding=\"async\" loading=\"lazy\" \/><\/a>\n\t\t\t<\/div><\/figure><figure class='gallery-item'>\n\t\t\t<div class='gallery-icon landscape'>\n\t\t\t\t<a href='https:\/\/asfema.org\/blog\/index.php\/ii-ciclomarcha-asfema-por-las-enfermedades-raras-metabolicas\/screenclip-2-3\/'><img width=\"200\" height=\"45\" src=\"https:\/\/asfema.org\/blog\/wp-content\/uploads\/2014\/02\/ScreenClip-2-e1395920016152.png\" class=\"attachment-medium size-medium\" alt=\"\" decoding=\"async\" loading=\"lazy\" \/><\/a>\n\t\t\t<\/div><\/figure><figure class='gallery-item'>\n\t\t\t<div class='gallery-icon landscape'>\n\t\t\t\t<a href='https:\/\/asfema.org\/blog\/index.php\/i-ciclomarcha-mtb-btt-por-las-enfermedades-raras-metabolicas\/manguan2\/'><img width=\"268\" height=\"190\" src=\"https:\/\/asfema.org\/blog\/wp-content\/uploads\/2013\/02\/manguan2.jpg\" class=\"attachment-medium size-medium\" alt=\"Manguan\" decoding=\"async\" loading=\"lazy\" \/><\/a>\n\t\t\t<\/div><\/figure><figure class='gallery-item'>\n\t\t\t<div class='gallery-icon landscape'>\n\t\t\t\t<a href='https:\/\/asfema.org\/blog\/index.php\/v-ciclomarcha-mtb-por-las-enfermedades-raras-metabolicas\/logo-garralon-1\/'><img width=\"200\" height=\"126\" src=\"https:\/\/asfema.org\/blog\/wp-content\/uploads\/2013\/03\/logo-garralon-1-e1363702169308.jpg\" class=\"attachment-medium size-medium\" alt=\"\" decoding=\"async\" loading=\"lazy\" \/><\/a>\n\t\t\t<\/div><\/figure><figure class='gallery-item'>\n\t\t\t<div class='gallery-icon landscape'>\n\t\t\t\t<a href='https:\/\/asfema.org\/blog\/index.php\/v-ciclomarcha-mtb-por-las-enfermedades-raras-metabolicas\/clinica-carol\/'><img width=\"200\" height=\"85\" src=\"https:\/\/asfema.org\/blog\/wp-content\/uploads\/2013\/04\/clinica-carol.jpg\" class=\"attachment-medium size-medium\" alt=\"\" decoding=\"async\" loading=\"lazy\" \/><\/a>\n\t\t\t<\/div><\/figure><figure class='gallery-item'>\n\t\t\t<div class='gallery-icon landscape'>\n\t\t\t\t<a href='https:\/\/asfema.org\/blog\/index.php\/iv-ciclomarcha-asfema-mtb-btt-por-las-enfermedades-raras-metabolicas\/generali\/'><img width=\"113\" height=\"113\" src=\"https:\/\/asfema.org\/blog\/wp-content\/uploads\/2016\/01\/generali-e1516696241710.png\" class=\"attachment-medium size-medium\" alt=\"Generali\" decoding=\"async\" loading=\"lazy\" srcset=\"https:\/\/asfema.org\/blog\/wp-content\/uploads\/2016\/01\/generali-e1516696241710.png 113w, https:\/\/asfema.org\/blog\/wp-content\/uploads\/2016\/01\/generali-e1516696241710-50x50.png 50w, https:\/\/asfema.org\/blog\/wp-content\/uploads\/2016\/01\/generali-e1516696241710-100x100.png 100w\" sizes=\"(max-width: 113px) 100vw, 113px\" \/><\/a>\n\t\t\t<\/div><\/figure><figure class='gallery-item'>\n\t\t\t<div class='gallery-icon landscape'>\n\t\t\t\t<a href='https:\/\/asfema.org\/blog\/index.php\/ii-ciclomarcha-asfema-por-las-enfermedades-raras-metabolicas\/logo-cecauto\/'><img width=\"150\" height=\"48\" src=\"https:\/\/asfema.org\/blog\/wp-content\/uploads\/2014\/02\/logo-cecauto-e1395920358529.jpg\" class=\"attachment-medium size-medium\" alt=\"\" decoding=\"async\" loading=\"lazy\" \/><\/a>\n\t\t\t<\/div><\/figure><figure class='gallery-item'>\n\t\t\t<div class='gallery-icon landscape'>\n\t\t\t\t<a href='https:\/\/asfema.org\/blog\/index.php\/ii-ciclomarcha-asfema-por-las-enfermedades-raras-metabolicas\/avibike\/'><img width=\"591\" height=\"418\" src=\"https:\/\/asfema.org\/blog\/wp-content\/uploads\/2014\/02\/Avibike.jpg\" class=\"attachment-medium size-medium\" alt=\"avibike\" decoding=\"async\" loading=\"lazy\" \/><\/a>\n\t\t\t<\/div><\/figure><figure class='gallery-item'>\n\t\t\t<div class='gallery-icon landscape'>\n\t\t\t\t<a href='https:\/\/asfema.org\/blog\/cocacolaweb\/'><img width=\"200\" height=\"70\" src=\"https:\/\/asfema.org\/blog\/wp-content\/uploads\/2013\/03\/COCACOLAweb.jpg\" class=\"attachment-medium size-medium\" alt=\"Coca Cola\" decoding=\"async\" loading=\"lazy\" \/><\/a>\n\t\t\t<\/div><\/figure><figure class='gallery-item'>\n\t\t\t<div class='gallery-icon landscape'>\n\t\t\t\t<a href='https:\/\/asfema.org\/blog\/index.php\/v-ciclomarcha-mtb-por-las-enfermedades-raras-metabolicas\/circular\/'><img width=\"200\" height=\"75\" src=\"https:\/\/asfema.org\/blog\/wp-content\/uploads\/2013\/04\/circular.jpg\" class=\"attachment-medium size-medium\" alt=\"\" decoding=\"async\" loading=\"lazy\" \/><\/a>\n\t\t\t<\/div><\/figure><figure class='gallery-item'>\n\t\t\t<div class='gallery-icon landscape'>\n\t\t\t\t<a href='https:\/\/asfema.org\/blog\/index.php\/iii-ciclomarcha-mtb-btt-por-las-enfermedades-raras-metabolicas\/logo-peyro-1\/'><img width=\"150\" height=\"150\" src=\"https:\/\/asfema.org\/blog\/wp-content\/uploads\/2015\/02\/Logo-PEYRO-1.png\" class=\"attachment-medium size-medium\" alt=\"\" decoding=\"async\" loading=\"lazy\" srcset=\"https:\/\/asfema.org\/blog\/wp-content\/uploads\/2015\/02\/Logo-PEYRO-1.png 150w, https:\/\/asfema.org\/blog\/wp-content\/uploads\/2015\/02\/Logo-PEYRO-1-50x50.png 50w, https:\/\/asfema.org\/blog\/wp-content\/uploads\/2015\/02\/Logo-PEYRO-1-125x125.png 125w, https:\/\/asfema.org\/blog\/wp-content\/uploads\/2015\/02\/Logo-PEYRO-1-100x100.png 100w\" sizes=\"(max-width: 150px) 100vw, 150px\" \/><\/a>\n\t\t\t<\/div><\/figure><figure class='gallery-item'>\n\t\t\t<div class='gallery-icon landscape'>\n\t\t\t\t<a href='https:\/\/asfema.org\/blog\/index.php\/ii-ciclomarcha-asfema-por-las-enfermedades-raras-metabolicas\/clinicadental\/'><img width=\"300\" height=\"113\" src=\"https:\/\/asfema.org\/blog\/wp-content\/uploads\/2014\/02\/ClinicaDental-e1395920387810.jpg\" class=\"attachment-medium size-medium\" alt=\"DENTALES\" decoding=\"async\" loading=\"lazy\" \/><\/a>\n\t\t\t<\/div><\/figure><figure class='gallery-item'>\n\t\t\t<div class='gallery-icon landscape'>\n\t\t\t\t<a href='https:\/\/asfema.org\/blog\/index.php\/ii-ciclomarcha-asfema-por-las-enfermedades-raras-metabolicas\/maderas\/'><img width=\"350\" height=\"200\" src=\"https:\/\/asfema.org\/blog\/wp-content\/uploads\/2014\/02\/Maderas-e1396553612301.jpg\" class=\"attachment-medium size-medium\" alt=\"\" decoding=\"async\" loading=\"lazy\" \/><\/a>\n\t\t\t<\/div><\/figure><figure class='gallery-item'>\n\t\t\t<div class='gallery-icon landscape'>\n\t\t\t\t<a href='https:\/\/asfema.org\/blog\/navas\/'><img width=\"200\" height=\"133\" src=\"https:\/\/asfema.org\/blog\/wp-content\/uploads\/2013\/03\/navas.jpg\" class=\"attachment-medium size-medium\" alt=\"\" decoding=\"async\" loading=\"lazy\" \/><\/a>\n\t\t\t<\/div><\/figure><figure class='gallery-item'>\n\t\t\t<div class='gallery-icon landscape'>\n\t\t\t\t<a href='https:\/\/asfema.org\/blog\/index.php\/cata-formulas-pku-nutricia\/nutritia-mdical\/'><img width=\"200\" height=\"81\" src=\"https:\/\/asfema.org\/blog\/wp-content\/uploads\/2013\/04\/Nutritia-mdical.jpg\" class=\"attachment-medium size-medium\" alt=\"Nutricia\" decoding=\"async\" loading=\"lazy\" \/><\/a>\n\t\t\t<\/div><\/figure><figure class='gallery-item'>\n\t\t\t<div class='gallery-icon landscape'>\n\t\t\t\t<a href='https:\/\/asfema.org\/blog\/index.php\/v-ciclomarcha-mtb-por-las-enfermedades-raras-metabolicas\/golpedepedal\/'><img width=\"200\" height=\"69\" src=\"https:\/\/asfema.org\/blog\/wp-content\/uploads\/2013\/04\/GolpeDePedal.jpg\" class=\"attachment-medium size-medium\" alt=\"\" decoding=\"async\" loading=\"lazy\" \/><\/a>\n\t\t\t<\/div><\/figure><figure class='gallery-item'>\n\t\t\t<div class='gallery-icon landscape'>\n\t\t\t\t<a href='https:\/\/asfema.org\/blog\/anagrama-la-canada1-2\/'><img width=\"200\" height=\"171\" src=\"https:\/\/asfema.org\/blog\/wp-content\/uploads\/2013\/03\/anagrama-La-Canada1.jpg\" class=\"attachment-medium size-medium\" alt=\"\" decoding=\"async\" loading=\"lazy\" \/><\/a>\n\t\t\t<\/div><\/figure>\n\t\t<\/div>\n\n<div id='gallery-4' class='gallery galleryid-2334 gallery-columns-3 gallery-size-medium'><figure class='gallery-item'>\n\t\t\t<div class='gallery-icon landscape'>\n\t\t\t\t<a href='https:\/\/asfema.org\/blog\/index.php\/v-ciclomarcha-mtb-por-las-enfermedades-raras-metabolicas\/jm001\/'><img width=\"200\" height=\"88\" src=\"https:\/\/asfema.org\/blog\/wp-content\/uploads\/2013\/03\/jm001.jpg\" class=\"attachment-medium size-medium\" alt=\"\" decoding=\"async\" loading=\"lazy\" \/><\/a>\n\t\t\t<\/div><\/figure><figure class='gallery-item'>\n\t\t\t<div class='gallery-icon landscape'>\n\t\t\t\t<a href='https:\/\/asfema.org\/blog\/index.php\/iv-ciclomarcha-asfema-mtb-btt-por-las-enfermedades-raras-metabolicas\/hn_miembrohrblindependiente_negro-y-verde\/'><img width=\"850\" height=\"478\" src=\"https:\/\/asfema.org\/blog\/wp-content\/uploads\/2016\/01\/LOGO-NEGRO-Y-VERDE-850x478.jpg\" class=\"attachment-medium size-medium\" alt=\"\" decoding=\"async\" loading=\"lazy\" srcset=\"https:\/\/asfema.org\/blog\/wp-content\/uploads\/2016\/01\/LOGO-NEGRO-Y-VERDE-850x478.jpg 850w, https:\/\/asfema.org\/blog\/wp-content\/uploads\/2016\/01\/LOGO-NEGRO-Y-VERDE-1200x675.jpg 1200w, https:\/\/asfema.org\/blog\/wp-content\/uploads\/2016\/01\/LOGO-NEGRO-Y-VERDE-250x141.jpg 250w, https:\/\/asfema.org\/blog\/wp-content\/uploads\/2016\/01\/LOGO-NEGRO-Y-VERDE-800x450.jpg 800w\" sizes=\"(max-width: 850px) 100vw, 850px\" \/><\/a>\n\t\t\t<\/div><\/figure><figure class='gallery-item'>\n\t\t\t<div class='gallery-icon landscape'>\n\t\t\t\t<a href='https:\/\/asfema.org\/blog\/index.php\/iv-ciclomarcha-asfema-mtb-btt-por-las-enfermedades-raras-metabolicas\/logo-3\/'><img width=\"850\" height=\"478\" src=\"https:\/\/asfema.org\/blog\/wp-content\/uploads\/2016\/01\/logo-850x478.jpg\" class=\"attachment-medium size-medium\" alt=\"\" decoding=\"async\" loading=\"lazy\" srcset=\"https:\/\/asfema.org\/blog\/wp-content\/uploads\/2016\/01\/logo-850x478.jpg 850w, https:\/\/asfema.org\/blog\/wp-content\/uploads\/2016\/01\/logo-250x141.jpg 250w, https:\/\/asfema.org\/blog\/wp-content\/uploads\/2016\/01\/logo-800x450.jpg 800w\" sizes=\"(max-width: 850px) 100vw, 850px\" \/><\/a>\n\t\t\t<\/div><\/figure>\n\t\t<\/div>\n\n<h2><a name=\"10\"><\/a>Dudas, sugerencias y contacto<\/h2>\n<p>Si tienes cualquier pregunta o sugerencia que hacernos, no dudes en enviar un email a la direcci\u00f3n <a title=\"Contacto Asfema\" href=\"mailto:contacto@asfema.org\" target=\"_blank\">contacto@asfema.org<\/a><\/p>\n<p><em>ADVERTENCIA: Durante la ciclomarcha se tomar\u00e1n fotos y se realizar\u00e1n varias grabaciones video. En cumplimiento de la Ley 15\/1999 de Protecci\u00f3n de Datos de Car\u00e1cter Personal, informamos a los asociados y participantes del evento que podr\u00e1n tomarse im\u00e1genes del mismo para su publicaci\u00f3n en medios de difusi\u00f3n de la entidad. Puede ejercitar sus derechos de Acceso, Rectificaci\u00f3n, Cancelaci\u00f3n y Oposici\u00f3n, ante Asociaci\u00f3n de Fenilceton\u00faricos y Otros Trastornos Metab\u00f3licos ASFEMA, con direcci\u00f3n en C\/ Costa del Sol 11, local 1, 28033, Madrid, adjuntando fotocopia de su DNI.\u00a0<\/em><\/p>\n<p>&nbsp;<\/p>\n","protected":false},"excerpt":{"rendered":"<p>Asfema organiza en el Tiemblo (\u00c1vila) la IV Ciclomarcha MTB por las Enfermedades Raras Metab\u00f3licas &nbsp; Previsi\u00f3n Meteorol\u00f3gica Formulario de Inscripci\u00f3n Listado de Participantes Caracter\u00edsticas Sorteos, Actividades y Regalos Participaci\u00f3n de Famosos del Ciclismo Recorrido de la Prueba y Perfiles Recogida de Dorsales Fila Cero en beneficio de Asfema Fotos de las ediciones pasadas Colaboran &hellip;<\/p>\n<p class=\"read-more\"> <a class=\"\" href=\"https:\/\/asfema.org\/blog\/index.php\/iv-ciclomarcha-asfema-mtb-btt-por-las-enfermedades-raras-metabolicas\/\"> <span class=\"screen-reader-text\">IV Ciclomarcha ASFEMA MTB por las Enfermedades Raras Metab\u00f3licas<\/span> Read More &raquo;<\/a><\/p>\n","protected":false},"author":2,"featured_media":0,"parent":0,"menu_order":0,"comment_status":"closed","ping_status":"closed","template":"","meta":{"site-sidebar-layout":"default","site-content-layout":"default","ast-global-header-display":"","ast-banner-title-visibility":"","ast-main-header-display":"","ast-hfb-above-header-display":"","ast-hfb-below-header-display":"","ast-hfb-mobile-header-display":"","site-post-title":"","ast-breadcrumbs-content":"","ast-featured-img":"","footer-sml-layout":"","theme-transparent-header-meta":"","adv-header-id-meta":"","stick-header-meta":"","header-above-stick-meta":"","header-main-stick-meta":"","header-below-stick-meta":"","footnotes":""},"acf":[],"_links":{"self":[{"href":"https:\/\/asfema.org\/blog\/index.php\/wp-json\/wp\/v2\/pages\/2334"}],"collection":[{"href":"https:\/\/asfema.org\/blog\/index.php\/wp-json\/wp\/v2\/pages"}],"about":[{"href":"https:\/\/asfema.org\/blog\/index.php\/wp-json\/wp\/v2\/types\/page"}],"author":[{"embeddable":true,"href":"https:\/\/asfema.org\/blog\/index.php\/wp-json\/wp\/v2\/users\/2"}],"replies":[{"embeddable":true,"href":"https:\/\/asfema.org\/blog\/index.php\/wp-json\/wp\/v2\/comments?post=2334"}],"version-history":[{"count":45,"href":"https:\/\/asfema.org\/blog\/index.php\/wp-json\/wp\/v2\/pages\/2334\/revisions"}],"predecessor-version":[{"id":2758,"href":"https:\/\/asfema.org\/blog\/index.php\/wp-json\/wp\/v2\/pages\/2334\/revisions\/2758"}],"wp:attachment":[{"href":"https:\/\/asfema.org\/blog\/index.php\/wp-json\/wp\/v2\/media?parent=2334"}],"curies":[{"name":"wp","href":"https:\/\/api.w.org\/{rel}","templated":true}]}}