{"id":2759,"date":"2017-01-31T17:20:46","date_gmt":"2017-01-31T17:20:46","guid":{"rendered":"https:\/\/asfema.org\/blog\/?page_id=2759"},"modified":"2017-05-14T12:04:31","modified_gmt":"2017-05-14T12:04:31","slug":"v-ciclomarcha-mtb-por-las-enfermedades-raras-metabolicas","status":"publish","type":"page","link":"https:\/\/asfema.org\/blog\/index.php\/v-ciclomarcha-mtb-por-las-enfermedades-raras-metabolicas\/","title":{"rendered":"V Ciclomarcha MTB por las Enfermedades Raras Metab\u00f3licas"},"content":{"rendered":"<h1 style=\"text-align: center;\">Asfema organiza en el Tiemblo (\u00c1vila)<\/h1>\n<h1 style=\"text-align: center;\">la V\u00a0<span style=\"text-decoration: underline;\">Ciclomarcha MTB por las Enfermedades Raras Metab\u00f3licas<\/span><a href=\"https:\/\/asfema.org\/blog\/wp-content\/uploads\/2017\/01\/Cartel-Ciclomarcha-2017b.jpg\"><br \/>\n<\/a><\/h1>\n<p><a href=\"https:\/\/asfema.org\/blog\/wp-content\/uploads\/2017\/01\/Cartel-Ciclomarcha-2017-mio2.jpg\"><img decoding=\"async\" loading=\"lazy\" class=\"wp-image-2808 size-full aligncenter\" src=\"https:\/\/asfema.org\/blog\/wp-content\/uploads\/2017\/01\/Cartel-Ciclomarcha-2017-mio2-e1487404533300.jpg\" width=\"348\" height=\"459\" \/><\/a><\/p>\n<ol>\n<li><span style=\"font-size: 22px;\"><a href=\"#1\">Formulario de Inscripci\u00f3n<\/a><\/span><\/li>\n<li><span style=\"font-size: 22px;\"><a href=\"#2\">Caracter\u00edsticas<\/a><\/span><\/li>\n<li><span style=\"font-size: 22px;\"><a href=\"#3\">Sorteos, Actividades y Regalos<\/a><\/span><\/li>\n<li><span style=\"font-size: 22px;\"><a href=\"#12\">Participaci\u00f3n de Famosos del Ciclismo<\/a><\/span><\/li>\n<li><span style=\"font-size: 22px;\"><a href=\"#5\">Recorrido de la Prueba y Perfiles<\/a><\/span><\/li>\n<li><span style=\"font-size: 22px;\"><a href=\"#6\">Recogida de Dorsales<\/a><\/span><\/li>\n<li><span style=\"font-size: 22px;\"><a href=\"#7\">Fila Cero en beneficio de Asfema<\/a><\/span><\/li>\n<li><span style=\"font-size: 22px;\"><a href=\"#13\">Fotos de las ediciones pasadas<\/a><\/span><\/li>\n<li><span style=\"font-size: 22px;\"><a href=\"#8\">Colaboran<\/a><\/span><\/li>\n<li><span style=\"font-size: 22px;\"><a href=\"#9\">Patrocinadores<\/a><\/span><\/li>\n<li><span style=\"font-size: 22px;\"><a href=\"#10\">Contacto<\/a>\u00a0<\/span><\/li>\n<\/ol>\n<p>Asfema, Asociaci\u00f3n de Fenilceton\u00faricos y OTM de Madrid organiza la IV Ciclomarcha MTB por las Enfermedades Raras Metab\u00f3licas. Tendr\u00e1 lugar el<\/p>\n<div style=\"text-align: center;\">\n<h2 style=\"text-align: center;\">Domingo 23 Abril de 2017<\/h2>\n<h2 style=\"text-align: center;\">El Tiemblo (\u00c1vila)<\/h2>\n<h2 style=\"text-align: center;\">Salida a las\u00a011 AM<\/h2>\n<p style=\"text-align: left;\">Este a\u00f1o la prueba se realizar\u00e1 en tres modalidades: de dificultad alta,\u00a0de dificultad media y de dificultad baja.<\/p>\n<h2 style=\"text-align: left;\"><\/h2>\n<h2 style=\"text-align: left;\">Formulario de Inscripci\u00f3n<\/h2>\n<p><span style=\"color: #ff0000;\"><b>PLAZO DE INSCRIPCI\u00d3N ONLINE CERRADO<\/b><\/span><\/p>\n<p><span style=\"text-decoration: underline;\"><strong>El plazo de inscripci\u00f3n ha acabado pero os recordamos que es posible hacer la inscripci\u00f3n el El Tiemblo el s\u00e1bado de 16:30 a 19hh y el mismo d\u00eda de la carrera, a partir de las 9HH y hasta la salida de la ciclomarcha<\/strong><\/span><\/p>\n<p><a href=\"http:\/\/racetime.es\/evento\/v-ciclomarcha-por-las-enfermedades-raras-metabolicas\" target=\"_blank\" rel=\"noopener noreferrer\"><img decoding=\"async\" loading=\"lazy\" class=\"alignleft wp-image-2773 size-full\" src=\"https:\/\/asfema.org\/blog\/wp-content\/uploads\/2017\/01\/RaceTime-p1b7tffs19n561doqqru0i12f1.jpg\" width=\"3071\" height=\"945\" \/><\/a><\/p>\n<p><span style=\"color: #ff0000;\">PULSA EN LA IMAGEN PARA SER REDIRECCIONADO A LA P\u00c1GINA DE LA INSCRIPCI\u00d3N<\/span><\/p>\n<p><strong>El precio de la inscripci\u00f3n es de 15 euros. Puede inscribirse cualquier persona mayor de 11 a\u00f1os.\u00a0<\/strong><\/p>\n<\/div>\n<div style=\"text-align: center;\">\n<h2 style=\"text-align: left;\">Caracter\u00edsticas<\/h2>\n<\/div>\n<p>Una imagen vale m\u00e1s que mil palabras, <a title=\"Fotos de la pasada edici\u00f3n\" href=\"https:\/\/www.flickr.com\/photos\/asfema\/albums\/72157665247101944\" target=\"_blank\" rel=\"noopener noreferrer\">solo tienes que echar un vistazo a las fotos de la pasada edici\u00f3n<\/a>, para saber que vas a pasar un d\u00eda estupendo colaborando con una buena causa.<\/p>\n<p>El importe \u00edntegro de los beneficios que se obtengan se destinar\u00e1 a las actividades estatuarias de ASFEMA\u00a0<strong>en beneficio de los afectados por las enfermedades raras metab\u00f3licas<\/strong>.<\/p>\n<p>La prueba tendr\u00e1 un<strong> m\u00e1ximo de 500 corredores de todas la edades.\u00a0<\/strong>Esperamos poder confirmaros pronto la presencia de grandes personajes del mundo del ciclismo.<\/p>\n<p>Todos los deportistas colaborar\u00e1n con la causa de forma totalmente altruista y con la generosa <strong>aportaci\u00f3n de alg\u00fan regalo personal que se sortear\u00e1<\/strong>\u00a0entre todos los ciclistas participantes al final de la ciclomarcha.<\/p>\n<p>Para tu seguridad y tranquilidad,<strong> la prueba contar\u00e1 con atenci\u00f3n m\u00e9dica<\/strong> por parte de Protecci\u00f3n Civil\u00a0y <strong>m\u00e9dico deportivo.<\/strong>\u00a0Tambi\u00e9n contaremos con servicio de mec\u00e1nica r\u00e1pida antes, durante y despu\u00e9s de la prueba, por parte de <strong>Brunabike.\u00a0<\/strong>Adem\u00e1s, todos los corredores tendr\u00e1n un <strong>seguro incluido en la cuota de inscripci\u00f3n<\/strong>.<\/p>\n<p>Los corredores que participen en la carrera dispondr\u00e1n de:<\/p>\n<ul>\n<li>Avituallamiento l\u00edquido y s\u00f3lido a mitad de recorrido<\/li>\n<li>Bolsa de avituallamiento a la llegada con bocadillo, 1 pieza de fruta y bebida<\/li>\n<\/ul>\n<p>La log\u00edstica de la prueba estar\u00e1 coordinada por <strong>Protecci\u00f3n Civil\u00a0de El Tiemblo <\/strong>y voluntarios de la organizaci\u00f3n de la ciclomarcha. Contaremos tambi\u00e9n con la asistencia m\u00e9dica del m\u00e9dico deportivo\u00a0<strong>Ignacio Bretones.<\/strong><\/p>\n<h2><a name=\"3\"><\/a>Sorteos, Actividades y Regalos para los participantes<\/h2>\n<p>Si lo tuyo no son las bicis \u00a1no te quedes en casa\u00a1 Queremos que pases <strong>un d\u00eda genial con tu familia<\/strong>. En la zona de salida habr\u00e1 actividades y juegos para los ni\u00f1os bajo la <strong>supervisi\u00f3n de monitores voluntarios<\/strong>,\u00a0animaci\u00f3n, y alguna sorpresa m\u00e1s. El cartel de actuaciones y actividades l\u00fadicas ir\u00e1 engordando conforme se vayan acercando las fechas; contamos ya con\u00a0<strong>David Gonz\u00e1lez Fuster,\u00a0<\/strong>animador y\u00a0<strong>Ach\u00fas y Chusita,\u00a0<\/strong>con espect\u00e1culos de magia, humor, bailes y globoflexia. <strong>Sara Gonz\u00e1lez Blasco\u00a0<\/strong>te proporcionar\u00e1 tu dosis de deporte en su clase de\u00a0<strong>zumba.\u00a0<\/strong>Los peques se lo pasar\u00e1n bomba.<\/p>\n<div id='gallery-1' class='gallery galleryid-2759 gallery-columns-3 gallery-size-full'><figure class='gallery-item'>\n\t\t\t<div class='gallery-icon portrait'>\n\t\t\t\t<a href='https:\/\/asfema.org\/blog\/index.php\/iv-ciclomarcha-asfema-mtb-btt-por-las-enfermedades-raras-metabolicas\/david\/'><img width=\"2045\" height=\"2560\" src=\"https:\/\/asfema.org\/blog\/wp-content\/uploads\/2016\/01\/david-e1516783260126-scaled.jpg\" class=\"attachment-full size-full\" alt=\"\" decoding=\"async\" aria-describedby=\"gallery-1-2428\" loading=\"lazy\" srcset=\"https:\/\/asfema.org\/blog\/wp-content\/uploads\/2016\/01\/david-e1516783260126-scaled.jpg 2045w, https:\/\/asfema.org\/blog\/wp-content\/uploads\/2016\/01\/david-e1516783260126-768x961.jpg 768w, https:\/\/asfema.org\/blog\/wp-content\/uploads\/2016\/01\/david-e1516783260126-1227x1536.jpg 1227w, https:\/\/asfema.org\/blog\/wp-content\/uploads\/2016\/01\/david-e1516783260126-1636x2048.jpg 1636w\" sizes=\"(max-width: 2045px) 100vw, 2045px\" \/><\/a>\n\t\t\t<\/div>\n\t\t\t\t<figcaption class='wp-caption-text gallery-caption' id='gallery-1-2428'>\n\t\t\t\tDavid Gonz\u00e1lez Fustel\n\t\t\t\t<\/figcaption><\/figure><figure class='gallery-item'>\n\t\t\t<div class='gallery-icon landscape'>\n\t\t\t\t<a href='https:\/\/asfema.org\/blog\/index.php\/v-ciclomarcha-mtb-por-las-enfermedades-raras-metabolicas\/logo-4\/'><img width=\"900\" height=\"900\" src=\"https:\/\/asfema.org\/blog\/wp-content\/uploads\/2017\/01\/logo.jpg\" class=\"attachment-full size-full\" alt=\"\" decoding=\"async\" aria-describedby=\"gallery-1-2900\" loading=\"lazy\" srcset=\"https:\/\/asfema.org\/blog\/wp-content\/uploads\/2017\/01\/logo.jpg 900w, https:\/\/asfema.org\/blog\/wp-content\/uploads\/2017\/01\/logo-768x768.jpg 768w, https:\/\/asfema.org\/blog\/wp-content\/uploads\/2017\/01\/logo-600x600.jpg 600w, https:\/\/asfema.org\/blog\/wp-content\/uploads\/2017\/01\/logo-50x50.jpg 50w, https:\/\/asfema.org\/blog\/wp-content\/uploads\/2017\/01\/logo-125x125.jpg 125w, https:\/\/asfema.org\/blog\/wp-content\/uploads\/2017\/01\/logo-100x100.jpg 100w, https:\/\/asfema.org\/blog\/wp-content\/uploads\/2017\/01\/logo-250x250.jpg 250w\" sizes=\"(max-width: 900px) 100vw, 900px\" \/><\/a>\n\t\t\t<\/div>\n\t\t\t\t<figcaption class='wp-caption-text gallery-caption' id='gallery-1-2900'>\n\t\t\t\tAch\u00fas y Chusita\n\t\t\t\t<\/figcaption><\/figure><figure class='gallery-item'>\n\t\t\t<div class='gallery-icon landscape'>\n\t\t\t\t<a href='https:\/\/asfema.org\/blog\/index.php\/v-ciclomarcha-mtb-por-las-enfermedades-raras-metabolicas\/tityn\/'><img width=\"516\" height=\"503\" src=\"https:\/\/asfema.org\/blog\/wp-content\/uploads\/2017\/01\/tityn.jpg\" class=\"attachment-full size-full\" alt=\"\" decoding=\"async\" aria-describedby=\"gallery-1-2901\" loading=\"lazy\" srcset=\"https:\/\/asfema.org\/blog\/wp-content\/uploads\/2017\/01\/tityn.jpg 516w, https:\/\/asfema.org\/blog\/wp-content\/uploads\/2017\/01\/tityn-50x50.jpg 50w\" sizes=\"(max-width: 516px) 100vw, 516px\" \/><\/a>\n\t\t\t<\/div>\n\t\t\t\t<figcaption class='wp-caption-text gallery-caption' id='gallery-1-2901'>\n\t\t\t\tAch\u00fas y Chusita\n\t\t\t\t<\/figcaption><\/figure><figure class='gallery-item'>\n\t\t\t<div class='gallery-icon landscape'>\n\t\t\t\t<a href='https:\/\/asfema.org\/blog\/index.php\/v-ciclomarcha-mtb-por-las-enfermedades-raras-metabolicas\/img-20170409-wa0006\/'><img width=\"1288\" height=\"966\" src=\"https:\/\/asfema.org\/blog\/wp-content\/uploads\/2017\/01\/IMG-20170409-WA0006.jpg\" class=\"attachment-full size-full\" alt=\"Sara Gonz\u00e1lez Blasco\" decoding=\"async\" aria-describedby=\"gallery-1-2914\" loading=\"lazy\" srcset=\"https:\/\/asfema.org\/blog\/wp-content\/uploads\/2017\/01\/IMG-20170409-WA0006.jpg 1288w, https:\/\/asfema.org\/blog\/wp-content\/uploads\/2017\/01\/IMG-20170409-WA0006-768x576.jpg 768w\" sizes=\"(max-width: 1288px) 100vw, 1288px\" \/><\/a>\n\t\t\t<\/div>\n\t\t\t\t<figcaption class='wp-caption-text gallery-caption' id='gallery-1-2914'>\n\t\t\t\tClase de Zumba\n\t\t\t\t<\/figcaption><\/figure>\n\t\t<\/div>\n\n<p>\u00a1Seguro que te sorprenderemos!<\/p>\n<p>Adem\u00e1s se otorgar\u00e1n los <strong>siguientes premios<\/strong>:<\/p>\n<ul>\n<li>Al corredor m\u00e1s veterano<\/li>\n<li>Al corredor m\u00e1s joven<\/li>\n<li>Al corredor que venga desde m\u00e1s lejos<\/li>\n<li>Al club m\u00e1s numeroso<\/li>\n<\/ul>\n<p><strong>Los corredores podr\u00e1n contar con ofertas especiales en los establecimientos de la zona.<\/strong><\/p>\n<p>Como todos los a\u00f1os, habr\u00e1 sorteo solidario tambi\u00e9n.<\/p>\n<h2><a name=\"12\"><\/a>Participaci\u00f3n de Famosos del Ciclismo<\/h2>\n<p>A fecha de hoy, ya podemos confirmar que estar\u00e1n con nosotros\u00a0<strong>\u00c1ngel Arroyo, Carlos Sastre, Paco Mancebo, David Navas, Diego Rubio, Francisco San Rom\u00e1n\u00a0<\/strong>y\u00a0<strong>Pablo Lastras,\u00a0<\/strong>actual director del equipo Movistar Team.<\/p>\n<div class=\"ast-oembed-container\" style=\"height: 100%;\"><iframe loading=\"lazy\" width=\"500\" height=\"375\" src=\"https:\/\/www.youtube.com\/embed\/KrOkyD8bAiU?feature=oembed\" frameborder=\"0\" allowfullscreen><\/iframe><\/div>\n<div class=\"ast-oembed-container\" style=\"height: 100%;\"><iframe loading=\"lazy\" width=\"500\" height=\"281\" src=\"https:\/\/www.youtube.com\/embed\/d2IOx9YUfTU?feature=oembed\" frameborder=\"0\" allowfullscreen><\/iframe><\/div>\n<div class=\"ast-oembed-container\" style=\"height: 100%;\"><iframe loading=\"lazy\" width=\"500\" height=\"375\" src=\"https:\/\/www.youtube.com\/embed\/QWEOuiAsNZw?feature=oembed\" frameborder=\"0\" allowfullscreen><\/iframe><\/div>\n<p><a href=\"http:\/\/https:\/\/www.youtube.com\/watch?v=o0wOqC4dmEs\">http:\/\/https:\/\/www.youtube.com\/watch?v=o0wOqC4dmEs<\/a><\/p>\n<div class=\"ast-oembed-container\" style=\"height: 100%;\"><iframe loading=\"lazy\" width=\"500\" height=\"281\" src=\"https:\/\/www.youtube.com\/embed\/U-BwyNUN1eQ?feature=oembed\" frameborder=\"0\" allowfullscreen><\/iframe><\/div>\n<div class=\"ast-oembed-container\" style=\"height: 100%;\"><iframe loading=\"lazy\" width=\"500\" height=\"281\" src=\"https:\/\/www.youtube.com\/embed\/TVmzYPcgSbU?feature=oembed\" frameborder=\"0\" allowfullscreen><\/iframe><\/div>\n<p>&nbsp;<\/p>\n<h2><a name=\"5\"><\/a>Recorrido de la Prueba<\/h2>\n<p>La distancia del recorrido var\u00eda seg\u00fan la modalidad en la que quieras participar. Se trata de una ruta de un cierto desnivel.\u00a0En un momento \u00a0la ruta se dividir\u00e1 en un recorrido m\u00e1s accesible de unos <strong>20 km<\/strong>, un camino de dificulad media (<strong>27 km<\/strong> aproximadamente) y el nivel m\u00e1s exigente de <strong>35 km<\/strong>. El punto de salida y de llegada coincidir\u00e1n para las tres modalidades.<\/p>\n<p>Aqu\u00ed ten\u00e9is el perfil general del recorrido en un mapa 3d interactivo por que pod\u00e9is navegar:<\/p>\n<p><iframe loading=\"lazy\" src=\"http:\/\/asfema.maps.arcgis.com\/apps\/Profile\/index.html?appid=f904b19ed04b4967b32cedb715fd30d3\" width=\"100%\" height=\"640px\" frameborder=\"0\" scrolling=\"no\"><\/iframe><br \/>\n<!-- Mapa --><\/p>\n<p>En este otro mapa interactivo podr\u00e9is <a href=\"http:\/\/asfema.maps.arcgis.com\/apps\/Profile\/index.html?appid=f904b19ed04b4967b32cedb715fd30d3\" target=\"_blank\" rel=\"noopener noreferrer\">visualizar los perfiles de la ruta<\/a> con m\u00e1s detalle.<\/p>\n<p>&nbsp;<\/p>\n<p><strong style=\"font-size: 16px;\">Mapa de la Zona de Salida y Recogida de Dorsales<\/strong><span style=\"font-size: 16px;\">:<\/span><\/p>\n<figure id=\"attachment_1116\" aria-describedby=\"caption-attachment-1116\" style=\"width: 219px\" class=\"wp-caption aligncenter\"><a href=\"https:\/\/asfema.org\/blog\/wp-content\/uploads\/2013\/04\/ZonaSalida.png\"><img decoding=\"async\" loading=\"lazy\" class=\"size-medium wp-image-1116 \" src=\"https:\/\/asfema.org\/blog\/wp-content\/uploads\/2013\/04\/ZonaSalida-219x300.png\" alt=\"Zona de Salida y Recogida de dorsales en El Tiemblo\" width=\"219\" height=\"300\" \/><\/a><figcaption id=\"caption-attachment-1116\" class=\"wp-caption-text\">Zona de Salida y Recogida de dorsales en El Tiemblo (clic para ampliar)<\/figcaption><\/figure>\n<p>Os pod\u00e9is descargar el recorrido gen\u00e9rico de la prueba en este link:<\/p>\n<p><a href=\"https:\/\/asfema.org\/blog\/index.php\/v-ciclomarcha-mtb-por-las-enfermedades-raras-metabolicas\/ciclomarcha-asfema-2017-gpx\/\" rel=\"attachment wp-att-2841\">TRACK CICLOMARCHA ASFEMA 2017.gpx<\/a><\/p>\n<h2><a name=\"6\"><\/a>Recogida de Dorsales<\/h2>\n<p>Pronto podremos ofrecer m\u00e1s detalles, por lo general, ser\u00e1 el s\u00e1bado 22 de abril en el\u00a0<strong>Polideportivo de 16:30 a 19:00, <\/strong>y el mismo d\u00eda de la carrera, domingo 23 de abril, de 9 a 11 horas en la zona de salida.<\/p>\n<p>Imprescindible identificarse en el momento de la recogida con el DNI. En caso de recoger el de otra persona, presentar justificante autorizado con firma y fotocopia (o foto) del DNI autorizado.<\/p>\n<h2><a name=\"7\"><\/a>Fila Cero en beneficio de Asfema<\/h2>\n<p>Si por cualquier motivo, no puedes asistir a la marcha, pero quieres colaborar con Asfema en el cuidado y atenci\u00f3n de los afectados por las enfermedades metab\u00f3licas raras, puedes hacer una donaci\u00f3n en el siguiente n\u00famero de cuenta:<\/p>\n<blockquote><p>ING DIRECT 1465 0100 9519 0023 1595<br \/>\nCIF G78778727<\/p><\/blockquote>\n<p>Tambi\u00e9n se puede realizar una donaci\u00f3n a trav\u00e9s de PayPal:<\/p>\n<form action=\"https:\/\/www.paypal.com\/cgi-bin\/webscr\" method=\"post\" target=\"_top\">\n<p style=\"text-align: center;\"><input alt=\"PayPal. La forma r\u00e1pida y segura de pagar en Internet.\" name=\"submit\" src=\"https:\/\/www.paypalobjects.com\/es_ES\/ES\/i\/btn\/btn_donateCC_LG.gif\" type=\"image\" \/><br \/>\n<img decoding=\"async\" loading=\"lazy\" src=\"https:\/\/www.paypalobjects.com\/es_ES\/i\/scr\/pixel.gif\" alt=\"\" width=\"1\" height=\"1\" border=\"0\" \/><\/p>\n<\/form>\n<h2><a name=\"13\"><\/a>Fotos de las ediciones pasadas<\/h2>\n<p><a title=\"Avituallamiento en la meta por asfema, en Flickr\" href=\"http:\/\/www.flickr.com\/photos\/asfema\/8770331160\/\"><img decoding=\"async\" loading=\"lazy\" src=\"http:\/\/farm3.staticflickr.com\/2869\/8770331160_d0af761192_m.jpg\" alt=\"Avituallamiento en la meta\" width=\"240\" height=\"136\" \/><\/a><\/p>\n<p><a title=\"Album Flickr\" href=\"http:\/\/www.flickr.com\/photos\/asfema\/sets\/72157633593655110\/\" target=\"_blank\" rel=\"noopener noreferrer\">\u00c1lbum Completo en Flickr<\/a>\u00a0de la primera edici\u00f3n<\/p>\n<p><a href=\"https:\/\/asfema.org\/blog\/wp-content\/uploads\/2016\/01\/CartelCiclomarcha2014.jpg\"><img decoding=\"async\" loading=\"lazy\" class=\"size-medium wp-image-2345 alignnone\" src=\"https:\/\/asfema.org\/blog\/wp-content\/uploads\/2016\/01\/CartelCiclomarcha2014-201x300.jpg\" alt=\"CartelCiclomarcha2014\" width=\"201\" height=\"300\" \/><\/a><br \/>\n<a href=\"https:\/\/www.flickr.com\/photos\/asfema\/albums\/72157644733033753\">\u00c1lbum de la segunda edici\u00f3n<\/a><\/p>\n<p><a href=\"https:\/\/asfema.org\/blog\/wp-content\/uploads\/2015\/04\/DSC_6253.jpg\"><img decoding=\"async\" loading=\"lazy\" class=\"wp-image-2116 size-medium alignnone\" src=\"https:\/\/asfema.org\/blog\/wp-content\/uploads\/2015\/04\/DSC_6253-300x200.jpg\" alt=\"barro...\" width=\"300\" height=\"200\" \/><\/a><\/p>\n<p><a href=\"https:\/\/www.flickr.com\/photos\/asfema\/albums\/72157651801582690\">\u00c1lbum de la tercera edici\u00f3n<\/a><br \/>\n<a title=\"IV Ciclomarcha ASFEMA 2016\" href=\"https:\/\/www.flickr.com\/photos\/asfema\/albums\/72157665247101944\" data-flickr-embed=\"true\"><img decoding=\"async\" loading=\"lazy\" src=\"https:\/\/c1.staticflickr.com\/2\/1720\/26038002503_148b3ceafa_m.jpg\" alt=\"IV Ciclomarcha ASFEMA 2016\" width=\"240\" height=\"160\" \/><\/a><script async src=\"\/\/embedr.flickr.com\/assets\/client-code.js\" charset=\"utf-8\"><\/script><\/p>\n<p>Album de la cuarta edici\u00f3n (pincha la imagen)<\/p>\n<h2><a name=\"8\"><\/a>Colaboran<\/h2>\n<p>Esta carrera no hubiera sido posible sin la desinteresada colaboraci\u00f3n de:<\/p>\n<figure style=\"width: 105px\" class=\"wp-caption aligncenter\"><img decoding=\"async\" loading=\"lazy\" src=\"http:\/\/www.eltiemblo.es\/imagenes\/escudopeq.jpg\" alt=\"El tiemblo\" width=\"105\" height=\"184\" \/><figcaption class=\"wp-caption-text\">El Ayuntamiento de El Tiemblo<\/figcaption><\/figure>\n<figure id=\"attachment_957\" aria-describedby=\"caption-attachment-957\" style=\"width: 117px\" class=\"wp-caption alignleft\"><a href=\"https:\/\/asfema.org\/blog\/wp-content\/uploads\/2013\/03\/escudo-proteccion-civil-290.jpg\"><img decoding=\"async\" loading=\"lazy\" class=\"wp-image-957 size-full\" title=\"Protecci\u00f3n Civil\" src=\"https:\/\/asfema.org\/blog\/wp-content\/uploads\/2013\/03\/escudo-proteccion-civil-290-e1487405156146.jpg\" alt=\"Protecci\u00f3n Civil\" width=\"117\" height=\"150\" \/><\/a><figcaption id=\"caption-attachment-957\" class=\"wp-caption-text\">Protecci\u00f3n Civil<\/figcaption><\/figure>\n<p>&nbsp;<\/p>\n<h2><a name=\"9\"><\/a>Patrocinadores<\/h2>\n<p>&nbsp;<\/p>\n<p>&nbsp;<\/p>\n<table style=\"height: 95px; table-layout: fixed;\" border=\"1\" width=\"752\">\n<tbody>\n<tr>\n<td align=\"top\">\u00a0<a href=\"https:\/\/asfema.org\/blog\/?attachment_id=2777\" rel=\"attachment wp-att-2777\"><img decoding=\"async\" loading=\"lazy\" class=\"alignnone size-full wp-image-2777\" src=\"https:\/\/asfema.org\/blog\/wp-content\/uploads\/2017\/01\/tubular-TARJETAS-1-e1486075578999.jpg\" alt=\"\" width=\"150\" height=\"186\" \/><\/a><\/td>\n<td>\u00a0<a href=\"https:\/\/asfema.org\/blog\/index.php\/v-ciclomarcha-mtb-por-las-enfermedades-raras-metabolicas\/logo-spiuk-cdr\/\" rel=\"attachment wp-att-1056\"><img decoding=\"async\" loading=\"lazy\" class=\"alignnone size-full wp-image-1056\" src=\"https:\/\/asfema.org\/blog\/wp-content\/uploads\/2013\/04\/Logo-Spiuk.jpg\" alt=\"\" width=\"200\" height=\"54\" \/><\/a><\/td>\n<td>\u00a0<a href=\"https:\/\/asfema.org\/blog\/index.php\/v-ciclomarcha-mtb-por-las-enfermedades-raras-metabolicas\/logo-calmera\/\" rel=\"attachment wp-att-1043\"><img decoding=\"async\" loading=\"lazy\" class=\"alignnone size-full wp-image-1043\" src=\"https:\/\/asfema.org\/blog\/wp-content\/uploads\/2013\/03\/Logo-Calmera.jpg\" alt=\"\" width=\"200\" height=\"92\" \/><\/a><\/td>\n<td>\u00a0<a href=\"https:\/\/asfema.org\/blog\/index.php\/ii-ciclomarcha-asfema-por-las-enfermedades-raras-metabolicas\/avibike\/\" rel=\"attachment wp-att-1508\"><img decoding=\"async\" loading=\"lazy\" class=\"alignnone size-medium wp-image-1508\" src=\"https:\/\/asfema.org\/blog\/wp-content\/uploads\/2014\/02\/Avibike-300x212.jpg\" alt=\"avibike\" width=\"300\" height=\"212\" \/><\/a><\/td>\n<td>\u00a0<a href=\"https:\/\/asfema.org\/blog\/index.php\/v-ciclomarcha-mtb-por-las-enfermedades-raras-metabolicas\/allianz\/\" rel=\"attachment wp-att-1095\"><img decoding=\"async\" loading=\"lazy\" class=\"alignnone size-full wp-image-1095\" src=\"https:\/\/asfema.org\/blog\/wp-content\/uploads\/2013\/04\/ALLIANZ.jpg\" alt=\"Allianz\" width=\"200\" height=\"113\" \/><\/a><\/td>\n<\/tr>\n<tr>\n<td>\u00a0<a href=\"https:\/\/asfema.org\/blog\/index.php\/i-ciclomarcha-mtb-btt-por-las-enfermedades-raras-metabolicas\/logo-rojo-coca-cola_400\/\" rel=\"attachment wp-att-898\"><img decoding=\"async\" loading=\"lazy\" class=\"alignnone size-medium wp-image-898\" src=\"https:\/\/asfema.org\/blog\/wp-content\/uploads\/2013\/02\/Logo-rojo-COCA-COLA_400-300x105.jpg\" alt=\"\" width=\"300\" height=\"105\" \/><\/a><\/td>\n<td>\u00a0<a href=\"https:\/\/asfema.org\/blog\/index.php\/v-ciclomarcha-mtb-por-las-enfermedades-raras-metabolicas\/karacolweb\/\" rel=\"attachment wp-att-974\"><img decoding=\"async\" loading=\"lazy\" class=\"alignnone size-full wp-image-974\" src=\"https:\/\/asfema.org\/blog\/wp-content\/uploads\/2013\/03\/Karacolweb.jpg\" alt=\"\" width=\"200\" height=\"106\" \/><\/a><\/td>\n<td>\u00a0<a href=\"https:\/\/asfema.org\/blog\/index.php\/v-ciclomarcha-mtb-por-las-enfermedades-raras-metabolicas\/scanned-document\/\" rel=\"attachment wp-att-1053\"><img decoding=\"async\" loading=\"lazy\" class=\"alignnone size-full wp-image-1053\" src=\"https:\/\/asfema.org\/blog\/wp-content\/uploads\/2013\/04\/ciclos-delicias.jpg\" alt=\"\" width=\"200\" height=\"240\" \/><\/a><\/td>\n<td>\u00a0<a href=\"https:\/\/asfema.org\/blog\/index.php\/iv-ciclomarcha-asfema-mtb-btt-por-las-enfermedades-raras-metabolicas\/hn_miembrohrblindependiente_negro-y-verde\/\" rel=\"attachment wp-att-2433\"><img decoding=\"async\" loading=\"lazy\" class=\"alignnone size-medium wp-image-2433\" src=\"https:\/\/asfema.org\/blog\/wp-content\/uploads\/2016\/01\/LOGO-NEGRO-Y-VERDE-300x146.jpg\" alt=\"\" width=\"300\" height=\"146\" \/><\/a><\/td>\n<td>\u00a0<a href=\"https:\/\/asfema.org\/blog\/index.php\/v-ciclomarcha-mtb-por-las-enfermedades-raras-metabolicas\/mybikesport\/\" rel=\"attachment wp-att-2789\"><img decoding=\"async\" loading=\"lazy\" class=\"alignnone size-full wp-image-2789\" src=\"https:\/\/asfema.org\/blog\/wp-content\/uploads\/2017\/01\/mybikesport.jpg\" alt=\"\" width=\"232\" height=\"130\" \/><\/a><\/td>\n<\/tr>\n<tr>\n<td>\u00a0<a href=\"https:\/\/asfema.org\/blog\/index.php\/iii-ciclomarcha-mtb-btt-por-las-enfermedades-raras-metabolicas\/cartel-galp-energia-40x60\/\" rel=\"attachment wp-att-1933\"><img decoding=\"async\" loading=\"lazy\" class=\"alignnone size-medium wp-image-1933\" src=\"https:\/\/asfema.org\/blog\/wp-content\/uploads\/2015\/02\/cartel-galp-energia-40x60-300x200.jpg\" alt=\"\" width=\"300\" height=\"200\" \/><\/a><\/td>\n<td>\u00a0<a href=\"https:\/\/asfema.org\/blog\/index.php\/v-ciclomarcha-mtb-por-las-enfermedades-raras-metabolicas\/victornieto\/\" rel=\"attachment wp-att-1031\"><img decoding=\"async\" loading=\"lazy\" class=\"alignnone size-full wp-image-1031\" src=\"https:\/\/asfema.org\/blog\/wp-content\/uploads\/2013\/03\/VICTORNIETO.jpg\" alt=\"\" width=\"200\" height=\"68\" \/><\/a><\/td>\n<td><a href=\"https:\/\/asfema.org\/blog\/index.php\/ii-ciclomarcha-asfema-por-las-enfermedades-raras-metabolicas\/nuevomar2\/\" rel=\"attachment wp-att-1504\"><img decoding=\"async\" loading=\"lazy\" class=\"alignnone size-full wp-image-1504\" src=\"https:\/\/asfema.org\/blog\/wp-content\/uploads\/2014\/02\/Nuevomar2-e1396553759832.jpg\" alt=\"\" width=\"200\" height=\"45\" \/><\/a><\/td>\n<td><a href=\"https:\/\/asfema.org\/blog\/index.php\/ii-ciclomarcha-asfema-por-las-enfermedades-raras-metabolicas\/logo-cecauto\/\" rel=\"attachment wp-att-1463\"><img decoding=\"async\" loading=\"lazy\" class=\"alignnone size-medium wp-image-1463\" src=\"https:\/\/asfema.org\/blog\/wp-content\/uploads\/2014\/02\/logo-cecauto-300x95.jpg\" alt=\"\" width=\"300\" height=\"95\" \/><\/a><\/td>\n<td>\u00a0<a href=\"https:\/\/asfema.org\/blog\/index.php\/v-ciclomarcha-mtb-por-las-enfermedades-raras-metabolicas\/logotipo-empresa-2\/\" rel=\"attachment wp-att-1007\"><img decoding=\"async\" loading=\"lazy\" class=\"alignnone size-full wp-image-1007\" src=\"https:\/\/asfema.org\/blog\/wp-content\/uploads\/2013\/03\/Logotipo-empresa-2.jpg\" alt=\"\" width=\"200\" height=\"176\" \/><\/a><\/td>\n<\/tr>\n<tr>\n<td>\u00a0<a href=\"https:\/\/asfema.org\/blog\/index.php\/v-ciclomarcha-mtb-por-las-enfermedades-raras-metabolicas\/correveidileweb\/\" rel=\"attachment wp-att-999\"><img decoding=\"async\" loading=\"lazy\" class=\"alignnone size-full wp-image-999\" src=\"https:\/\/asfema.org\/blog\/wp-content\/uploads\/2013\/03\/correveidileweb.jpg\" alt=\"correveidile\" width=\"200\" height=\"39\" \/><\/a><\/td>\n<td><a href=\"https:\/\/asfema.org\/blog\/index.php\/ii-ciclomarcha-asfema-por-las-enfermedades-raras-metabolicas\/logo-2\/\" rel=\"attachment wp-att-1501\"><img decoding=\"async\" loading=\"lazy\" class=\"alignnone size-medium wp-image-1501\" src=\"https:\/\/asfema.org\/blog\/wp-content\/uploads\/2014\/02\/logo--300x216.jpg\" alt=\"\" width=\"300\" height=\"216\" \/><\/a><\/td>\n<td><a href=\"https:\/\/asfema.org\/blog\/index.php\/v-ciclomarcha-mtb-por-las-enfermedades-raras-metabolicas\/villa_navarro\/\" rel=\"attachment wp-att-2803\"><img decoding=\"async\" loading=\"lazy\" class=\"alignnone size-medium wp-image-2803\" src=\"https:\/\/asfema.org\/blog\/wp-content\/uploads\/2017\/01\/Villa_Navarro-850x478.jpg\" alt=\"\" width=\"850\" height=\"478\" srcset=\"https:\/\/asfema.org\/blog\/wp-content\/uploads\/2017\/01\/Villa_Navarro-850x478.jpg 850w, https:\/\/asfema.org\/blog\/wp-content\/uploads\/2017\/01\/Villa_Navarro-250x141.jpg 250w, https:\/\/asfema.org\/blog\/wp-content\/uploads\/2017\/01\/Villa_Navarro-800x450.jpg 800w\" sizes=\"(max-width: 850px) 100vw, 850px\" \/><\/a><\/td>\n<td>\u00a0<a href=\"https:\/\/asfema.org\/blog\/index.php\/ii-ciclomarcha-asfema-por-las-enfermedades-raras-metabolicas\/nuevomar1\/\" rel=\"attachment wp-att-1503\"><img decoding=\"async\" loading=\"lazy\" class=\"alignnone size-medium wp-image-1503\" src=\"https:\/\/asfema.org\/blog\/wp-content\/uploads\/2014\/02\/Nuevomar1-300x83.jpg\" alt=\"\" width=\"300\" height=\"83\" \/><\/a><\/td>\n<td>&nbsp;<\/p>\n<p><a href=\"https:\/\/asfema.org\/blog\/index.php\/v-ciclomarcha-mtb-por-las-enfermedades-raras-metabolicas\/mahou\/\" rel=\"attachment wp-att-1079\"><img decoding=\"async\" loading=\"lazy\" class=\"alignnone size-full wp-image-1079\" src=\"https:\/\/asfema.org\/blog\/wp-content\/uploads\/2013\/04\/mahou.jpg\" alt=\"\" width=\"200\" height=\"108\" \/><\/a><\/p>\n<p>&nbsp;<\/td>\n<\/tr>\n<\/tbody>\n<\/table>\n<table style=\"height: 95px; table-layout: fixed;\" border=\"1\" width=\"752\">\n<tbody>\n<tr>\n<td><a href=\"https:\/\/asfema.org\/blog\/index.php\/v-ciclomarcha-mtb-por-las-enfermedades-raras-metabolicas\/circular\/\" rel=\"attachment wp-att-1074\"><img decoding=\"async\" loading=\"lazy\" class=\"alignnone size-full wp-image-1074\" src=\"https:\/\/asfema.org\/blog\/wp-content\/uploads\/2013\/04\/circular.jpg\" alt=\"\" width=\"200\" height=\"75\" \/><\/a><\/td>\n<td><a href=\"https:\/\/asfema.org\/blog\/index.php\/iii-ciclomarcha-mtb-btt-por-las-enfermedades-raras-metabolicas\/merida_logo_portrait_14_rgb_rz\/\" rel=\"attachment wp-att-2054\"><img decoding=\"async\" loading=\"lazy\" class=\"alignnone size-medium wp-image-2054\" src=\"https:\/\/asfema.org\/blog\/wp-content\/uploads\/2015\/02\/MERIDA_LOGO_PORTRAIT_14_RGB_RZ-300x106.jpg\" alt=\"\" width=\"300\" height=\"106\" \/><\/a><\/td>\n<td><a href=\"https:\/\/asfema.org\/blog\/index.php\/i-ciclomarcha-mtb-btt-por-las-enfermedades-raras-metabolicas\/manguan2\/\" rel=\"attachment wp-att-907\"><img decoding=\"async\" loading=\"lazy\" class=\"alignnone size-full wp-image-907\" src=\"https:\/\/asfema.org\/blog\/wp-content\/uploads\/2013\/02\/manguan2.jpg\" alt=\"Manguan\" width=\"268\" height=\"190\" \/><\/a><\/td>\n<td>\u00a0<a href=\"https:\/\/asfema.org\/blog\/index.php\/ii-ciclomarcha-asfema-por-las-enfermedades-raras-metabolicas\/logo-rasterizado\/\" rel=\"attachment wp-att-1464\"><img decoding=\"async\" loading=\"lazy\" class=\"alignnone size-medium wp-image-1464\" src=\"https:\/\/asfema.org\/blog\/wp-content\/uploads\/2014\/02\/Logo-Rasterizado-244x300.jpg\" alt=\"\" width=\"244\" height=\"300\" \/><\/a><\/td>\n<td><a href=\"https:\/\/asfema.org\/blog\/index.php\/i-ciclomarcha-mtb-btt-por-las-enfermedades-raras-metabolicas\/grafquinones\/\" rel=\"attachment wp-att-897\"><img decoding=\"async\" loading=\"lazy\" class=\"alignnone size-medium wp-image-897\" src=\"https:\/\/asfema.org\/blog\/wp-content\/uploads\/2013\/02\/GrafQuinones-300x171.jpg\" alt=\"\" width=\"300\" height=\"171\" \/><\/a><\/td>\n<\/tr>\n<\/tbody>\n<\/table>\n<table style=\"height: 95px; table-layout: fixed;\" border=\"1\" width=\"752\">\n<tbody>\n<tr>\n<td><a href=\"https:\/\/asfema.org\/blog\/index.php\/v-ciclomarcha-mtb-por-las-enfermedades-raras-metabolicas\/nutriciametabolicos\/\" rel=\"attachment wp-att-2811\"><img decoding=\"async\" loading=\"lazy\" class=\"alignnone size-full wp-image-2811\" src=\"https:\/\/asfema.org\/blog\/wp-content\/uploads\/2017\/01\/nutriciametabolicos.png\" alt=\"\" width=\"595\" height=\"278\" \/><\/a><\/td>\n<td><a href=\"https:\/\/asfema.org\/blog\/index.php\/v-ciclomarcha-mtb-por-las-enfermedades-raras-metabolicas\/logof\/\" rel=\"attachment wp-att-2813\"><img decoding=\"async\" loading=\"lazy\" class=\"alignnone size-medium wp-image-2813\" src=\"https:\/\/asfema.org\/blog\/wp-content\/uploads\/2017\/01\/logof.png\" alt=\"\" width=\"626\" height=\"467\" \/><\/a><\/td>\n<td><a href=\"https:\/\/asfema.org\/blog\/index.php\/v-ciclomarcha-mtb-por-las-enfermedades-raras-metabolicas\/logofullbyc\/\" rel=\"attachment wp-att-2812\"><img decoding=\"async\" loading=\"lazy\" class=\"alignnone size-full wp-image-2812\" src=\"https:\/\/asfema.org\/blog\/wp-content\/uploads\/2017\/01\/logofullbyc.png\" alt=\"\" width=\"831\" height=\"189\" srcset=\"https:\/\/asfema.org\/blog\/wp-content\/uploads\/2017\/01\/logofullbyc.png 831w, https:\/\/asfema.org\/blog\/wp-content\/uploads\/2017\/01\/logofullbyc-768x175.png 768w\" sizes=\"(max-width: 831px) 100vw, 831px\" \/><\/a><\/td>\n<td>\u00a0<a href=\"https:\/\/asfema.org\/blog\/index.php\/v-ciclomarcha-mtb-por-las-enfermedades-raras-metabolicas\/calahorra\/\" rel=\"attachment wp-att-1034\"><img decoding=\"async\" loading=\"lazy\" class=\"alignnone size-full wp-image-1034\" src=\"https:\/\/asfema.org\/blog\/wp-content\/uploads\/2013\/03\/calahorra.jpg\" alt=\"\" width=\"200\" height=\"294\" \/><\/a><\/td>\n<td><a href=\"https:\/\/asfema.org\/blog\/index.php\/v-ciclomarcha-mtb-por-las-enfermedades-raras-metabolicas\/publasvegasweb\/\" rel=\"attachment wp-att-972\"><img decoding=\"async\" loading=\"lazy\" class=\"alignnone size-full wp-image-972\" src=\"https:\/\/asfema.org\/blog\/wp-content\/uploads\/2013\/03\/publasvegasweb.jpg\" alt=\"\" width=\"200\" height=\"72\" \/><\/a><\/td>\n<\/tr>\n<\/tbody>\n<\/table>\n<table style=\"height: 95px; table-layout: fixed;\" border=\"1\" width=\"752\">\n<tbody>\n<tr>\n<td><a href=\"https:\/\/asfema.org\/blog\/index.php\/v-ciclomarcha-mtb-por-las-enfermedades-raras-metabolicas\/clinica-carol\/\" rel=\"attachment wp-att-1054\"><img decoding=\"async\" loading=\"lazy\" class=\"alignnone size-full wp-image-1054\" src=\"https:\/\/asfema.org\/blog\/wp-content\/uploads\/2013\/04\/clinica-carol.jpg\" alt=\"\" width=\"200\" height=\"85\" \/><\/a><\/td>\n<td>\u00a0<a href=\"https:\/\/asfema.org\/blog\/index.php\/iii-ciclomarcha-mtb-btt-por-las-enfermedades-raras-metabolicas\/frutas-mayde\/\" rel=\"attachment wp-att-1980\"><img decoding=\"async\" loading=\"lazy\" class=\"alignnone size-medium wp-image-1980\" src=\"https:\/\/asfema.org\/blog\/wp-content\/uploads\/2015\/02\/frutas-mayde-300x134.jpg\" alt=\"\" width=\"300\" height=\"134\" \/><\/a><\/td>\n<td>\u00a0<a href=\"https:\/\/asfema.org\/blog\/index.php\/iii-ciclomarcha-mtb-btt-por-las-enfermedades-raras-metabolicas\/logo-peyro-1\/\" rel=\"attachment wp-att-2068\"><img decoding=\"async\" loading=\"lazy\" class=\"alignnone size-full wp-image-2068\" src=\"https:\/\/asfema.org\/blog\/wp-content\/uploads\/2015\/02\/Logo-PEYRO-1.png\" alt=\"\" width=\"150\" height=\"150\" srcset=\"https:\/\/asfema.org\/blog\/wp-content\/uploads\/2015\/02\/Logo-PEYRO-1.png 150w, https:\/\/asfema.org\/blog\/wp-content\/uploads\/2015\/02\/Logo-PEYRO-1-50x50.png 50w, https:\/\/asfema.org\/blog\/wp-content\/uploads\/2015\/02\/Logo-PEYRO-1-125x125.png 125w, https:\/\/asfema.org\/blog\/wp-content\/uploads\/2015\/02\/Logo-PEYRO-1-100x100.png 100w\" sizes=\"(max-width: 150px) 100vw, 150px\" \/><\/a><\/td>\n<td><a href=\"https:\/\/asfema.org\/blog\/index.php\/iii-ciclomarcha-mtb-btt-por-las-enfermedades-raras-metabolicas\/cope-franja\/\" rel=\"attachment wp-att-1953\"><img decoding=\"async\" loading=\"lazy\" class=\"alignnone size-medium wp-image-1953\" src=\"https:\/\/asfema.org\/blog\/wp-content\/uploads\/2015\/02\/COPE-FRANJA-300x210.jpg\" alt=\"COPE\" width=\"300\" height=\"210\" \/><\/a><\/td>\n<td><a href=\"https:\/\/asfema.org\/blog\/index.php\/v-ciclomarcha-mtb-por-las-enfermedades-raras-metabolicas\/angel\/\" rel=\"attachment wp-att-1033\"><img decoding=\"async\" loading=\"lazy\" class=\"alignnone size-full wp-image-1033\" src=\"https:\/\/asfema.org\/blog\/wp-content\/uploads\/2013\/03\/angel.jpg\" alt=\"\" width=\"200\" height=\"216\" \/><\/a><\/td>\n<\/tr>\n<\/tbody>\n<\/table>\n<table style=\"height: 95px; table-layout: fixed;\" border=\"1\" width=\"752\">\n<tbody>\n<tr>\n<td>\u00a0<a href=\"https:\/\/asfema.org\/blog\/index.php\/v-ciclomarcha-mtb-por-las-enfermedades-raras-metabolicas\/logo-garralon-1\/\" rel=\"attachment wp-att-1014\"><img decoding=\"async\" loading=\"lazy\" class=\"alignnone size-medium wp-image-1014\" src=\"https:\/\/asfema.org\/blog\/wp-content\/uploads\/2013\/03\/logo-garralon-1-300x188.jpg\" alt=\"\" width=\"300\" height=\"188\" \/><\/a><\/td>\n<td>\u00a0<a href=\"https:\/\/asfema.org\/blog\/index.php\/v-ciclomarcha-mtb-por-las-enfermedades-raras-metabolicas\/papeleriacandil-2\/\" rel=\"attachment wp-att-1009\"><img decoding=\"async\" loading=\"lazy\" class=\"alignnone size-full wp-image-1009\" src=\"https:\/\/asfema.org\/blog\/wp-content\/uploads\/2013\/03\/papeleriacandil.jpg\" alt=\"\" width=\"200\" height=\"80\" \/><\/a><\/td>\n<td>\u00a0<a href=\"https:\/\/asfema.org\/blog\/index.php\/ii-ciclomarcha-asfema-por-las-enfermedades-raras-metabolicas\/maderas\/\" rel=\"attachment wp-att-1502\"><img decoding=\"async\" loading=\"lazy\" class=\"alignnone size-medium wp-image-1502\" src=\"https:\/\/asfema.org\/blog\/wp-content\/uploads\/2014\/02\/Maderas-300x171.jpg\" alt=\"\" width=\"300\" height=\"171\" \/><\/a><\/td>\n<td>\u00a0<a href=\"https:\/\/asfema.org\/blog\/index.php\/v-ciclomarcha-mtb-por-las-enfermedades-raras-metabolicas\/samaniego\/\" rel=\"attachment wp-att-1030\"><img decoding=\"async\" loading=\"lazy\" class=\"alignnone size-full wp-image-1030\" src=\"https:\/\/asfema.org\/blog\/wp-content\/uploads\/2013\/03\/samaniego.jpg\" alt=\"\" width=\"200\" height=\"98\" \/><\/a><\/td>\n<td>\u00a0<a href=\"https:\/\/asfema.org\/blog\/index.php\/v-ciclomarcha-mtb-por-las-enfermedades-raras-metabolicas\/joalte-jpeg\/\" rel=\"attachment wp-att-984\"><img decoding=\"async\" loading=\"lazy\" class=\"alignnone size-full wp-image-984\" src=\"https:\/\/asfema.org\/blog\/wp-content\/uploads\/2013\/03\/JOALTE-jpeg.jpg\" alt=\"\" width=\"200\" height=\"174\" \/><\/a><\/td>\n<\/tr>\n<\/tbody>\n<\/table>\n<table style=\"height: 95px; table-layout: fixed;\" border=\"1\" width=\"752\">\n<tbody>\n<tr>\n<td>\u00a0<a href=\"https:\/\/asfema.org\/blog\/index.php\/v-ciclomarcha-mtb-por-las-enfermedades-raras-metabolicas\/manso\/\" rel=\"attachment wp-att-1026\"><img decoding=\"async\" loading=\"lazy\" class=\"alignnone size-full wp-image-1026\" src=\"https:\/\/asfema.org\/blog\/wp-content\/uploads\/2013\/03\/MANSO.jpg\" alt=\"\" width=\"200\" height=\"172\" \/><\/a><\/td>\n<td><a href=\"https:\/\/asfema.org\/blog\/index.php\/v-ciclomarcha-mtb-por-las-enfermedades-raras-metabolicas\/la-galeria001\/\" rel=\"attachment wp-att-1025\"><img decoding=\"async\" loading=\"lazy\" class=\"alignnone size-full wp-image-1025\" src=\"https:\/\/asfema.org\/blog\/wp-content\/uploads\/2013\/03\/la-galeria001.jpg\" alt=\"\" width=\"200\" height=\"70\" \/><\/a><\/td>\n<td>\u00a0<a href=\"https:\/\/asfema.org\/blog\/index.php\/v-ciclomarcha-mtb-por-las-enfermedades-raras-metabolicas\/purpleok\/\" rel=\"attachment wp-att-1045\"><img decoding=\"async\" loading=\"lazy\" class=\"alignnone size-full wp-image-1045\" src=\"https:\/\/asfema.org\/blog\/wp-content\/uploads\/2013\/03\/purpleok.jpg\" alt=\"\" width=\"200\" height=\"117\" \/><\/a><\/td>\n<td><a href=\"https:\/\/asfema.org\/blog\/index.php\/v-ciclomarcha-mtb-por-las-enfermedades-raras-metabolicas\/hervas\/\" rel=\"attachment wp-att-1023\"><img decoding=\"async\" loading=\"lazy\" class=\"alignnone size-full wp-image-1023\" src=\"https:\/\/asfema.org\/blog\/wp-content\/uploads\/2013\/03\/hervas.jpg\" alt=\"\" width=\"200\" height=\"293\" \/><\/a><\/td>\n<td>\u00a0<a href=\"https:\/\/asfema.org\/blog\/index.php\/v-ciclomarcha-mtb-por-las-enfermedades-raras-metabolicas\/peluqueria-tigonweb\/\" rel=\"attachment wp-att-976\"><img decoding=\"async\" loading=\"lazy\" class=\"alignnone size-full wp-image-976\" src=\"https:\/\/asfema.org\/blog\/wp-content\/uploads\/2013\/03\/peluqueria-tigonweb.jpg\" alt=\"\" width=\"200\" height=\"67\" \/><\/a><\/td>\n<\/tr>\n<\/tbody>\n<\/table>\n<table style=\"height: 95px; table-layout: fixed;\" border=\"1\" width=\"752\">\n<tbody>\n<tr>\n<td>\u00a0<a href=\"https:\/\/asfema.org\/blog\/index.php\/ii-ciclomarcha-asfema-por-las-enfermedades-raras-metabolicas\/screenclip-2-3\/\" rel=\"attachment wp-att-1484\"><img decoding=\"async\" loading=\"lazy\" class=\"alignnone size-full wp-image-1484\" src=\"https:\/\/asfema.org\/blog\/wp-content\/uploads\/2014\/02\/ScreenClip-2-e1395920016152.png\" alt=\"\" width=\"200\" height=\"45\" \/><\/a><\/td>\n<td>\u00a0<a href=\"https:\/\/asfema.org\/blog\/index.php\/v-ciclomarcha-mtb-por-las-enfermedades-raras-metabolicas\/aale\/\" rel=\"attachment wp-att-1040\"><img decoding=\"async\" loading=\"lazy\" class=\"alignnone size-full wp-image-1040\" src=\"https:\/\/asfema.org\/blog\/wp-content\/uploads\/2013\/03\/aale.jpg\" alt=\"\" width=\"200\" height=\"117\" \/><\/a><\/td>\n<td>\u00a0<a href=\"https:\/\/asfema.org\/blog\/index.php\/v-ciclomarcha-mtb-por-las-enfermedades-raras-metabolicas\/mariano001\/\" rel=\"attachment wp-att-1027\"><img decoding=\"async\" loading=\"lazy\" class=\"alignnone size-full wp-image-1027\" src=\"https:\/\/asfema.org\/blog\/wp-content\/uploads\/2013\/03\/mariano001.jpg\" alt=\"\" width=\"200\" height=\"98\" \/><\/a><\/td>\n<td>\u00a0<a href=\"https:\/\/asfema.org\/blog\/index.php\/ii-ciclomarcha-asfema-por-las-enfermedades-raras-metabolicas\/clinicadental\/\" rel=\"attachment wp-att-1470\"><img decoding=\"async\" loading=\"lazy\" class=\"alignnone size-medium wp-image-1470\" src=\"https:\/\/asfema.org\/blog\/wp-content\/uploads\/2014\/02\/ClinicaDental-300x112.jpg\" alt=\"DENTALES\" width=\"300\" height=\"112\" \/><\/a><\/td>\n<td>\u00a0<a href=\"https:\/\/asfema.org\/blog\/index.php\/v-ciclomarcha-mtb-por-las-enfermedades-raras-metabolicas\/otero-logo-bueno\/\" rel=\"attachment wp-att-1058\"><img decoding=\"async\" loading=\"lazy\" class=\"alignnone size-full wp-image-1058\" src=\"https:\/\/asfema.org\/blog\/wp-content\/uploads\/2013\/04\/otero-logo-bueno.jpg\" alt=\"\" width=\"200\" height=\"241\" \/><\/a><\/td>\n<\/tr>\n<\/tbody>\n<\/table>\n<p>&nbsp;<\/p>\n<table style=\"height: 95px; table-layout: fixed;\" border=\"1\" width=\"752\">\n<tbody>\n<tr>\n<td>\u00a0<a href=\"https:\/\/asfema.org\/blog\/index.php\/v-ciclomarcha-mtb-por-las-enfermedades-raras-metabolicas\/af-rotulo-3-1\/\" rel=\"attachment wp-att-1002\"><img decoding=\"async\" loading=\"lazy\" class=\"alignnone size-full wp-image-1002\" src=\"https:\/\/asfema.org\/blog\/wp-content\/uploads\/2013\/03\/AF-rotulo-3-1.jpg\" alt=\"\" width=\"200\" height=\"27\" \/><\/a><\/td>\n<td><a href=\"https:\/\/asfema.org\/blog\/index.php\/v-ciclomarcha-mtb-por-las-enfermedades-raras-metabolicas\/abmavicarnesweb\/\" rel=\"attachment wp-att-953\"><img decoding=\"async\" loading=\"lazy\" class=\"alignnone size-full wp-image-953\" src=\"https:\/\/asfema.org\/blog\/wp-content\/uploads\/2013\/03\/abmavicarnesweb.jpg\" alt=\"\" width=\"200\" height=\"124\" \/><\/a><\/td>\n<td>\u00a0<a href=\"https:\/\/asfema.org\/blog\/index.php\/iv-ciclomarcha-asfema-mtb-btt-por-las-enfermedades-raras-metabolicas\/generali\/\" rel=\"attachment wp-att-2365\"><img decoding=\"async\" loading=\"lazy\" class=\"alignnone size-full wp-image-2365\" src=\"https:\/\/asfema.org\/blog\/wp-content\/uploads\/2016\/01\/generali.png\" alt=\"Generali\" width=\"113\" height=\"113\" \/><\/a><\/td>\n<td><a href=\"https:\/\/asfema.org\/blog\/index.php\/v-ciclomarcha-mtb-por-las-enfermedades-raras-metabolicas\/golpedepedal\/\" rel=\"attachment wp-att-1097\"><img decoding=\"async\" loading=\"lazy\" class=\"alignnone size-full wp-image-1097\" src=\"https:\/\/asfema.org\/blog\/wp-content\/uploads\/2013\/04\/GolpeDePedal.jpg\" alt=\"\" width=\"200\" height=\"69\" \/><\/a><\/td>\n<td>\u00a0<a href=\"https:\/\/asfema.org\/blog\/index.php\/iv-ciclomarcha-asfema-mtb-btt-por-las-enfermedades-raras-metabolicas\/tarjetaarellano2016caraaok\/\" rel=\"attachment wp-att-2407\"><img decoding=\"async\" loading=\"lazy\" class=\"alignnone size-medium wp-image-2407\" src=\"https:\/\/asfema.org\/blog\/wp-content\/uploads\/2016\/01\/tarjetaarellano2016caraAok-300x163.jpg\" alt=\"\" width=\"300\" height=\"163\" \/><\/a><\/td>\n<\/tr>\n<\/tbody>\n<\/table>\n<table style=\"height: 95px; table-layout: fixed;\" border=\"1\" width=\"752\">\n<tbody>\n<tr>\n<td>\u00a0<a href=\"https:\/\/asfema.org\/blog\/index.php\/v-ciclomarcha-mtb-por-las-enfermedades-raras-metabolicas\/logotipo-crclm-color-negativo\/\" rel=\"attachment wp-att-2855\"><img decoding=\"async\" loading=\"lazy\" class=\"alignnone size-medium wp-image-2855\" src=\"https:\/\/asfema.org\/blog\/wp-content\/uploads\/2017\/01\/LOGOTIPO-OFICIAL-850x478.jpg\" alt=\"\" width=\"850\" height=\"478\" srcset=\"https:\/\/asfema.org\/blog\/wp-content\/uploads\/2017\/01\/LOGOTIPO-OFICIAL-850x478.jpg 850w, https:\/\/asfema.org\/blog\/wp-content\/uploads\/2017\/01\/LOGOTIPO-OFICIAL-250x141.jpg 250w, https:\/\/asfema.org\/blog\/wp-content\/uploads\/2017\/01\/LOGOTIPO-OFICIAL-800x450.jpg 800w\" sizes=\"(max-width: 850px) 100vw, 850px\" \/><\/a><\/td>\n<td>\u00a0<a href=\"https:\/\/asfema.org\/blog\/index.php\/v-ciclomarcha-mtb-por-las-enfermedades-raras-metabolicas\/jm001\/\" rel=\"attachment wp-att-1024\"><img decoding=\"async\" loading=\"lazy\" class=\"alignnone size-full wp-image-1024\" src=\"https:\/\/asfema.org\/blog\/wp-content\/uploads\/2013\/03\/jm001.jpg\" alt=\"\" width=\"200\" height=\"88\" \/><\/a><\/td>\n<td>\u00a0<a href=\"https:\/\/asfema.org\/blog\/index.php\/v-ciclomarcha-mtb-por-las-enfermedades-raras-metabolicas\/logocompleto_sobreblanco_2\/\" rel=\"attachment wp-att-2883\"><img decoding=\"async\" loading=\"lazy\" class=\"alignnone size-full wp-image-2883\" src=\"https:\/\/asfema.org\/blog\/wp-content\/uploads\/2017\/01\/mammoth.jpg\" alt=\"\" width=\"574\" height=\"473\" \/><\/a><\/td>\n<td>\u00a0<a href=\"https:\/\/asfema.org\/blog\/index.php\/v-ciclomarcha-mtb-por-las-enfermedades-raras-metabolicas\/cicloland\/\" rel=\"attachment wp-att-2884\"><img decoding=\"async\" loading=\"lazy\" class=\"alignnone size-medium wp-image-2884\" src=\"https:\/\/asfema.org\/blog\/wp-content\/uploads\/2017\/01\/cicloland-850x376.jpg\" alt=\"\" width=\"850\" height=\"376\" \/><\/a><\/td>\n<td>\u00a0<a href=\"https:\/\/asfema.org\/blog\/index.php\/v-ciclomarcha-mtb-por-las-enfermedades-raras-metabolicas\/snoopyweb\/\" rel=\"attachment wp-att-969\"><img decoding=\"async\" loading=\"lazy\" class=\"alignnone size-full wp-image-969\" src=\"https:\/\/asfema.org\/blog\/wp-content\/uploads\/2013\/03\/snoopyweb.jpg\" alt=\"\" width=\"200\" height=\"198\" srcset=\"https:\/\/asfema.org\/blog\/wp-content\/uploads\/2013\/03\/snoopyweb.jpg 200w, https:\/\/asfema.org\/blog\/wp-content\/uploads\/2013\/03\/snoopyweb-50x50.jpg 50w, https:\/\/asfema.org\/blog\/wp-content\/uploads\/2013\/03\/snoopyweb-125x125.jpg 125w, https:\/\/asfema.org\/blog\/wp-content\/uploads\/2013\/03\/snoopyweb-100x100.jpg 100w\" sizes=\"(max-width: 200px) 100vw, 200px\" \/><\/a><\/td>\n<\/tr>\n<\/tbody>\n<\/table>\n<p>&nbsp;<\/p>\n<table style=\"height: 95px; table-layout: fixed;\" border=\"1\" width=\"752\">\n<tbody>\n<tr>\n<td>\u00a0<a href=\"https:\/\/asfema.org\/blog\/index.php\/iv-ciclomarcha-asfema-mtb-btt-por-las-enfermedades-raras-metabolicas\/sanavi\/\" rel=\"attachment wp-att-2394\"><img decoding=\"async\" loading=\"lazy\" class=\"alignnone size-medium wp-image-2394\" src=\"https:\/\/asfema.org\/blog\/wp-content\/uploads\/2016\/01\/sanavi-300x158.jpg\" alt=\"\" width=\"300\" height=\"158\" \/><\/a><\/td>\n<td>\u00a0<a href=\"https:\/\/asfema.org\/blog\/index.php\/iv-ciclomarcha-asfema-mtb-btt-por-las-enfermedades-raras-metabolicas\/mevalia_logo_lp\/\" rel=\"attachment wp-att-2384\"><img decoding=\"async\" loading=\"lazy\" class=\"alignnone size-medium wp-image-2384\" src=\"https:\/\/asfema.org\/blog\/wp-content\/uploads\/2016\/01\/Mevalia_Logo_LP-300x130.jpg\" alt=\"mevalia\" width=\"300\" height=\"130\" \/><\/a><\/td>\n<td>\u00a0<a href=\"https:\/\/asfema.org\/blog\/index.php\/ii-ciclomarcha-asfema-por-las-enfermedades-raras-metabolicas\/fund-caja-de-avila\/\" rel=\"attachment wp-att-1479\"><img decoding=\"async\" loading=\"lazy\" class=\"alignnone size-medium wp-image-1479\" src=\"https:\/\/asfema.org\/blog\/wp-content\/uploads\/2014\/02\/fund.caja-de-avila-300x68.jpg\" alt=\"\" width=\"300\" height=\"68\" \/><\/a><\/td>\n<td>\u00a0<a href=\"https:\/\/asfema.org\/blog\/index.php\/v-ciclomarcha-mtb-por-las-enfermedades-raras-metabolicas\/logo-decathlon-alcorcon-prueba3\/\" rel=\"attachment wp-att-1078\"><img decoding=\"async\" loading=\"lazy\" class=\"alignnone size-full wp-image-1078\" src=\"https:\/\/asfema.org\/blog\/wp-content\/uploads\/2013\/04\/Logo-DECATHLON-ALCORCON-prueba3.jpg\" alt=\"\" width=\"200\" height=\"61\" \/><\/a><\/td>\n<td>\u00a0<a href=\"https:\/\/asfema.org\/blog\/index.php\/v-ciclomarcha-mtb-por-las-enfermedades-raras-metabolicas\/master_logo_jesus_yuste\/\" rel=\"attachment wp-att-2886\"><img decoding=\"async\" loading=\"lazy\" class=\"alignnone size-medium wp-image-2886\" src=\"https:\/\/asfema.org\/blog\/wp-content\/uploads\/2017\/01\/MASTER_LOGO_JESUS_YUSTE-850x478.jpg\" alt=\"\" width=\"850\" height=\"478\" srcset=\"https:\/\/asfema.org\/blog\/wp-content\/uploads\/2017\/01\/MASTER_LOGO_JESUS_YUSTE-850x478.jpg 850w, https:\/\/asfema.org\/blog\/wp-content\/uploads\/2017\/01\/MASTER_LOGO_JESUS_YUSTE-1200x675.jpg 1200w, https:\/\/asfema.org\/blog\/wp-content\/uploads\/2017\/01\/MASTER_LOGO_JESUS_YUSTE-250x141.jpg 250w, https:\/\/asfema.org\/blog\/wp-content\/uploads\/2017\/01\/MASTER_LOGO_JESUS_YUSTE-800x450.jpg 800w\" sizes=\"(max-width: 850px) 100vw, 850px\" \/><\/a><\/td>\n<\/tr>\n<\/tbody>\n<\/table>\n<table style=\"height: 95px; table-layout: fixed;\" border=\"1\" width=\"752\">\n<tbody>\n<tr>\n<td>\u00a0 <a href=\"https:\/\/asfema.org\/blog\/index.php\/v-ciclomarcha-mtb-por-las-enfermedades-raras-metabolicas\/leonardi-factory\/\" rel=\"attachment wp-att-2919\"><img decoding=\"async\" loading=\"lazy\" class=\"alignnone size-full wp-image-2919\" src=\"https:\/\/asfema.org\/blog\/wp-content\/uploads\/2017\/01\/Leonardi-factory.png\" alt=\"\" width=\"300\" height=\"196\" \/><\/a><\/td>\n<td>\u00a0<a href=\"https:\/\/asfema.org\/blog\/index.php\/v-ciclomarcha-mtb-por-las-enfermedades-raras-metabolicas\/master_logo_jesus_yuste-2\/\" rel=\"attachment wp-att-2918\"><img decoding=\"async\" loading=\"lazy\" class=\"alignnone size-medium wp-image-2918\" src=\"https:\/\/asfema.org\/blog\/wp-content\/uploads\/2017\/01\/MASTER_LOGO_JESUS_YUSTE-1-850x478.jpg\" alt=\"\" width=\"850\" height=\"478\" srcset=\"https:\/\/asfema.org\/blog\/wp-content\/uploads\/2017\/01\/MASTER_LOGO_JESUS_YUSTE-1-850x478.jpg 850w, https:\/\/asfema.org\/blog\/wp-content\/uploads\/2017\/01\/MASTER_LOGO_JESUS_YUSTE-1-1200x675.jpg 1200w, https:\/\/asfema.org\/blog\/wp-content\/uploads\/2017\/01\/MASTER_LOGO_JESUS_YUSTE-1-250x141.jpg 250w, https:\/\/asfema.org\/blog\/wp-content\/uploads\/2017\/01\/MASTER_LOGO_JESUS_YUSTE-1-800x450.jpg 800w\" sizes=\"(max-width: 850px) 100vw, 850px\" \/><\/a><\/td>\n<td>\u00a0<a href=\"https:\/\/asfema.org\/blog\/wp-content\/uploads\/2017\/01\/logo-1.jpg\"><img decoding=\"async\" loading=\"lazy\" class=\"alignleft wp-image-2950 size-full\" src=\"https:\/\/asfema.org\/blog\/wp-content\/uploads\/2017\/01\/logo-1-e1492493470866.jpg\" alt=\"\" width=\"150\" height=\"150\" srcset=\"https:\/\/asfema.org\/blog\/wp-content\/uploads\/2017\/01\/logo-1-e1492493470866.jpg 150w, https:\/\/asfema.org\/blog\/wp-content\/uploads\/2017\/01\/logo-1-e1492493470866-50x50.jpg 50w, https:\/\/asfema.org\/blog\/wp-content\/uploads\/2017\/01\/logo-1-e1492493470866-125x125.jpg 125w, https:\/\/asfema.org\/blog\/wp-content\/uploads\/2017\/01\/logo-1-e1492493470866-100x100.jpg 100w\" sizes=\"(max-width: 150px) 100vw, 150px\" \/><\/a><\/td>\n<td><\/td>\n<td><\/td>\n<\/tr>\n<\/tbody>\n<\/table>\n<h2><\/h2>\n<h2><a name=\"10\"><\/a>\u00a0Contacto<\/h2>\n<p>Dudas, sugerencias y contactoSi tienes cualquier pregunta o sugerencia que hacernos, no dudes en enviar un email a la direcci\u00f3n <a title=\"Contacto Asfema\" href=\"mailto:contacto@asfema.org\" target=\"_blank\" rel=\"noopener noreferrer\">contacto@asfema.org<\/a><em>ADVERTENCIA: Durante la ciclomarcha se tomar\u00e1n fotos y se realizar\u00e1n varias grabaciones video. En cumplimiento de la Ley 15\/1999 de Protecci\u00f3n de Datos de Car\u00e1cter Personal, informamos a los asociados y participantes del evento que podr\u00e1n tomarse im\u00e1genes del mismo para su publicaci\u00f3n en medios de difusi\u00f3n de la entidad. Puede ejercitar sus derechos de Acceso, Rectificaci\u00f3n, Cancelaci\u00f3n y Oposici\u00f3n, ante Asociaci\u00f3n de Fenilceton\u00faricos y Otros Trastornos Metab\u00f3licos ASFEMA, con direcci\u00f3n en C\/ Costa del Sol 11, local 1, 28033, Madrid, adjuntando fotocopia de su DNI.\u00a0<\/em><\/p>\n","protected":false},"excerpt":{"rendered":"<p>Asfema organiza en el Tiemblo (\u00c1vila) la V\u00a0Ciclomarcha MTB por las Enfermedades Raras Metab\u00f3licas Formulario de Inscripci\u00f3n Caracter\u00edsticas Sorteos, Actividades y Regalos Participaci\u00f3n de Famosos del Ciclismo Recorrido de la Prueba y Perfiles Recogida de Dorsales Fila Cero en beneficio de Asfema Fotos de las ediciones pasadas Colaboran Patrocinadores Contacto\u00a0 Asfema, Asociaci\u00f3n de Fenilceton\u00faricos y &hellip;<\/p>\n<p class=\"read-more\"> <a class=\"\" href=\"https:\/\/asfema.org\/blog\/index.php\/v-ciclomarcha-mtb-por-las-enfermedades-raras-metabolicas\/\"> <span class=\"screen-reader-text\">V Ciclomarcha MTB por las Enfermedades Raras Metab\u00f3licas<\/span> Read More &raquo;<\/a><\/p>\n","protected":false},"author":2,"featured_media":2808,"parent":0,"menu_order":0,"comment_status":"closed","ping_status":"closed","template":"","meta":{"site-sidebar-layout":"default","site-content-layout":"default","ast-global-header-display":"","ast-banner-title-visibility":"","ast-main-header-display":"","ast-hfb-above-header-display":"","ast-hfb-below-header-display":"","ast-hfb-mobile-header-display":"","site-post-title":"","ast-breadcrumbs-content":"","ast-featured-img":"","footer-sml-layout":"","theme-transparent-header-meta":"","adv-header-id-meta":"","stick-header-meta":"","header-above-stick-meta":"","header-main-stick-meta":"","header-below-stick-meta":"","footnotes":""},"acf":[],"_links":{"self":[{"href":"https:\/\/asfema.org\/blog\/index.php\/wp-json\/wp\/v2\/pages\/2759"}],"collection":[{"href":"https:\/\/asfema.org\/blog\/index.php\/wp-json\/wp\/v2\/pages"}],"about":[{"href":"https:\/\/asfema.org\/blog\/index.php\/wp-json\/wp\/v2\/types\/page"}],"author":[{"embeddable":true,"href":"https:\/\/asfema.org\/blog\/index.php\/wp-json\/wp\/v2\/users\/2"}],"replies":[{"embeddable":true,"href":"https:\/\/asfema.org\/blog\/index.php\/wp-json\/wp\/v2\/comments?post=2759"}],"version-history":[{"count":50,"href":"https:\/\/asfema.org\/blog\/index.php\/wp-json\/wp\/v2\/pages\/2759\/revisions"}],"predecessor-version":[{"id":3081,"href":"https:\/\/asfema.org\/blog\/index.php\/wp-json\/wp\/v2\/pages\/2759\/revisions\/3081"}],"wp:featuredmedia":[{"embeddable":true,"href":"https:\/\/asfema.org\/blog\/index.php\/wp-json\/wp\/v2\/media\/2808"}],"wp:attachment":[{"href":"https:\/\/asfema.org\/blog\/index.php\/wp-json\/wp\/v2\/media?parent=2759"}],"curies":[{"name":"wp","href":"https:\/\/api.w.org\/{rel}","templated":true}]}}