{"id":3555,"date":"2018-01-22T16:50:09","date_gmt":"2018-01-22T16:50:09","guid":{"rendered":"https:\/\/asfema.org\/blog\/?page_id=3555"},"modified":"2018-04-21T08:13:19","modified_gmt":"2018-04-21T08:13:19","slug":"vi-ciclomarcha-mtb-por-las-enfermedades-raras-metabolicas","status":"publish","type":"page","link":"https:\/\/asfema.org\/blog\/index.php\/vi-ciclomarcha-mtb-por-las-enfermedades-raras-metabolicas\/","title":{"rendered":"VI CICLOMARCHA MTB POR LAS ENFERMEDADES RARAS METAB\u00d3LICAS"},"content":{"rendered":"<h1 style=\"text-align: center;\"><span style=\"color: #0000ff;\">Asfema organiza en El Tiemblo (\u00c1vila) <\/span><span style=\"color: #0000ff;\">la VI Ciclomarcha MTB por las Enfermedades Raras Metab\u00f3licas<\/span><a href=\"https:\/\/asfema.org\/blog\/wp-content\/uploads\/2017\/01\/Cartel-Ciclomarcha-2017b.jpg\"><br \/>\n<\/a><a href=\"https:\/\/asfema.org\/blog\/wp-content\/uploads\/2018\/01\/borrador-cartel-ciclomarcha2018.jpg\"><img decoding=\"async\" loading=\"lazy\" class=\"wp-image-3558 aligncenter\" src=\"https:\/\/asfema.org\/blog\/wp-content\/uploads\/2018\/01\/borrador-cartel-ciclomarcha2018-e1516637218983.jpg\" alt=\"\" width=\"423\" height=\"542\" srcset=\"https:\/\/asfema.org\/blog\/wp-content\/uploads\/2018\/01\/borrador-cartel-ciclomarcha2018-e1516637218983.jpg 900w, https:\/\/asfema.org\/blog\/wp-content\/uploads\/2018\/01\/borrador-cartel-ciclomarcha2018-e1516637218983-768x984.jpg 768w\" sizes=\"(max-width: 423px) 100vw, 423px\" \/><\/a><\/h1>\n<ol>\n<li><a href=\"#1\">Formulario de Inscripci\u00f3n<\/a><\/li>\n<li><a href=\"#2\">Caracter\u00edsticas<\/a><\/li>\n<li><a href=\"#3\">Sorteos, Actividades y Regalos<\/a><\/li>\n<li><a href=\"#12\">Participaci\u00f3n de Famosos del Ciclismo<\/a><\/li>\n<li><a href=\"#5\">Recorrido de la Prueba y Perfiles<\/a><\/li>\n<li><a href=\"#6\">Recogida de Dorsales<\/a><\/li>\n<li><a href=\"#7\">Fila Cero en beneficio de Asfema<\/a><\/li>\n<li><a href=\"#13\">Fotos de las ediciones pasadas<\/a><\/li>\n<li><a href=\"#8\">Colaboran<\/a><\/li>\n<li><a href=\"#9\">Patrocinadores<\/a><\/li>\n<li><a href=\"#10\">Contacto<\/a><\/li>\n<\/ol>\n<p><strong>ASFEMA<\/strong>, Asociaci\u00f3n de Fenilceton\u00faricos y OTM de Madrid organiza la VI Ciclomarcha MTB por las Enfermedades Raras Metab\u00f3licas, que tendr\u00e1 lugar el<\/p>\n<div>\n<h2 style=\"text-align: center;\">Domingo 22 Abril de 2018<\/h2>\n<h2 style=\"text-align: center;\">en El Tiemblo (\u00c1vila)<\/h2>\n<h2 style=\"text-align: center;\">Salida a las\u00a010:30 AM<\/h2>\n<p>Desde las instalaciones deportivas.<\/p>\n<p>Este a\u00f1o la prueba se realizar\u00e1 en tres modalidades: de dificultad alta,\u00a0de dificultad media y de dificultad baja.<\/p>\n<hr \/>\n<h2><a name=\"1\"><\/a>1. Formulario de inscripci\u00f3n<\/h2>\n<p>Puedes inscribirte pulsando el logo de nuestro colaborador <strong>RACE TIME<\/strong>. El plazo de inscripci\u00f3n hasta el viernes 20 de abril inclusive.<\/p>\n<blockquote>\n<h1><em><span style=\"color: #ff0000;\">El sabado 21, en el polideportivo de El Tiemblo tambi\u00e9n pod\u00e9is inscribiros desde las 16:00 a 19:00 horas. Y el domingo 22, de 8:30 a 10:15 horas<\/span><\/em>.<\/h1>\n<\/blockquote>\n<p><a href=\"http:\/\/racetime.es\/evento\/6a-ciclomarcha-asfema\" target=\"_blank\" rel=\"noopener noreferrer\"><img decoding=\"async\" loading=\"lazy\" class=\"alignleft wp-image-2773 size-full\" src=\"https:\/\/asfema.org\/blog\/wp-content\/uploads\/2017\/01\/RaceTime-p1b7tffs19n561doqqru0i12f1.jpg\" width=\"3071\" height=\"945\" \/><\/a><\/p>\n<p style=\"text-align: center;\"><span style=\"color: #0000ff;\"><em>PULSA EN LA IMAGEN PARA SER REDIRECCIONADO A LA P\u00c1GINA DE LA INSCRIPCI\u00d3N<\/em><\/span><\/p>\n<p><strong>El precio de la inscripci\u00f3n es de 15 euros. Puede inscribirse cualquier persona mayor de 11 a\u00f1os. Los menores de 16 a\u00f1os precisar\u00e1n de autorizaci\u00f3n de su tutor legal.<\/strong><\/p>\n<hr \/>\n<\/div>\n<div>\n<h2><a name=\"2\"><\/a>2. Caracter\u00edsticas<\/h2>\n<\/div>\n<p>Una imagen vale m\u00e1s que mil palabras, <a href=\"https:\/\/www.flickr.com\/photos\/asfema\/albums\/72157681399201642\">mira aqu\u00ed<\/a>, para saber que vas a pasar un d\u00eda estupendo colaborando con una buena causa.<\/p>\n<p>El importe \u00edntegro de los beneficios que se obtengan se destinar\u00e1 a las actividades estatuarias de ASFEMA\u00a0<strong>en beneficio de los afectados por las enfermedades raras metab\u00f3licas<\/strong>.<\/p>\n<p>La prueba tendr\u00e1 un<strong> m\u00e1ximo de 500 corredores de todas la edades.\u00a0<\/strong>Este a\u00f1o contaremos con la presencia de los grandes del ciclismo: <strong>\u00c1ngel Arroyo, Carlos Sastre, Pablo Lastras, Francisco Mancebo, David Navas y Diego Rubio.<\/strong><\/p>\n<p>A continuaci\u00f3n os dejamos un mensaje donde <strong>Carlos Sastre<\/strong>, campe\u00f3n del Tour de Francia 2008, os invita a participar en la VI Ciclomarcha:<\/p>\n<div class=\"ast-oembed-container\" style=\"height: 100%;\"><iframe loading=\"lazy\" width=\"500\" height=\"281\" src=\"https:\/\/www.youtube.com\/embed\/zGHTW4RPhCI?feature=oembed\" frameborder=\"0\" allow=\"autoplay; encrypted-media\" allowfullscreen><\/iframe><\/div>\n<p>Otro gran nombre del ciclismo espa\u00f1ol, <strong>Paco Mancebo<\/strong>, aunque por compromisos profesionales este a\u00f1o no podr\u00e1 acompa\u00f1arnos, tambi\u00e9n os invita a inscribiros y a participar por una buena causa:<\/p>\n<div class=\"ast-oembed-container\" style=\"height: 100%;\"><iframe loading=\"lazy\" width=\"500\" height=\"375\" src=\"https:\/\/www.youtube.com\/embed\/ReNANs2vg6E?feature=oembed\" frameborder=\"0\" allow=\"autoplay; encrypted-media\" allowfullscreen><\/iframe><\/div>\n<p><strong>Diego Rubio<\/strong>, tampoco podia faltar en su incondicional apoyo como siempre con nuestra causa:<\/p>\n<div class=\"ast-oembed-container\" style=\"height: 100%;\"><iframe loading=\"lazy\" width=\"500\" height=\"375\" src=\"https:\/\/www.youtube.com\/embed\/AC6kf8uGcYs?feature=oembed\" frameborder=\"0\" allow=\"autoplay; encrypted-media\" allowfullscreen><\/iframe><\/div>\n<p><strong>David Navas<\/strong>, otro gran ciclista que acudira a nuestra Ciclomarcha, nos deja unas palabras de apoyo para que no os perdais esta cita tan importante:<\/p>\n<div class=\"ast-oembed-container\" style=\"height: 100%;\"><iframe loading=\"lazy\" width=\"500\" height=\"375\" src=\"https:\/\/www.youtube.com\/embed\/avFc89T_smg?feature=oembed\" frameborder=\"0\" allow=\"autoplay; encrypted-media\" allowfullscreen><\/iframe><\/div>\n<p>Todos los deportistas colaborar\u00e1n con la causa de forma totalmente altruista y con la generosa <strong>aportaci\u00f3n de alg\u00fan regalo personal que se sortear\u00e1<\/strong>\u00a0entre todos los ciclistas participantes al final de la ciclomarcha.<\/p>\n<p>Para tu seguridad y tranquilidad,<strong> la prueba contar\u00e1 con atenci\u00f3n m\u00e9dica<\/strong> por parte de Protecci\u00f3n Civil\u00a0y <strong>m\u00e9dico deportivo.<\/strong>\u00a0Tambi\u00e9n contaremos con servicio de mec\u00e1nica r\u00e1pida antes, durante y despu\u00e9s de la prueba<strong>.\u00a0<\/strong>Adem\u00e1s, todos los corredores tendr\u00e1n un <strong>seguro incluido en la cuota de inscripci\u00f3n<\/strong>.<\/p>\n<p>Los corredores que participen en la carrera dispondr\u00e1n de avituallamiento l\u00edquido y s\u00f3lido a mitad de recorrido y alguna que otra sorpresa m\u00e1s.<\/p>\n<p>La log\u00edstica de la prueba estar\u00e1 coordinada por <strong>Protecci\u00f3n Civil\u00a0de El Tiemblo <\/strong>y voluntarios de la organizaci\u00f3n de la ciclomarcha. Contaremos tambi\u00e9n con la asistencia m\u00e9dica del m\u00e9dico deportivo\u00a0<strong>Ignacio Bretones <\/strong>y la enfermera<strong> Marta Mart\u00edn.<\/strong><\/p>\n<p>Adem\u00e1s, este a\u00f1o, para agradecer el apoyo y solidaridad de todos los participantes, hemos pensado esperar a nuestros ciclistas a su llegada a meta, con un buen plato de patatas machaconas, con sus torreznitos, para recuperar fuerzas. Podemos garantizaros que estar\u00e1n buen\u00edsimas, porque estar\u00e1n cocinadas por las manos expertas de la <strong>Asociaci\u00f3n de amas de casa de El Tiemblo<\/strong>, a las que agradecemos su colaboraci\u00f3n de antemano.<\/p>\n<hr \/>\n<h2><a name=\"3\"><\/a>3. Sorteos, actividades y regalos para los participantes<\/h2>\n<p>Si lo tuyo no son las bicis \u00a1no te quedes en casa! Queremos que pases <strong>un d\u00eda genial con tu familia<\/strong>. En la zona de salida habr\u00e1 actividades y juegos para los ni\u00f1os bajo la <strong>supervisi\u00f3n de monitores voluntarios<\/strong>,\u00a0animaci\u00f3n, y alguna sorpresa m\u00e1s. El cartel de actuaciones y actividades l\u00fadicas ir\u00e1 engordando conforme se vayan acercando las fechas; contamos ya con\u00a0el\u00a0deportista y monitor\u00a0<strong>Ricardo Sim\u00f3n\u00a0<\/strong>que nos har\u00e1 entrar en calor con su clase de aerobic, David Gonzalez Fustel como animador, y la magia de Montty &amp; Montty Jr.<\/p>\n<div id='gallery-1' class='gallery galleryid-3555 gallery-columns-3 gallery-size-full'><figure class='gallery-item'>\n\t\t\t<div class='gallery-icon portrait'>\n\t\t\t\t<a href='https:\/\/asfema.org\/blog\/index.php\/iv-ciclomarcha-asfema-mtb-btt-por-las-enfermedades-raras-metabolicas\/david\/'><img width=\"2045\" height=\"2560\" src=\"https:\/\/asfema.org\/blog\/wp-content\/uploads\/2016\/01\/david-e1516783260126-scaled.jpg\" class=\"attachment-full size-full\" alt=\"\" decoding=\"async\" aria-describedby=\"gallery-1-2428\" loading=\"lazy\" srcset=\"https:\/\/asfema.org\/blog\/wp-content\/uploads\/2016\/01\/david-e1516783260126-scaled.jpg 2045w, https:\/\/asfema.org\/blog\/wp-content\/uploads\/2016\/01\/david-e1516783260126-768x961.jpg 768w, https:\/\/asfema.org\/blog\/wp-content\/uploads\/2016\/01\/david-e1516783260126-1227x1536.jpg 1227w, https:\/\/asfema.org\/blog\/wp-content\/uploads\/2016\/01\/david-e1516783260126-1636x2048.jpg 1636w\" sizes=\"(max-width: 2045px) 100vw, 2045px\" \/><\/a>\n\t\t\t<\/div>\n\t\t\t\t<figcaption class='wp-caption-text gallery-caption' id='gallery-1-2428'>\n\t\t\t\tDavid Gonz\u00e1lez Fustel\n\t\t\t\t<\/figcaption><\/figure><figure class='gallery-item'>\n\t\t\t<div class='gallery-icon portrait'>\n\t\t\t\t<a href='https:\/\/asfema.org\/blog\/index.php\/iv-ciclomarcha-asfema-mtb-btt-por-las-enfermedades-raras-metabolicas\/img-20160404-wa0006\/'><img width=\"457\" height=\"565\" src=\"https:\/\/asfema.org\/blog\/wp-content\/uploads\/2016\/01\/IMG-20160404-WA0006-e1516782511165.jpg\" class=\"attachment-full size-full\" alt=\"\" decoding=\"async\" aria-describedby=\"gallery-1-2430\" loading=\"lazy\" \/><\/a>\n\t\t\t<\/div>\n\t\t\t\t<figcaption class='wp-caption-text gallery-caption' id='gallery-1-2430'>\n\t\t\t\tClase de zumba con Ricardo Sim\u00f3n\n\t\t\t\t<\/figcaption><\/figure><figure class='gallery-item'>\n\t\t\t<div class='gallery-icon portrait'>\n\t\t\t\t<a href='https:\/\/asfema.org\/blog\/index.php\/vi-ciclomarcha-mtb-por-las-enfermedades-raras-metabolicas\/img-20180122-wa0002\/'><img width=\"1136\" height=\"1411\" src=\"https:\/\/asfema.org\/blog\/wp-content\/uploads\/2018\/01\/IMG-20180122-WA0002.jpg\" class=\"attachment-full size-full\" alt=\"\" decoding=\"async\" aria-describedby=\"gallery-1-3581\" loading=\"lazy\" srcset=\"https:\/\/asfema.org\/blog\/wp-content\/uploads\/2018\/01\/IMG-20180122-WA0002.jpg 1136w, https:\/\/asfema.org\/blog\/wp-content\/uploads\/2018\/01\/IMG-20180122-WA0002-768x954.jpg 768w\" sizes=\"(max-width: 1136px) 100vw, 1136px\" \/><\/a>\n\t\t\t<\/div>\n\t\t\t\t<figcaption class='wp-caption-text gallery-caption' id='gallery-1-3581'>\n\t\t\t\tMontty &#038; Montty Jr.\n\t\t\t\t<\/figcaption><\/figure>\n\t\t<\/div>\n\n<p>\u00a1Seguro que te sorprenderemos!<\/p>\n<p>Adem\u00e1s se otorgar\u00e1n los <strong>siguientes premios<\/strong>:<\/p>\n<ul>\n<li>Al corredor m\u00e1s veterano<\/li>\n<li>Al corredor m\u00e1s joven<\/li>\n<li>Al corredor que venga desde m\u00e1s lejos<\/li>\n<li>Al club m\u00e1s numeroso<\/li>\n<\/ul>\n<p><strong>Los corredores podr\u00e1n contar con ofertas especiales en los establecimientos de la zona.<\/strong><\/p>\n<p>Como todos los a\u00f1os, habr\u00e1 sorteo solidario tambi\u00e9n.<\/p>\n<hr \/>\n<h2><a name=\"12\"><\/a>4. Participaci\u00f3n de famosos del ciclismo<\/h2>\n<p>A fecha de hoy, ya podemos confirmar que estar\u00e1n con nosotros\u00a0<strong>\u00c1ngel Arroyo, Carlos Sastre, Francisco Mancebo, David Navas, Diego Rubio,\u00a0<\/strong>y\u00a0<strong>Pablo Lastras,\u00a0<\/strong>actual director del equipo Movistar Team. Ya ver\u00e9is c\u00f3mo os ir\u00e1n animando para participar.<\/p>\n<hr \/>\n<h2><a name=\"5\"><\/a>5. Recorrido de la prueba<\/h2>\n<p>La distancia del recorrido var\u00eda seg\u00fan la modalidad en la que quieras participar. Se trata de una ruta de un cierto desnivel.\u00a0En un momento \u00a0la ruta se dividir\u00e1 en un recorrido m\u00e1s accesible de unos <strong>20 km<\/strong>, un camino de dificulad media (<strong>27 km<\/strong> aproximadamente) y el nivel m\u00e1s exigente de <strong>35 km<\/strong>. El punto de salida y de llegada coincidir\u00e1n para las tres modalidades.<\/p>\n<p>Aqu\u00ed ten\u00e9is el perfil general del recorrido en un mapa 3d interactivo por que pod\u00e9is navegar.<\/p>\n<p><iframe loading=\"lazy\" src=\"http:\/\/asfema.maps.arcgis.com\/apps\/Profile\/index.html?appid=f904b19ed04b4967b32cedb715fd30d3\" width=\"100%\" height=\"640px\" frameborder=\"0\" scrolling=\"no\" data-mce-fragment=\"1\"><\/iframe><br \/>\n<!-- Mapa --><\/p>\n<p>En este otro mapa interactivo podr\u00e9is <a href=\"http:\/\/asfema.maps.arcgis.com\/apps\/Profile\/index.html?appid=f904b19ed04b4967b32cedb715fd30d3\" target=\"_blank\" rel=\"noopener noreferrer\">visualizar los perfiles de la ruta<\/a> con m\u00e1s detalle.<\/p>\n<p><strong>Mapa de la zona de salida y recogida de dorsales<\/strong>:<\/p>\n<figure id=\"attachment_1116\" aria-describedby=\"caption-attachment-1116\" style=\"width: 272px\" class=\"wp-caption aligncenter\"><a href=\"https:\/\/asfema.org\/blog\/wp-content\/uploads\/2013\/04\/ZonaSalida.png\"><img decoding=\"async\" loading=\"lazy\" class=\" wp-image-1116 \" src=\"https:\/\/asfema.org\/blog\/wp-content\/uploads\/2013\/04\/ZonaSalida-219x300.png\" alt=\"Zona de Salida y Recogida de dorsales en El Tiemblo\" width=\"272\" height=\"373\" \/><\/a><figcaption id=\"caption-attachment-1116\" class=\"wp-caption-text\">Zona de Salida y Recogida de dorsales en El Tiemblo (clic para ampliar)<\/figcaption><\/figure>\n<p>Os pod\u00e9is descargar el recorrido gen\u00e9rico de la prueba en este link:<\/p>\n<p><a href=\"https:\/\/asfema.org\/blog\/wp-content\/uploads\/2017\/01\/ciclomarcha-asfema-2017.gpx_.zip\">ciclomarcha asfema 2018.gpx<\/a><\/p>\n<hr \/>\n<h2><a name=\"6\"><\/a>6. Recogida de dorsales<\/h2>\n<p>La recogida tendr\u00e1 lugar el s\u00e1bado 21 de abril en el <strong>polideportivo de 16:30h a 19:00h, <\/strong>y el mismo d\u00eda de la carrera, domingo 22 de abril, de 9 a 10:30h en la zona de salida.<\/p>\n<p>Imprescindible identificarse en el momento de la recogida con el DNI. En caso de recoger el de otra persona, presentar justificante autorizado con firma y fotocopia (o foto) del DNI autorizado.<\/p>\n<hr \/>\n<h2><a name=\"7\"><\/a>7. Fila Cero en beneficio de Asfema<\/h2>\n<p>Si por cualquier motivo, no puedes asistir a la marcha, pero quieres colaborar con Asfema en el cuidado y atenci\u00f3n de los afectados por las enfermedades metab\u00f3licas raras, puedes hacer una donaci\u00f3n en el siguiente n\u00famero de cuenta:<\/p>\n<blockquote><p>ING DIRECT 1465 0100 9519 0023 1595<br \/>\nCIF G78778727<\/p><\/blockquote>\n<p style=\"text-align: left;\">Tambi\u00e9n se puede realizar una donaci\u00f3n a trav\u00e9s de PayPal:<\/p>\n<form action=\"https:\/\/www.paypal.com\/cgi-bin\/webscr\" method=\"post\" target=\"_top\"><input alt=\"PayPal. La forma r\u00e1pida y segura de pagar en Internet.\" name=\"submit\" src=\"https:\/\/www.paypalobjects.com\/es_ES\/ES\/i\/btn\/btn_donateCC_LG.gif\" type=\"image\" \/><br \/>\n<img decoding=\"async\" loading=\"lazy\" src=\"https:\/\/www.paypalobjects.com\/es_ES\/i\/scr\/pixel.gif\" alt=\"\" width=\"1\" height=\"1\" border=\"0\" \/><\/p>\n<hr \/>\n<\/form>\n<h2><a name=\"13\"><\/a>8. Fotos de las ediciones pasadas<\/h2>\n<p><a title=\"Avituallamiento en la meta por asfema, en Flickr\" href=\"http:\/\/www.flickr.com\/photos\/asfema\/8770331160\/\"><img decoding=\"async\" loading=\"lazy\" class=\"aligncenter\" src=\"http:\/\/farm3.staticflickr.com\/2869\/8770331160_d0af761192_m.jpg\" alt=\"Avituallamiento en la meta\" width=\"240\" height=\"136\" \/><\/a><\/p>\n<p style=\"text-align: center;\"><a title=\"Album Flickr\" href=\"http:\/\/www.flickr.com\/photos\/asfema\/sets\/72157633593655110\/\" target=\"_blank\" rel=\"noopener noreferrer\">\u00c1lbum Completo en Flickr<\/a>\u00a0de la primera edici\u00f3n<\/p>\n<p style=\"text-align: center;\"><a href=\"https:\/\/asfema.org\/blog\/wp-content\/uploads\/2016\/01\/CartelCiclomarcha2014.jpg\"><img decoding=\"async\" loading=\"lazy\" class=\"size-medium wp-image-2345 aligncenter\" src=\"https:\/\/asfema.org\/blog\/wp-content\/uploads\/2016\/01\/CartelCiclomarcha2014-201x300.jpg\" alt=\"CartelCiclomarcha2014\" width=\"201\" height=\"300\" \/><\/a><br \/>\n<a href=\"https:\/\/www.flickr.com\/photos\/asfema\/albums\/72157644733033753\">\u00c1lbum de la segunda edici\u00f3n<\/a><\/p>\n<p><a href=\"https:\/\/asfema.org\/blog\/wp-content\/uploads\/2015\/04\/DSC_6253.jpg\"><img decoding=\"async\" loading=\"lazy\" class=\"wp-image-2116 size-medium aligncenter\" src=\"https:\/\/asfema.org\/blog\/wp-content\/uploads\/2015\/04\/DSC_6253-300x200.jpg\" alt=\"barro...\" width=\"300\" height=\"200\" \/><\/a><\/p>\n<p style=\"text-align: center;\"><a href=\"https:\/\/www.flickr.com\/photos\/asfema\/albums\/72157651801582690\">\u00c1lbum de la tercera edici\u00f3n<\/a><br \/>\n<a title=\"IV Ciclomarcha ASFEMA 2016\" href=\"https:\/\/www.flickr.com\/photos\/asfema\/albums\/72157665247101944\" data-flickr-embed=\"true\"><img decoding=\"async\" loading=\"lazy\" class=\"aligncenter\" src=\"https:\/\/c1.staticflickr.com\/2\/1720\/26038002503_148b3ceafa_m.jpg\" alt=\"IV Ciclomarcha ASFEMA 2016\" width=\"240\" height=\"160\" \/><\/a><script async=\"\" src=\"\/\/embedr.flickr.com\/assets\/client-code.js\" charset=\"utf-8\"><\/script><\/p>\n<p style=\"text-align: center;\">Album de la cuarta edici\u00f3n (pincha la imagen)<\/p>\n<p><a href=\"https:\/\/asfema.org\/blog\/wp-content\/uploads\/2017\/02\/Cartel-Ciclomarcha-2017b.png\"><img decoding=\"async\" loading=\"lazy\" class=\"wp-image-2781 aligncenter\" src=\"https:\/\/asfema.org\/blog\/wp-content\/uploads\/2017\/02\/Cartel-Ciclomarcha-2017b.png\" alt=\"\" width=\"192\" height=\"256\" \/><\/a><\/p>\n<p style=\"text-align: center;\"><a href=\"https:\/\/www.flickr.com\/photos\/asfema\/albums\/72157681399201642\">\u00c1lbum de la V edici\u00f3n<\/a><\/p>\n<hr \/>\n<h2><a name=\"8\"><\/a>9. Colaboran<\/h2>\n<p>Esta carrera no hubiera sido posible sin la desinteresada colaboraci\u00f3n de:<\/p>\n<div id='gallery-2' class='gallery galleryid-3555 gallery-columns-3 gallery-size-full'><figure class='gallery-item'>\n\t\t\t<div class='gallery-icon portrait'>\n\t\t\t\t<a href='https:\/\/asfema.org\/blog\/index.php\/vi-ciclomarcha-mtb-por-las-enfermedades-raras-metabolicas\/el-tiemblo\/'><img width=\"150\" height=\"242\" src=\"https:\/\/asfema.org\/blog\/wp-content\/uploads\/2018\/01\/el-tiemblo-e1516637632427.png\" class=\"attachment-full size-full\" alt=\"\" decoding=\"async\" aria-describedby=\"gallery-2-3560\" loading=\"lazy\" \/><\/a>\n\t\t\t<\/div>\n\t\t\t\t<figcaption class='wp-caption-text gallery-caption' id='gallery-2-3560'>\n\t\t\t\tExcmo. Ayuntamiento de El Tiemblo\n\t\t\t\t<\/figcaption><\/figure><figure class='gallery-item'>\n\t\t\t<div class='gallery-icon portrait'>\n\t\t\t\t<a href='https:\/\/asfema.org\/blog\/index.php\/v-ciclomarcha-mtb-por-las-enfermedades-raras-metabolicas\/escudo-proteccion-civil-290\/'><img width=\"117\" height=\"150\" src=\"https:\/\/asfema.org\/blog\/wp-content\/uploads\/2013\/03\/escudo-proteccion-civil-290-e1646411056725.jpg\" class=\"attachment-full size-full\" alt=\"\" decoding=\"async\" aria-describedby=\"gallery-2-957\" loading=\"lazy\" \/><\/a>\n\t\t\t<\/div>\n\t\t\t\t<figcaption class='wp-caption-text gallery-caption' id='gallery-2-957'>\n\t\t\t\tProtecci\u00f3n Civil\n\t\t\t\t<\/figcaption><\/figure><figure class='gallery-item'>\n\t\t\t<div class='gallery-icon landscape'>\n\t\t\t\t<a href='https:\/\/asfema.org\/blog\/index.php\/vi-ciclomarcha-mtb-por-las-enfermedades-raras-metabolicas\/logo-definitivo_2\/'><img width=\"800\" height=\"800\" src=\"https:\/\/asfema.org\/blog\/wp-content\/uploads\/2018\/01\/Logo-Definitivo_2-e1646411197511.jpg\" class=\"attachment-full size-full\" alt=\"\" decoding=\"async\" aria-describedby=\"gallery-2-3739\" loading=\"lazy\" srcset=\"https:\/\/asfema.org\/blog\/wp-content\/uploads\/2018\/01\/Logo-Definitivo_2-e1646411197511.jpg 800w, https:\/\/asfema.org\/blog\/wp-content\/uploads\/2018\/01\/Logo-Definitivo_2-e1646411197511-768x768.jpg 768w, https:\/\/asfema.org\/blog\/wp-content\/uploads\/2018\/01\/Logo-Definitivo_2-e1646411197511-600x600.jpg 600w, https:\/\/asfema.org\/blog\/wp-content\/uploads\/2018\/01\/Logo-Definitivo_2-e1646411197511-50x50.jpg 50w, https:\/\/asfema.org\/blog\/wp-content\/uploads\/2018\/01\/Logo-Definitivo_2-e1646411197511-125x125.jpg 125w, https:\/\/asfema.org\/blog\/wp-content\/uploads\/2018\/01\/Logo-Definitivo_2-e1646411197511-100x100.jpg 100w, https:\/\/asfema.org\/blog\/wp-content\/uploads\/2018\/01\/Logo-Definitivo_2-e1646411197511-250x250.jpg 250w\" sizes=\"(max-width: 800px) 100vw, 800px\" \/><\/a>\n\t\t\t<\/div>\n\t\t\t\t<figcaption class='wp-caption-text gallery-caption' id='gallery-2-3739'>\n\t\t\t\tAsociaci\u00f3n Amas de casa &#8220;Toros de Guisando&#8221;\n\t\t\t\t<\/figcaption><\/figure>\n\t\t<\/div>\n\n<hr \/>\n<h2><a name=\"9\"><\/a>10. Patrocinadores<\/h2>\n<p>&nbsp;<\/p>\n<div id='gallery-3' class='gallery galleryid-3555 gallery-columns-4 gallery-size-full'><figure class='gallery-item'>\n\t\t\t<div class='gallery-icon landscape'>\n\t\t\t\t<a href='https:\/\/asfema.org\/blog\/index.php\/v-ciclomarcha-mtb-por-las-enfermedades-raras-metabolicas\/logo-spiuk-cdr\/'><img width=\"200\" height=\"54\" src=\"https:\/\/asfema.org\/blog\/wp-content\/uploads\/2013\/04\/Logo-Spiuk.jpg\" class=\"attachment-full size-full\" alt=\"\" decoding=\"async\" loading=\"lazy\" \/><\/a>\n\t\t\t<\/div><\/figure><figure class='gallery-item'>\n\t\t\t<div class='gallery-icon landscape'>\n\t\t\t\t<a href='https:\/\/asfema.org\/blog\/index.php\/v-ciclomarcha-mtb-por-las-enfermedades-raras-metabolicas\/mariano001\/'><img width=\"200\" height=\"98\" src=\"https:\/\/asfema.org\/blog\/wp-content\/uploads\/2013\/03\/mariano001.jpg\" class=\"attachment-full size-full\" alt=\"\" decoding=\"async\" loading=\"lazy\" \/><\/a>\n\t\t\t<\/div><\/figure><figure class='gallery-item'>\n\t\t\t<div class='gallery-icon landscape'>\n\t\t\t\t<a href='https:\/\/asfema.org\/blog\/index.php\/v-ciclomarcha-mtb-por-las-enfermedades-raras-metabolicas\/logo-calmera\/'><img width=\"200\" height=\"92\" src=\"https:\/\/asfema.org\/blog\/wp-content\/uploads\/2013\/03\/Logo-Calmera.jpg\" class=\"attachment-full size-full\" alt=\"\" decoding=\"async\" loading=\"lazy\" \/><\/a>\n\t\t\t<\/div><\/figure><figure class='gallery-item'>\n\t\t\t<div class='gallery-icon landscape'>\n\t\t\t\t<a href='https:\/\/asfema.org\/blog\/index.php\/v-ciclomarcha-mtb-por-las-enfermedades-raras-metabolicas\/allianz\/'><img width=\"200\" height=\"113\" src=\"https:\/\/asfema.org\/blog\/wp-content\/uploads\/2013\/04\/ALLIANZ.jpg\" class=\"attachment-full size-full\" alt=\"Allianz\" decoding=\"async\" loading=\"lazy\" \/><\/a>\n\t\t\t<\/div><\/figure><figure class='gallery-item'>\n\t\t\t<div class='gallery-icon landscape'>\n\t\t\t\t<a href='https:\/\/asfema.org\/blog\/index.php\/v-ciclomarcha-mtb-por-las-enfermedades-raras-metabolicas\/samaniego\/'><img width=\"200\" height=\"98\" src=\"https:\/\/asfema.org\/blog\/wp-content\/uploads\/2013\/03\/samaniego.jpg\" class=\"attachment-full size-full\" alt=\"\" decoding=\"async\" loading=\"lazy\" \/><\/a>\n\t\t\t<\/div><\/figure><figure class='gallery-item'>\n\t\t\t<div class='gallery-icon landscape'>\n\t\t\t\t<a href='https:\/\/asfema.org\/blog\/index.php\/v-ciclomarcha-mtb-por-las-enfermedades-raras-metabolicas\/publasvegasweb\/'><img width=\"200\" height=\"72\" src=\"https:\/\/asfema.org\/blog\/wp-content\/uploads\/2013\/03\/publasvegasweb.jpg\" class=\"attachment-full size-full\" alt=\"\" decoding=\"async\" loading=\"lazy\" \/><\/a>\n\t\t\t<\/div><\/figure><figure class='gallery-item'>\n\t\t\t<div class='gallery-icon landscape'>\n\t\t\t\t<a href='https:\/\/asfema.org\/blog\/cocacolaweb\/'><img width=\"200\" height=\"70\" src=\"https:\/\/asfema.org\/blog\/wp-content\/uploads\/2013\/03\/COCACOLAweb.jpg\" class=\"attachment-full size-full\" alt=\"Coca Cola\" decoding=\"async\" loading=\"lazy\" \/><\/a>\n\t\t\t<\/div><\/figure><figure class='gallery-item'>\n\t\t\t<div class='gallery-icon landscape'>\n\t\t\t\t<a href='https:\/\/asfema.org\/blog\/index.php\/v-ciclomarcha-mtb-por-las-enfermedades-raras-metabolicas\/circular\/'><img width=\"200\" height=\"75\" src=\"https:\/\/asfema.org\/blog\/wp-content\/uploads\/2013\/04\/circular.jpg\" class=\"attachment-full size-full\" alt=\"\" decoding=\"async\" loading=\"lazy\" \/><\/a>\n\t\t\t<\/div><\/figure><figure class='gallery-item'>\n\t\t\t<div class='gallery-icon landscape'>\n\t\t\t\t<a href='https:\/\/asfema.org\/blog\/index.php\/iii-ciclomarcha-mtb-btt-por-las-enfermedades-raras-metabolicas\/cartel-galp-energia-40x60\/'><img width=\"2560\" height=\"1706\" src=\"https:\/\/asfema.org\/blog\/wp-content\/uploads\/2015\/02\/cartel-galp-energia-40x60-scaled.jpg\" class=\"attachment-full size-full\" alt=\"\" decoding=\"async\" loading=\"lazy\" srcset=\"https:\/\/asfema.org\/blog\/wp-content\/uploads\/2015\/02\/cartel-galp-energia-40x60-scaled.jpg 2560w, https:\/\/asfema.org\/blog\/wp-content\/uploads\/2015\/02\/cartel-galp-energia-40x60-768x512.jpg 768w, https:\/\/asfema.org\/blog\/wp-content\/uploads\/2015\/02\/cartel-galp-energia-40x60-1536x1024.jpg 1536w, https:\/\/asfema.org\/blog\/wp-content\/uploads\/2015\/02\/cartel-galp-energia-40x60-2048x1365.jpg 2048w\" sizes=\"(max-width: 2560px) 100vw, 2560px\" \/><\/a>\n\t\t\t<\/div><\/figure><figure class='gallery-item'>\n\t\t\t<div class='gallery-icon landscape'>\n\t\t\t\t<a href='https:\/\/asfema.org\/blog\/index.php\/v-ciclomarcha-mtb-por-las-enfermedades-raras-metabolicas\/joalte-jpeg\/'><img width=\"200\" height=\"174\" src=\"https:\/\/asfema.org\/blog\/wp-content\/uploads\/2013\/03\/JOALTE-jpeg.jpg\" class=\"attachment-full size-full\" alt=\"\" decoding=\"async\" loading=\"lazy\" \/><\/a>\n\t\t\t<\/div><\/figure><figure class='gallery-item'>\n\t\t\t<div class='gallery-icon landscape'>\n\t\t\t\t<a href='https:\/\/asfema.org\/blog\/index.php\/v-ciclomarcha-mtb-por-las-enfermedades-raras-metabolicas\/manso\/'><img width=\"200\" height=\"172\" src=\"https:\/\/asfema.org\/blog\/wp-content\/uploads\/2013\/03\/MANSO.jpg\" class=\"attachment-full size-full\" alt=\"\" decoding=\"async\" loading=\"lazy\" \/><\/a>\n\t\t\t<\/div><\/figure><figure class='gallery-item'>\n\t\t\t<div class='gallery-icon landscape'>\n\t\t\t\t<a href='https:\/\/asfema.org\/blog\/index.php\/ii-ciclomarcha-asfema-por-las-enfermedades-raras-metabolicas\/frutas-dilla\/'><img width=\"213\" height=\"141\" src=\"https:\/\/asfema.org\/blog\/wp-content\/uploads\/2014\/02\/FRUTAS-DILLA.jpg\" class=\"attachment-full size-full\" alt=\"\" decoding=\"async\" loading=\"lazy\" \/><\/a>\n\t\t\t<\/div><\/figure><figure class='gallery-item'>\n\t\t\t<div class='gallery-icon landscape'>\n\t\t\t\t<a href='https:\/\/asfema.org\/blog\/index.php\/v-ciclomarcha-mtb-por-las-enfermedades-raras-metabolicas\/logotipo-empresa-2\/'><img width=\"200\" height=\"176\" src=\"https:\/\/asfema.org\/blog\/wp-content\/uploads\/2013\/03\/Logotipo-empresa-2.jpg\" class=\"attachment-full size-full\" alt=\"\" decoding=\"async\" loading=\"lazy\" \/><\/a>\n\t\t\t<\/div><\/figure><figure class='gallery-item'>\n\t\t\t<div class='gallery-icon landscape'>\n\t\t\t\t<a href='https:\/\/asfema.org\/blog\/index.php\/iii-ciclomarcha-mtb-btt-por-las-enfermedades-raras-metabolicas\/cope-franja\/'><img width=\"1014\" height=\"709\" src=\"https:\/\/asfema.org\/blog\/wp-content\/uploads\/2015\/02\/COPE-FRANJA.jpg\" class=\"attachment-full size-full\" alt=\"COPE\" decoding=\"async\" loading=\"lazy\" srcset=\"https:\/\/asfema.org\/blog\/wp-content\/uploads\/2015\/02\/COPE-FRANJA.jpg 1014w, https:\/\/asfema.org\/blog\/wp-content\/uploads\/2015\/02\/COPE-FRANJA-768x537.jpg 768w\" sizes=\"(max-width: 1014px) 100vw, 1014px\" \/><\/a>\n\t\t\t<\/div><\/figure><figure class='gallery-item'>\n\t\t\t<div class='gallery-icon landscape'>\n\t\t\t\t<a href='https:\/\/asfema.org\/blog\/index.php\/ii-ciclomarcha-asfema-por-las-enfermedades-raras-metabolicas\/logo-2\/'><img width=\"300\" height=\"216\" src=\"https:\/\/asfema.org\/blog\/wp-content\/uploads\/2014\/02\/logo--e1395919963417.jpg\" class=\"attachment-full size-full\" alt=\"\" decoding=\"async\" loading=\"lazy\" \/><\/a>\n\t\t\t<\/div><\/figure><figure class='gallery-item'>\n\t\t\t<div class='gallery-icon landscape'>\n\t\t\t\t<a href='https:\/\/asfema.org\/blog\/index.php\/v-ciclomarcha-mtb-por-las-enfermedades-raras-metabolicas\/villa_navarro\/'><img width=\"1063\" height=\"650\" src=\"https:\/\/asfema.org\/blog\/wp-content\/uploads\/2017\/01\/Villa_Navarro.jpg\" class=\"attachment-full size-full\" alt=\"\" decoding=\"async\" loading=\"lazy\" srcset=\"https:\/\/asfema.org\/blog\/wp-content\/uploads\/2017\/01\/Villa_Navarro.jpg 1063w, https:\/\/asfema.org\/blog\/wp-content\/uploads\/2017\/01\/Villa_Navarro-768x470.jpg 768w\" sizes=\"(max-width: 1063px) 100vw, 1063px\" \/><\/a>\n\t\t\t<\/div><\/figure><figure class='gallery-item'>\n\t\t\t<div class='gallery-icon landscape'>\n\t\t\t\t<a href='https:\/\/asfema.org\/blog\/index.php\/ii-ciclomarcha-asfema-por-las-enfermedades-raras-metabolicas\/nuevomar1\/'><img width=\"300\" height=\"84\" src=\"https:\/\/asfema.org\/blog\/wp-content\/uploads\/2014\/02\/Nuevomar1-e1395920414282.jpg\" class=\"attachment-full size-full\" alt=\"\" decoding=\"async\" loading=\"lazy\" \/><\/a>\n\t\t\t<\/div><\/figure><figure class='gallery-item'>\n\t\t\t<div class='gallery-icon landscape'>\n\t\t\t\t<a href='https:\/\/asfema.org\/blog\/index.php\/v-ciclomarcha-mtb-por-las-enfermedades-raras-metabolicas\/mahou\/'><img width=\"200\" height=\"108\" src=\"https:\/\/asfema.org\/blog\/wp-content\/uploads\/2013\/04\/mahou.jpg\" class=\"attachment-full size-full\" alt=\"\" decoding=\"async\" loading=\"lazy\" \/><\/a>\n\t\t\t<\/div><\/figure><figure class='gallery-item'>\n\t\t\t<div class='gallery-icon landscape'>\n\t\t\t\t<a href='https:\/\/asfema.org\/blog\/index.php\/ii-ciclomarcha-asfema-por-las-enfermedades-raras-metabolicas\/mibikes\/'><img width=\"400\" height=\"188\" src=\"https:\/\/asfema.org\/blog\/wp-content\/uploads\/2014\/02\/mibikes-e1395920088454.jpg\" class=\"attachment-full size-full\" alt=\"\" decoding=\"async\" loading=\"lazy\" \/><\/a>\n\t\t\t<\/div><\/figure><figure class='gallery-item'>\n\t\t\t<div class='gallery-icon landscape'>\n\t\t\t\t<a href='https:\/\/asfema.org\/blog\/index.php\/iii-ciclomarcha-mtb-btt-por-las-enfermedades-raras-metabolicas\/merida_logo_portrait_14_rgb_rz\/'><img width=\"704\" height=\"248\" src=\"https:\/\/asfema.org\/blog\/wp-content\/uploads\/2015\/02\/MERIDA_LOGO_PORTRAIT_14_RGB_RZ.jpg\" class=\"attachment-full size-full\" alt=\"\" decoding=\"async\" loading=\"lazy\" \/><\/a>\n\t\t\t<\/div><\/figure><figure class='gallery-item'>\n\t\t\t<div class='gallery-icon landscape'>\n\t\t\t\t<a href='https:\/\/asfema.org\/blog\/index.php\/v-ciclomarcha-mtb-por-las-enfermedades-raras-metabolicas\/nutriciametabolicos\/'><img width=\"595\" height=\"278\" src=\"https:\/\/asfema.org\/blog\/wp-content\/uploads\/2017\/01\/nutriciametabolicos.png\" class=\"attachment-full size-full\" alt=\"\" decoding=\"async\" loading=\"lazy\" \/><\/a>\n\t\t\t<\/div><\/figure><figure class='gallery-item'>\n\t\t\t<div class='gallery-icon landscape'>\n\t\t\t\t<a href='https:\/\/asfema.org\/blog\/index.php\/v-ciclomarcha-mtb-por-las-enfermedades-raras-metabolicas\/grafquinones-2\/'><img width=\"200\" height=\"114\" src=\"https:\/\/asfema.org\/blog\/wp-content\/uploads\/2013\/03\/GrafQuinones.jpg\" class=\"attachment-full size-full\" alt=\"\" decoding=\"async\" aria-describedby=\"gallery-3-981\" loading=\"lazy\" \/><\/a>\n\t\t\t<\/div>\n\t\t\t\t<figcaption class='wp-caption-text gallery-caption' id='gallery-3-981'>\n\t\t\t\tQui\u00f1ones\n\t\t\t\t<\/figcaption><\/figure><figure class='gallery-item'>\n\t\t\t<div class='gallery-icon landscape'>\n\t\t\t\t<a href='https:\/\/asfema.org\/blog\/index.php\/v-ciclomarcha-mtb-por-las-enfermedades-raras-metabolicas\/abmavicarnesweb\/'><img width=\"200\" height=\"124\" src=\"https:\/\/asfema.org\/blog\/wp-content\/uploads\/2013\/03\/abmavicarnesweb.jpg\" class=\"attachment-full size-full\" alt=\"\" decoding=\"async\" loading=\"lazy\" \/><\/a>\n\t\t\t<\/div><\/figure><figure class='gallery-item'>\n\t\t\t<div class='gallery-icon landscape'>\n\t\t\t\t<a href='https:\/\/asfema.org\/blog\/index.php\/v-ciclomarcha-mtb-por-las-enfermedades-raras-metabolicas\/karacolweb\/'><img width=\"200\" height=\"106\" src=\"https:\/\/asfema.org\/blog\/wp-content\/uploads\/2013\/03\/Karacolweb.jpg\" class=\"attachment-full size-full\" alt=\"\" decoding=\"async\" loading=\"lazy\" \/><\/a>\n\t\t\t<\/div><\/figure><figure class='gallery-item'>\n\t\t\t<div class='gallery-icon portrait'>\n\t\t\t\t<a href='https:\/\/asfema.org\/blog\/index.php\/v-ciclomarcha-mtb-por-las-enfermedades-raras-metabolicas\/calahorra\/'><img width=\"200\" height=\"294\" src=\"https:\/\/asfema.org\/blog\/wp-content\/uploads\/2013\/03\/calahorra.jpg\" class=\"attachment-full size-full\" alt=\"\" decoding=\"async\" loading=\"lazy\" \/><\/a>\n\t\t\t<\/div><\/figure><figure class='gallery-item'>\n\t\t\t<div class='gallery-icon portrait'>\n\t\t\t\t<a href='https:\/\/asfema.org\/blog\/index.php\/v-ciclomarcha-mtb-por-las-enfermedades-raras-metabolicas\/hervas\/'><img width=\"200\" height=\"293\" src=\"https:\/\/asfema.org\/blog\/wp-content\/uploads\/2013\/03\/hervas.jpg\" class=\"attachment-full size-full\" alt=\"\" decoding=\"async\" loading=\"lazy\" \/><\/a>\n\t\t\t<\/div><\/figure><figure class='gallery-item'>\n\t\t\t<div class='gallery-icon portrait'>\n\t\t\t\t<a href='https:\/\/asfema.org\/blog\/index.php\/v-ciclomarcha-mtb-por-las-enfermedades-raras-metabolicas\/angel\/'><img width=\"200\" height=\"216\" src=\"https:\/\/asfema.org\/blog\/wp-content\/uploads\/2013\/03\/angel.jpg\" class=\"attachment-full size-full\" alt=\"\" decoding=\"async\" loading=\"lazy\" \/><\/a>\n\t\t\t<\/div><\/figure><figure class='gallery-item'>\n\t\t\t<div class='gallery-icon portrait'>\n\t\t\t\t<a href='https:\/\/asfema.org\/blog\/index.php\/v-ciclomarcha-mtb-por-las-enfermedades-raras-metabolicas\/scanned-document\/'><img width=\"200\" height=\"240\" src=\"https:\/\/asfema.org\/blog\/wp-content\/uploads\/2013\/04\/ciclos-delicias.jpg\" class=\"attachment-full size-full\" alt=\"\" decoding=\"async\" loading=\"lazy\" \/><\/a>\n\t\t\t<\/div><\/figure><figure class='gallery-item'>\n\t\t\t<div class='gallery-icon landscape'>\n\t\t\t\t<a href='https:\/\/asfema.org\/blog\/index.php\/ii-ciclomarcha-asfema-por-las-enfermedades-raras-metabolicas\/burgersnoopy\/'><img width=\"730\" height=\"499\" src=\"https:\/\/asfema.org\/blog\/wp-content\/uploads\/2014\/02\/BurgerSnoopy.jpg\" class=\"attachment-full size-full\" alt=\"\" decoding=\"async\" loading=\"lazy\" \/><\/a>\n\t\t\t<\/div><\/figure><figure class='gallery-item'>\n\t\t\t<div class='gallery-icon landscape'>\n\t\t\t\t<a href='https:\/\/asfema.org\/blog\/index.php\/ii-ciclomarcha-asfema-por-las-enfermedades-raras-metabolicas\/maderas\/'><img width=\"350\" height=\"200\" src=\"https:\/\/asfema.org\/blog\/wp-content\/uploads\/2014\/02\/Maderas-e1396553612301.jpg\" class=\"attachment-full size-full\" alt=\"\" decoding=\"async\" loading=\"lazy\" \/><\/a>\n\t\t\t<\/div><\/figure><figure class='gallery-item'>\n\t\t\t<div class='gallery-icon landscape'>\n\t\t\t\t<a href='https:\/\/asfema.org\/blog\/index.php\/v-ciclomarcha-mtb-por-las-enfermedades-raras-metabolicas\/logocompleto_sobreblanco_2\/'><img width=\"225\" height=\"186\" src=\"https:\/\/asfema.org\/blog\/wp-content\/uploads\/2017\/01\/mammoth-e1516697090643.jpg\" class=\"attachment-full size-full\" alt=\"\" decoding=\"async\" loading=\"lazy\" \/><\/a>\n\t\t\t<\/div><\/figure><figure class='gallery-item'>\n\t\t\t<div class='gallery-icon landscape'>\n\t\t\t\t<a href='https:\/\/asfema.org\/blog\/index.php\/ii-ciclomarcha-asfema-por-las-enfermedades-raras-metabolicas\/avibike\/'><img width=\"591\" height=\"418\" src=\"https:\/\/asfema.org\/blog\/wp-content\/uploads\/2014\/02\/Avibike.jpg\" class=\"attachment-full size-full\" alt=\"avibike\" decoding=\"async\" loading=\"lazy\" \/><\/a>\n\t\t\t<\/div><\/figure><figure class='gallery-item'>\n\t\t\t<div class='gallery-icon landscape'>\n\t\t\t\t<a href='https:\/\/asfema.org\/blog\/index.php\/v-ciclomarcha-mtb-por-las-enfermedades-raras-metabolicas\/correveidileweb\/'><img width=\"200\" height=\"39\" src=\"https:\/\/asfema.org\/blog\/wp-content\/uploads\/2013\/03\/correveidileweb.jpg\" class=\"attachment-full size-full\" alt=\"correveidile\" decoding=\"async\" loading=\"lazy\" \/><\/a>\n\t\t\t<\/div><\/figure><figure class='gallery-item'>\n\t\t\t<div class='gallery-icon landscape'>\n\t\t\t\t<a href='https:\/\/asfema.org\/blog\/index.php\/ii-ciclomarcha-asfema-por-las-enfermedades-raras-metabolicas\/nuevomar2\/'><img width=\"200\" height=\"45\" src=\"https:\/\/asfema.org\/blog\/wp-content\/uploads\/2014\/02\/Nuevomar2-e1396553759832.jpg\" class=\"attachment-full size-full\" alt=\"\" decoding=\"async\" loading=\"lazy\" \/><\/a>\n\t\t\t<\/div><\/figure><figure class='gallery-item'>\n\t\t\t<div class='gallery-icon landscape'>\n\t\t\t\t<a href='https:\/\/asfema.org\/blog\/index.php\/v-ciclomarcha-mtb-por-las-enfermedades-raras-metabolicas\/logotipo-crclm-color-negativo\/'><img width=\"1910\" height=\"502\" src=\"https:\/\/asfema.org\/blog\/wp-content\/uploads\/2017\/01\/LOGOTIPO-OFICIAL.jpg\" class=\"attachment-full size-full\" alt=\"\" decoding=\"async\" loading=\"lazy\" srcset=\"https:\/\/asfema.org\/blog\/wp-content\/uploads\/2017\/01\/LOGOTIPO-OFICIAL.jpg 1910w, https:\/\/asfema.org\/blog\/wp-content\/uploads\/2017\/01\/LOGOTIPO-OFICIAL-768x202.jpg 768w, https:\/\/asfema.org\/blog\/wp-content\/uploads\/2017\/01\/LOGOTIPO-OFICIAL-1536x404.jpg 1536w\" sizes=\"(max-width: 1910px) 100vw, 1910px\" \/><\/a>\n\t\t\t<\/div><\/figure><figure class='gallery-item'>\n\t\t\t<div class='gallery-icon landscape'>\n\t\t\t\t<a href='https:\/\/asfema.org\/blog\/index.php\/ii-ciclomarcha-asfema-por-las-enfermedades-raras-metabolicas\/screenclip-2-3\/'><img width=\"200\" height=\"45\" src=\"https:\/\/asfema.org\/blog\/wp-content\/uploads\/2014\/02\/ScreenClip-2-e1395920016152.png\" class=\"attachment-full size-full\" alt=\"\" decoding=\"async\" loading=\"lazy\" \/><\/a>\n\t\t\t<\/div><\/figure><figure class='gallery-item'>\n\t\t\t<div class='gallery-icon landscape'>\n\t\t\t\t<a href='https:\/\/asfema.org\/blog\/index.php\/v-ciclomarcha-mtb-por-las-enfermedades-raras-metabolicas\/victornieto\/'><img width=\"200\" height=\"68\" src=\"https:\/\/asfema.org\/blog\/wp-content\/uploads\/2013\/03\/VICTORNIETO.jpg\" class=\"attachment-full size-full\" alt=\"\" decoding=\"async\" loading=\"lazy\" \/><\/a>\n\t\t\t<\/div><\/figure><figure class='gallery-item'>\n\t\t\t<div class='gallery-icon landscape'>\n\t\t\t\t<a href='https:\/\/asfema.org\/blog\/index.php\/v-ciclomarcha-mtb-por-las-enfermedades-raras-metabolicas\/logofruiver\/'><img width=\"200\" height=\"80\" src=\"https:\/\/asfema.org\/blog\/wp-content\/uploads\/2013\/03\/logoFruiver.jpg\" class=\"attachment-full size-full\" alt=\"\" decoding=\"async\" loading=\"lazy\" \/><\/a>\n\t\t\t<\/div><\/figure><figure class='gallery-item'>\n\t\t\t<div class='gallery-icon landscape'>\n\t\t\t\t<a href='https:\/\/asfema.org\/blog\/index.php\/v-ciclomarcha-mtb-por-las-enfermedades-raras-metabolicas\/la-galeria001\/'><img width=\"200\" height=\"70\" src=\"https:\/\/asfema.org\/blog\/wp-content\/uploads\/2013\/03\/la-galeria001.jpg\" class=\"attachment-full size-full\" alt=\"\" decoding=\"async\" loading=\"lazy\" \/><\/a>\n\t\t\t<\/div><\/figure><figure class='gallery-item'>\n\t\t\t<div class='gallery-icon landscape'>\n\t\t\t\t<a href='https:\/\/asfema.org\/blog\/scanned-document-2\/'><img width=\"200\" height=\"64\" src=\"https:\/\/asfema.org\/blog\/wp-content\/uploads\/2013\/04\/clinica-dental.jpg\" class=\"attachment-full size-full\" alt=\"dentales\" decoding=\"async\" loading=\"lazy\" \/><\/a>\n\t\t\t<\/div><\/figure><figure class='gallery-item'>\n\t\t\t<div class='gallery-icon landscape'>\n\t\t\t\t<a href='https:\/\/asfema.org\/blog\/index.php\/v-ciclomarcha-mtb-por-las-enfermedades-raras-metabolicas\/gallego\/'><img width=\"150\" height=\"84\" src=\"https:\/\/asfema.org\/blog\/wp-content\/uploads\/2013\/03\/gallego-e1395920320304.jpg\" class=\"attachment-full size-full\" alt=\"\" decoding=\"async\" loading=\"lazy\" \/><\/a>\n\t\t\t<\/div><\/figure><figure class='gallery-item'>\n\t\t\t<div class='gallery-icon landscape'>\n\t\t\t\t<a href='https:\/\/asfema.org\/blog\/index.php\/v-ciclomarcha-mtb-por-las-enfermedades-raras-metabolicas\/purpleok\/'><img width=\"200\" height=\"117\" src=\"https:\/\/asfema.org\/blog\/wp-content\/uploads\/2013\/03\/purpleok.jpg\" class=\"attachment-full size-full\" alt=\"\" decoding=\"async\" loading=\"lazy\" \/><\/a>\n\t\t\t<\/div><\/figure><figure class='gallery-item'>\n\t\t\t<div class='gallery-icon landscape'>\n\t\t\t\t<a href='https:\/\/asfema.org\/blog\/index.php\/v-ciclomarcha-mtb-por-las-enfermedades-raras-metabolicas\/clinica-carol\/'><img width=\"200\" height=\"85\" src=\"https:\/\/asfema.org\/blog\/wp-content\/uploads\/2013\/04\/clinica-carol.jpg\" class=\"attachment-full size-full\" alt=\"\" decoding=\"async\" loading=\"lazy\" \/><\/a>\n\t\t\t<\/div><\/figure><figure class='gallery-item'>\n\t\t\t<div class='gallery-icon landscape'>\n\t\t\t\t<a href='https:\/\/asfema.org\/blog\/index.php\/v-ciclomarcha-mtb-por-las-enfermedades-raras-metabolicas\/jm001\/'><img width=\"200\" height=\"88\" src=\"https:\/\/asfema.org\/blog\/wp-content\/uploads\/2013\/03\/jm001.jpg\" class=\"attachment-full size-full\" alt=\"\" decoding=\"async\" loading=\"lazy\" \/><\/a>\n\t\t\t<\/div><\/figure><figure class='gallery-item'>\n\t\t\t<div class='gallery-icon landscape'>\n\t\t\t\t<a href='https:\/\/asfema.org\/blog\/index.php\/v-ciclomarcha-mtb-por-las-enfermedades-raras-metabolicas\/logo-garralon-1\/'><img width=\"200\" height=\"126\" src=\"https:\/\/asfema.org\/blog\/wp-content\/uploads\/2013\/03\/logo-garralon-1-e1363702169308.jpg\" class=\"attachment-full size-full\" alt=\"\" decoding=\"async\" loading=\"lazy\" \/><\/a>\n\t\t\t<\/div><\/figure><figure class='gallery-item'>\n\t\t\t<div class='gallery-icon landscape'>\n\t\t\t\t<a href='https:\/\/asfema.org\/blog\/index.php\/v-ciclomarcha-mtb-por-las-enfermedades-raras-metabolicas\/leonardi-factory\/'><img width=\"300\" height=\"196\" src=\"https:\/\/asfema.org\/blog\/wp-content\/uploads\/2017\/01\/Leonardi-factory.png\" class=\"attachment-full size-full\" alt=\"\" decoding=\"async\" loading=\"lazy\" \/><\/a>\n\t\t\t<\/div><\/figure><figure class='gallery-item'>\n\t\t\t<div class='gallery-icon landscape'>\n\t\t\t\t<a href='https:\/\/asfema.org\/blog\/index.php\/iii-ciclomarcha-mtb-btt-por-las-enfermedades-raras-metabolicas\/logo-peyro-1\/'><img width=\"150\" height=\"150\" src=\"https:\/\/asfema.org\/blog\/wp-content\/uploads\/2015\/02\/Logo-PEYRO-1.png\" class=\"attachment-full size-full\" alt=\"\" decoding=\"async\" loading=\"lazy\" srcset=\"https:\/\/asfema.org\/blog\/wp-content\/uploads\/2015\/02\/Logo-PEYRO-1.png 150w, https:\/\/asfema.org\/blog\/wp-content\/uploads\/2015\/02\/Logo-PEYRO-1-50x50.png 50w, https:\/\/asfema.org\/blog\/wp-content\/uploads\/2015\/02\/Logo-PEYRO-1-125x125.png 125w, https:\/\/asfema.org\/blog\/wp-content\/uploads\/2015\/02\/Logo-PEYRO-1-100x100.png 100w\" sizes=\"(max-width: 150px) 100vw, 150px\" \/><\/a>\n\t\t\t<\/div><\/figure><figure class='gallery-item'>\n\t\t\t<div class='gallery-icon landscape'>\n\t\t\t\t<a href='https:\/\/asfema.org\/blog\/logo-manguan\/'><img width=\"200\" height=\"182\" src=\"https:\/\/asfema.org\/blog\/wp-content\/uploads\/2013\/03\/logo-manguan.jpg\" class=\"attachment-full size-full\" alt=\"\" decoding=\"async\" loading=\"lazy\" \/><\/a>\n\t\t\t<\/div><\/figure><figure class='gallery-item'>\n\t\t\t<div class='gallery-icon landscape'>\n\t\t\t\t<a href='https:\/\/asfema.org\/blog\/index.php\/iv-ciclomarcha-asfema-mtb-btt-por-las-enfermedades-raras-metabolicas\/mevalia_logo_lp\/'><img width=\"575\" height=\"250\" src=\"https:\/\/asfema.org\/blog\/wp-content\/uploads\/2016\/01\/Mevalia_Logo_LP.jpg\" class=\"attachment-full size-full\" alt=\"mevalia\" decoding=\"async\" loading=\"lazy\" \/><\/a>\n\t\t\t<\/div><\/figure><figure class='gallery-item'>\n\t\t\t<div class='gallery-icon landscape'>\n\t\t\t\t<a href='https:\/\/asfema.org\/blog\/index.php\/v-ciclomarcha-mtb-por-las-enfermedades-raras-metabolicas\/papeleriacandil-2\/'><img width=\"200\" height=\"80\" src=\"https:\/\/asfema.org\/blog\/wp-content\/uploads\/2013\/03\/papeleriacandil.jpg\" class=\"attachment-full size-full\" alt=\"\" decoding=\"async\" loading=\"lazy\" \/><\/a>\n\t\t\t<\/div><\/figure><figure class='gallery-item'>\n\t\t\t<div class='gallery-icon landscape'>\n\t\t\t\t<a href='https:\/\/asfema.org\/blog\/index.php\/v-ciclomarcha-mtb-por-las-enfermedades-raras-metabolicas\/golpedepedal\/'><img width=\"200\" height=\"69\" src=\"https:\/\/asfema.org\/blog\/wp-content\/uploads\/2013\/04\/GolpeDePedal.jpg\" class=\"attachment-full size-full\" alt=\"\" decoding=\"async\" loading=\"lazy\" \/><\/a>\n\t\t\t<\/div><\/figure><figure class='gallery-item'>\n\t\t\t<div class='gallery-icon landscape'>\n\t\t\t\t<a href='https:\/\/asfema.org\/blog\/decathlon\/'><img width=\"2560\" height=\"640\" src=\"https:\/\/asfema.org\/blog\/wp-content\/uploads\/2018\/04\/Decathlon-avila-scaled.jpg\" class=\"attachment-full size-full\" alt=\"\" decoding=\"async\" loading=\"lazy\" srcset=\"https:\/\/asfema.org\/blog\/wp-content\/uploads\/2018\/04\/Decathlon-avila-scaled.jpg 2560w, https:\/\/asfema.org\/blog\/wp-content\/uploads\/2018\/04\/Decathlon-avila-768x192.jpg 768w, https:\/\/asfema.org\/blog\/wp-content\/uploads\/2018\/04\/Decathlon-avila-1536x384.jpg 1536w, https:\/\/asfema.org\/blog\/wp-content\/uploads\/2018\/04\/Decathlon-avila-2048x512.jpg 2048w\" sizes=\"(max-width: 2560px) 100vw, 2560px\" \/><\/a>\n\t\t\t<\/div><\/figure><figure class='gallery-item'>\n\t\t\t<div class='gallery-icon portrait'>\n\t\t\t\t<a href='https:\/\/asfema.org\/blog\/jamones-santiago-garcia\/'><img width=\"822\" height=\"1172\" src=\"https:\/\/asfema.org\/blog\/wp-content\/uploads\/2018\/04\/Jamones-Santiago-Garcia.jpg\" class=\"attachment-full size-full\" alt=\"\" decoding=\"async\" loading=\"lazy\" srcset=\"https:\/\/asfema.org\/blog\/wp-content\/uploads\/2018\/04\/Jamones-Santiago-Garcia.jpg 822w, https:\/\/asfema.org\/blog\/wp-content\/uploads\/2018\/04\/Jamones-Santiago-Garcia-768x1095.jpg 768w\" sizes=\"(max-width: 822px) 100vw, 822px\" \/><\/a>\n\t\t\t<\/div><\/figure><figure class='gallery-item'>\n\t\t\t<div class='gallery-icon portrait'>\n\t\t\t\t<a href='https:\/\/asfema.org\/blog\/index.php\/v-ciclomarcha-mtb-por-las-enfermedades-raras-metabolicas\/tubular-tarjetas-1\/'><img width=\"150\" height=\"186\" src=\"https:\/\/asfema.org\/blog\/wp-content\/uploads\/2017\/01\/tubular-TARJETAS-1-e1486075578999.jpg\" class=\"attachment-full size-full\" alt=\"\" decoding=\"async\" loading=\"lazy\" \/><\/a>\n\t\t\t<\/div><\/figure><figure class='gallery-item'>\n\t\t\t<div class='gallery-icon landscape'>\n\t\t\t\t<a href='https:\/\/asfema.org\/blog\/index.php\/iv-ciclomarcha-asfema-mtb-btt-por-las-enfermedades-raras-metabolicas\/generali\/'><img width=\"113\" height=\"113\" src=\"https:\/\/asfema.org\/blog\/wp-content\/uploads\/2016\/01\/generali-e1516696241710.png\" class=\"attachment-full size-full\" alt=\"Generali\" decoding=\"async\" loading=\"lazy\" srcset=\"https:\/\/asfema.org\/blog\/wp-content\/uploads\/2016\/01\/generali-e1516696241710.png 113w, https:\/\/asfema.org\/blog\/wp-content\/uploads\/2016\/01\/generali-e1516696241710-50x50.png 50w, https:\/\/asfema.org\/blog\/wp-content\/uploads\/2016\/01\/generali-e1516696241710-100x100.png 100w\" sizes=\"(max-width: 113px) 100vw, 113px\" \/><\/a>\n\t\t\t<\/div><\/figure><figure class='gallery-item'>\n\t\t\t<div class='gallery-icon landscape'>\n\t\t\t\t<a href='https:\/\/asfema.org\/blog\/logo-azcaray\/'><img width=\"1772\" height=\"1772\" src=\"https:\/\/asfema.org\/blog\/wp-content\/uploads\/2018\/04\/Logo-azcaray.jpg\" class=\"attachment-full size-full\" alt=\"\" decoding=\"async\" loading=\"lazy\" srcset=\"https:\/\/asfema.org\/blog\/wp-content\/uploads\/2018\/04\/Logo-azcaray.jpg 1772w, https:\/\/asfema.org\/blog\/wp-content\/uploads\/2018\/04\/Logo-azcaray-768x768.jpg 768w, https:\/\/asfema.org\/blog\/wp-content\/uploads\/2018\/04\/Logo-azcaray-1536x1536.jpg 1536w, https:\/\/asfema.org\/blog\/wp-content\/uploads\/2018\/04\/Logo-azcaray-600x600.jpg 600w, https:\/\/asfema.org\/blog\/wp-content\/uploads\/2018\/04\/Logo-azcaray-50x50.jpg 50w, https:\/\/asfema.org\/blog\/wp-content\/uploads\/2018\/04\/Logo-azcaray-125x125.jpg 125w, https:\/\/asfema.org\/blog\/wp-content\/uploads\/2018\/04\/Logo-azcaray-100x100.jpg 100w, https:\/\/asfema.org\/blog\/wp-content\/uploads\/2018\/04\/Logo-azcaray-250x250.jpg 250w\" sizes=\"(max-width: 1772px) 100vw, 1772px\" \/><\/a>\n\t\t\t<\/div><\/figure><figure class='gallery-item'>\n\t\t\t<div class='gallery-icon landscape'>\n\t\t\t\t<a href='https:\/\/asfema.org\/blog\/index.php\/v-ciclomarcha-mtb-por-las-enfermedades-raras-metabolicas\/master_logo_jesus_yuste-2\/'><img width=\"2560\" height=\"1707\" src=\"https:\/\/asfema.org\/blog\/wp-content\/uploads\/2017\/01\/MASTER_LOGO_JESUS_YUSTE-1-scaled.jpg\" class=\"attachment-full size-full\" alt=\"\" decoding=\"async\" loading=\"lazy\" srcset=\"https:\/\/asfema.org\/blog\/wp-content\/uploads\/2017\/01\/MASTER_LOGO_JESUS_YUSTE-1-scaled.jpg 2560w, https:\/\/asfema.org\/blog\/wp-content\/uploads\/2017\/01\/MASTER_LOGO_JESUS_YUSTE-1-768x512.jpg 768w, https:\/\/asfema.org\/blog\/wp-content\/uploads\/2017\/01\/MASTER_LOGO_JESUS_YUSTE-1-1536x1024.jpg 1536w, https:\/\/asfema.org\/blog\/wp-content\/uploads\/2017\/01\/MASTER_LOGO_JESUS_YUSTE-1-2048x1366.jpg 2048w\" sizes=\"(max-width: 2560px) 100vw, 2560px\" \/><\/a>\n\t\t\t<\/div><\/figure><figure class='gallery-item'>\n\t\t\t<div class='gallery-icon landscape'>\n\t\t\t\t<a href='https:\/\/asfema.org\/blog\/index.php\/iii-ciclomarcha-mtb-btt-por-las-enfermedades-raras-metabolicas\/frutas-mayde\/'><img width=\"921\" height=\"412\" src=\"https:\/\/asfema.org\/blog\/wp-content\/uploads\/2015\/02\/frutas-mayde.jpg\" class=\"attachment-full size-full\" alt=\"\" decoding=\"async\" loading=\"lazy\" srcset=\"https:\/\/asfema.org\/blog\/wp-content\/uploads\/2015\/02\/frutas-mayde.jpg 921w, https:\/\/asfema.org\/blog\/wp-content\/uploads\/2015\/02\/frutas-mayde-768x344.jpg 768w\" sizes=\"(max-width: 921px) 100vw, 921px\" \/><\/a>\n\t\t\t<\/div><\/figure><figure class='gallery-item'>\n\t\t\t<div class='gallery-icon landscape'>\n\t\t\t\t<a href='https:\/\/asfema.org\/blog\/nautica-burguillo\/'><img width=\"970\" height=\"266\" src=\"https:\/\/asfema.org\/blog\/wp-content\/uploads\/2018\/04\/Nautica-Burguillo-e1523880695966.jpg\" class=\"attachment-full size-full\" alt=\"\" decoding=\"async\" loading=\"lazy\" srcset=\"https:\/\/asfema.org\/blog\/wp-content\/uploads\/2018\/04\/Nautica-Burguillo-e1523880695966.jpg 970w, https:\/\/asfema.org\/blog\/wp-content\/uploads\/2018\/04\/Nautica-Burguillo-e1523880695966-768x211.jpg 768w\" sizes=\"(max-width: 970px) 100vw, 970px\" \/><\/a>\n\t\t\t<\/div><\/figure>\n\t\t<\/div>\n\n<hr \/>\n<h2><a name=\"10\"><\/a> 11. Contacto<\/h2>\n<p>Dudas, sugerencias y contactoSi tienes cualquier pregunta o sugerencia que hacernos, no dudes en enviar un email a la direcci\u00f3n <a title=\"Contacto Asfema\" href=\"mailto:contacto@asfema.org\" target=\"_blank\" rel=\"noopener noreferrer\">contacto@asfema.org<\/a><em>.<\/em><\/p>\n<p><em>ADVERTENCIA: Durante la ciclomarcha se tomar\u00e1n fotos y se realizar\u00e1n varias grabaciones video. En cumplimiento de la Ley 15\/1999 de Protecci\u00f3n de Datos de Car\u00e1cter Personal, informamos a los asociados y participantes del evento que podr\u00e1n tomarse im\u00e1genes del mismo para su publicaci\u00f3n en medios de difusi\u00f3n de la entidad. Puede ejercitar sus derechos de Acceso, Rectificaci\u00f3n, Cancelaci\u00f3n y Oposici\u00f3n, ante Asociaci\u00f3n de Fenilceton\u00faricos y Otros Trastornos Metab\u00f3licos ASFEMA, con direcci\u00f3n en C\/ Costa del Sol 11, local 1, 28033, Madrid, adjuntando fotocopia de su DNI.<br \/>\n<\/em><\/p>\n","protected":false},"excerpt":{"rendered":"<p>Asfema organiza en El Tiemblo (\u00c1vila) la VI Ciclomarcha MTB por las Enfermedades Raras Metab\u00f3licas Formulario de Inscripci\u00f3n Caracter\u00edsticas Sorteos, Actividades y Regalos Participaci\u00f3n de Famosos del Ciclismo Recorrido de la Prueba y Perfiles Recogida de Dorsales Fila Cero en beneficio de Asfema Fotos de las ediciones pasadas Colaboran Patrocinadores Contacto ASFEMA, Asociaci\u00f3n de Fenilceton\u00faricos &hellip;<\/p>\n<p class=\"read-more\"> <a class=\"\" href=\"https:\/\/asfema.org\/blog\/index.php\/vi-ciclomarcha-mtb-por-las-enfermedades-raras-metabolicas\/\"> <span class=\"screen-reader-text\">VI CICLOMARCHA MTB POR LAS ENFERMEDADES RARAS METAB\u00d3LICAS<\/span> Read More &raquo;<\/a><\/p>\n","protected":false},"author":2,"featured_media":0,"parent":0,"menu_order":0,"comment_status":"closed","ping_status":"closed","template":"","meta":{"site-sidebar-layout":"default","site-content-layout":"default","ast-global-header-display":"","ast-banner-title-visibility":"","ast-main-header-display":"","ast-hfb-above-header-display":"","ast-hfb-below-header-display":"","ast-hfb-mobile-header-display":"","site-post-title":"","ast-breadcrumbs-content":"","ast-featured-img":"","footer-sml-layout":"","theme-transparent-header-meta":"","adv-header-id-meta":"","stick-header-meta":"","header-above-stick-meta":"","header-main-stick-meta":"","header-below-stick-meta":"","footnotes":""},"acf":[],"_links":{"self":[{"href":"https:\/\/asfema.org\/blog\/index.php\/wp-json\/wp\/v2\/pages\/3555"}],"collection":[{"href":"https:\/\/asfema.org\/blog\/index.php\/wp-json\/wp\/v2\/pages"}],"about":[{"href":"https:\/\/asfema.org\/blog\/index.php\/wp-json\/wp\/v2\/types\/page"}],"author":[{"embeddable":true,"href":"https:\/\/asfema.org\/blog\/index.php\/wp-json\/wp\/v2\/users\/2"}],"replies":[{"embeddable":true,"href":"https:\/\/asfema.org\/blog\/index.php\/wp-json\/wp\/v2\/comments?post=3555"}],"version-history":[{"count":39,"href":"https:\/\/asfema.org\/blog\/index.php\/wp-json\/wp\/v2\/pages\/3555\/revisions"}],"predecessor-version":[{"id":3790,"href":"https:\/\/asfema.org\/blog\/index.php\/wp-json\/wp\/v2\/pages\/3555\/revisions\/3790"}],"wp:attachment":[{"href":"https:\/\/asfema.org\/blog\/index.php\/wp-json\/wp\/v2\/media?parent=3555"}],"curies":[{"name":"wp","href":"https:\/\/api.w.org\/{rel}","templated":true}]}}